{"id":27121,"date":"2023-10-13T18:16:22","date_gmt":"2023-10-13T16:16:22","guid":{"rendered":"https:\/\/www.vista-pro.com\/?post_type=property&#038;p=27121"},"modified":"2024-06-28T09:21:50","modified_gmt":"2024-06-28T07:21:50","slug":"umag-center-exklusive-wohnung-erste-reihe-zum-meer-mit-garage-und-meerblick","status":"publish","type":"property","link":"https:\/\/www.vista-pro.com\/de\/real-estate\/umag-center-exclusive-apartment-first-row-to-the-sea-with-garage-and-sea-view\/","title":{"rendered":"Umag Zentrum | Exklusive Wohnung in erster Reihe zum Meer mit Garage und Meerblick"},"content":{"rendered":"<h2 style=\"text-align: center;\">Umag Zentrum | Exklusive Wohnung in erster Reihe zum Meer mit Garage und Meerblick<\/h2>\n<p>&nbsp;<\/p>\n<p style=\"text-align: justify;\">Exklusiver Verkauf! Nur im Vista Pro Network-Angebot! M\u00f6blierte Wohnung zum Verkauf in TOP-Lage im Zentrum von Umag. Die Wohnung liegt in erster Reihe zum Meer und bietet einen freien Blick auf das Meer und die Stadt. Es befindet sich im zweiten und letzten Stock eines neu renovierten Geb\u00e4udes. Die Gesamtfl\u00e4che des Grundst\u00fccks betr\u00e4gt 86 m\u00b2, davon betr\u00e4gt die Wohnfl\u00e4che 63 m\u00b2. Die Wohnung besteht aus einer Eingangshalle, zwei Schlafzimmern, Badezimmer, Wohnzimmer mit K\u00fcche und Esszimmer und einer \u00fcberdachten Terrasse mit freiem Blick auf das Meer und die Stadt. Die Wohnung wird durch eine Klimaanlage gek\u00fchlt und durch einen Holzkamin beheizt!<\/p>\n<p style=\"text-align: justify;\">Im Erdgeschoss des Geb\u00e4udes verf\u00fcgt die Wohnung \u00fcber einen eigenen Abstellraum von 1,80 m\u00b2 und eine geschlossene Garage von 21 m\u00b2. Das Geb\u00e4ude verf\u00fcgt \u00fcber einen gro\u00dfen umz\u00e4unten Hof mit einem gepflegten Privatgarten, der allen Mietern Privatsph\u00e4re garantiert!<\/p>\n<p style=\"text-align: justify;\">Diese Immobilie ist eine echte Chance, die aufgrund ihrer einzigartigen Lage und der geschlossenen Garage von 21 m\u00b2 mitten im Stadtzentrum selten auf dem Markt zu finden ist.<\/p>\n<hr \/>\n<p>&nbsp;<\/p>\n<div class=\"pvc_clear\"><\/div>\n<p id=\"pvc_stats_27121\" class=\"pvc_stats total_only\" data-element-id=\"27121\" style=\"\"><i class=\"pvc-stats-icon small\" aria-hidden=\"true\"><svg aria-hidden=\"true\" focusable=\"false\" data-prefix=\"far\" data-icon=\"chart-bar\" role=\"img\" xmlns=\"http:\/\/www.w3.org\/2000\/svg\" viewbox=\"0 0 512 512\" class=\"svg-inline--fa fa-chart-bar fa-w-16 fa-2x\"><path fill=\"currentColor\" d=\"M396.8 352h22.4c6.4 0 12.8-6.4 12.8-12.8V108.8c0-6.4-6.4-12.8-12.8-12.8h-22.4c-6.4 0-12.8 6.4-12.8 12.8v230.4c0 6.4 6.4 12.8 12.8 12.8zm-192 0h22.4c6.4 0 12.8-6.4 12.8-12.8V140.8c0-6.4-6.4-12.8-12.8-12.8h-22.4c-6.4 0-12.8 6.4-12.8 12.8v198.4c0 6.4 6.4 12.8 12.8 12.8zm96 0h22.4c6.4 0 12.8-6.4 12.8-12.8V204.8c0-6.4-6.4-12.8-12.8-12.8h-22.4c-6.4 0-12.8 6.4-12.8 12.8v134.4c0 6.4 6.4 12.8 12.8 12.8zM496 400H48V80c0-8.84-7.16-16-16-16H16C7.16 64 0 71.16 0 80v336c0 17.67 14.33 32 32 32h464c8.84 0 16-7.16 16-16v-16c0-8.84-7.16-16-16-16zm-387.2-48h22.4c6.4 0 12.8-6.4 12.8-12.8v-70.4c0-6.4-6.4-12.8-12.8-12.8h-22.4c-6.4 0-12.8 6.4-12.8 12.8v70.4c0 6.4 6.4 12.8 12.8 12.8z\" class=\"\"><\/path><\/svg><\/i> <img decoding=\"async\" width=\"16\" height=\"16\" alt=\"Wird geladen\" src=\"https:\/\/cdn.vista-pro.com\/wp-content\/plugins\/page-views-count\/ajax-loader-2x.gif?strip=all&quality=70&webp=70&avif=70&sharp=1&resize=16%2C16\" border=\"0\" \/><\/p>\n<div class=\"pvc_clear\"><\/div>","protected":false},"excerpt":{"rendered":"<p>Umag center | Exclusive apartment first row to the sea with garage and sea view &nbsp; Exclusive sale! Only in the Vista Pro Network offer! Furnished apartment for sale in a TOP location in the center of Umag. The apartment is located first row to the sea and has an open view of the sea [&hellip;]<\/p>\n","protected":false},"author":22,"featured_media":27141,"parent":0,"menu_order":0,"template":"","property_type":[72,1199],"property_status":[244],"property_feature":[411,13,190,188,187,410],"property_label":[61],"property_country":[65],"property_state":[22],"property_city":[83],"property_area":[1167],"ppma_author":[200,198,199],"class_list":["post-27121","property","type-property","status-publish","has-post-thumbnail","hentry","property_type-apartment","property_type-residential-real-estate","property_status-sold-out","property_feature-5g-coverage","property_feature-air-conditioning","property_feature-arrranged-environment","property_feature-central-heating","property_feature-fireplace","property_feature-optical-internet","property_label-sold","property_country-croatia","property_state-istria","property_city-umag","property_area-umag-center"],"aioseo_notices":[],"property_meta":{"ppma_authors_name":["Vista Pro Network, Vista Pro, Alen Zubin"],"_edit_lock":["1719680326:1"],"_edit_last":["1"],"_wp_page_template":["default"],"_a3_pvc_activated":["true"],"_ssb_hide":["false"],"fave_property_price":["295000"],"fave_property_size":["86"],"fave_property_bedrooms":["2"],"fave_property_rooms":["8"],"fave_property_bathrooms":["1"],"fave_property_garage":["1"],"fave_property_garage_size":["21"],"fave_property_year":["2006"],"fave_distance-from-center":["0.5 Km"],"fave_distance-from-sea":["0.05 Km"],"fave_number-of-floors":["2"],"fave_parking-slot":["1"],"fave_furnished":["Yes"],"fave_basement":["Yes"],"fave_terrace":["1"],"fave_documentation":["In Order"],"fave_availability":["Instantly"],"fave_property_map":["1"],"fave_property_location":["45.436302794041,13.524733447083,15"],"houzez_geolocation_lat":["45.436302794041"],"houzez_geolocation_long":["13.524733447083"],"fave_property_map_street_view":["hide"],"fave_featured":["0"],"houzez_featured_listing_date":[""],"fave_loggedintoview":["0"],"fave_agent_display_option":["agency_info"],"fave_prop_homeslider":["no"],"fave_single_top_area":["global"],"fave_single_content_area":["global"],"_aioseo_title":["Umag center | Apartment first row with garage and sea view!"],"_aioseo_description":["Exclusive sale | Furnished apartment for sale in the center of Umag. The apartment is located first row to the sea and has an open view of the sea and the city."],"_aioseo_keywords":["a:0:{}"],"_aioseo_og_title":[null],"_aioseo_og_description":[null],"_aioseo_og_article_section":[""],"_aioseo_og_article_tags":["a:0:{}"],"_aioseo_twitter_title":[null],"_aioseo_twitter_description":[null],"ppma_disable_author_box":["0"],"houzez_manual_expire":["0"],"_houzez_expiration_date_status":["saved"],"houzez_total_property_views":["3521"],"houzez_views_by_date":["a:61:{s:10:\"02-21-2026\";i:1;s:10:\"02-26-2026\";i:21;s:10:\"02-27-2026\";i:6;s:10:\"02-28-2026\";i:24;s:10:\"03-01-2026\";i:26;s:10:\"03-02-2026\";i:14;s:10:\"03-03-2026\";i:12;s:10:\"03-04-2026\";i:12;s:10:\"03-05-2026\";i:6;s:10:\"03-06-2026\";i:12;s:10:\"03-07-2026\";i:15;s:10:\"03-08-2026\";i:6;s:10:\"03-09-2026\";i:15;s:10:\"03-10-2026\";i:6;s:10:\"03-11-2026\";i:15;s:10:\"03-12-2026\";i:8;s:10:\"03-13-2026\";i:27;s:10:\"03-14-2026\";i:19;s:10:\"03-15-2026\";i:19;s:10:\"03-16-2026\";i:12;s:10:\"03-17-2026\";i:14;s:10:\"03-18-2026\";i:19;s:10:\"03-19-2026\";i:14;s:10:\"03-20-2026\";i:7;s:10:\"03-21-2026\";i:21;s:10:\"03-22-2026\";i:14;s:10:\"03-23-2026\";i:8;s:10:\"03-24-2026\";i:25;s:10:\"03-25-2026\";i:20;s:10:\"03-26-2026\";i:13;s:10:\"03-27-2026\";i:13;s:10:\"03-28-2026\";i:13;s:10:\"03-29-2026\";i:12;s:10:\"03-30-2026\";i:14;s:10:\"03-31-2026\";i:28;s:10:\"04-01-2026\";i:25;s:10:\"04-02-2026\";i:20;s:10:\"04-03-2026\";i:14;s:10:\"04-04-2026\";i:23;s:10:\"04-05-2026\";i:13;s:10:\"04-06-2026\";i:14;s:10:\"04-07-2026\";i:13;s:10:\"04-08-2026\";i:17;s:10:\"04-09-2026\";i:20;s:10:\"04-10-2026\";i:14;s:10:\"04-11-2026\";i:14;s:10:\"04-12-2026\";i:20;s:10:\"04-13-2026\";i:19;s:10:\"04-14-2026\";i:20;s:10:\"04-15-2026\";i:13;s:10:\"04-16-2026\";i:7;s:10:\"04-17-2026\";i:30;s:10:\"04-18-2026\";i:21;s:10:\"04-19-2026\";i:19;s:10:\"04-20-2026\";i:7;s:10:\"04-21-2026\";i:21;s:10:\"04-22-2026\";i:19;s:10:\"04-23-2026\";i:26;s:10:\"04-24-2026\";i:21;s:10:\"04-25-2026\";i:8;s:10:\"04-26-2026\";i:20;}"],"houzez_recently_viewed":["2026-04-26 21:07:30"],"ssb_old_counts":["a:5:{s:7:\"twitter\";i:0;s:9:\"pinterest\";i:0;s:7:\"fbshare\";i:0;s:6:\"reddit\";i:0;s:6:\"tumblr\";N;}"],"ssb_total_counts":["0"],"ssb_cache_timestamp":["493537"],"fave_property_sec_price":["3430"],"fave_property_price_postfix":["m\u00b2"],"fave_property_size_prefix":["m\u00b2"],"fave_property_id":["VPN-1158"],"fave_seaview":["Yes"],"fave_price-m":["3434.23"],"fave_property_map_address":["Umag, Croatia"],"fave_property_address":["Umag, Croatia"],"fave_property_zip":["52470"],"fave_property_agency":["17629"],"_thumbnail_id":["27141"],"_trp_translated_slug_hr":["umag-centar-ekskluzivni-stan-prvi-red-do-mora-s-garazom-i-pogledom-na-more"],"_trp_translated_slug_it_IT":["umago-centro-appartamento-esclusivo-in-prima-fila-dal-mare-con-garage-e-vista-mare"],"_trp_translated_slug_de_DE":["umag-center-exklusive-wohnung-erste-reihe-zum-meer-mit-garage-und-meerblick"],"_trp_translated_slug_sl_SI":["umag-center-ekskluzivno-stanovanje-prva-vrsta-do-morja-z-garazo-in-pogledom-na-morje"],"_trp_translated_slug_ru_RU":["umag-center-exclusive-apartment-first-row-to-the-sea-with-garage-and-sea-view"],"pwa":["enable"],"pwaName":[""],"pwaShortName":[""],"pwaDescription":[""],"pwaIcon":[""],"litespeed_vpi_list_mobile":["a:3:{i:0;s:26:\"Untitled-300w-compress.png\";i:1;s:32:\"google-vp-1-compress-360x360.png\";i:2;s:84:\"umag-center-exclusive-apartment-first-row-to-the-sea-with-garage-and-sea-view-16.jpg\";}"],"fave_show_price_placeholder":["0"],"fave_property_images":["27141","27139","27136","27147","27143","27145","27126","27127","27128","27129","27130","27131","27132","27133","27134","27140","27142","27135","27137","27138","27146","27148","27144","27149","27150","27151"],"fave_attachments":["27122"],"_elementor_page_assets":["a:0:{}"]},"a3_pvc":{"activated":true,"total_views":8623,"today_views":0},"aioseo_head":"\n\t\t<!-- All in One SEO Pro 4.9.6.2 - aioseo.com -->\n\t<meta name=\"description\" content=\"Exclusive sale | Furnished apartment for sale in the center of Umag. The apartment is located first row to the sea and has an open view of the sea and the city.\" \/>\n\t<meta name=\"robots\" content=\"max-image-preview:large\" \/>\n\t<meta name=\"author\" content=\"Vista Pro Network\"\/>\n\t<meta name=\"google-site-verification\" content=\"4oFqZzmLWcyWIMy4eA-JPvOMpUyQMlWKGExznAh2ivE\" \/>\n\t<meta name=\"msvalidate.01\" content=\"ce086a5b504f44708dc7e1183b682878\" \/>\n\t<meta name=\"yandex-verification\" content=\"6797e2747f288a3d\" \/>\n\t<link rel=\"canonical\" href=\"https:\/\/www.vista-pro.com\/de\/real-estate\/umag-center-exclusive-apartment-first-row-to-the-sea-with-garage-and-sea-view\/\" \/>\n\t<meta name=\"generator\" content=\"All in One SEO Pro (AIOSEO) 4.9.6.2\" \/>\n\t\t<meta property=\"og:locale\" content=\"de_DE\" \/>\n\t\t<meta property=\"og:site_name\" content=\"Vista Pro | Real Estate Istria\" \/>\n\t\t<meta property=\"og:type\" content=\"article\" \/>\n\t\t<meta property=\"og:title\" content=\"Umag center | Apartment first row with garage and sea view!\" \/>\n\t\t<meta property=\"og:description\" content=\"Exclusive sale | Furnished apartment for sale in the center of Umag. The apartment is located first row to the sea and has an open view of the sea and the city.\" \/>\n\t\t<meta property=\"og:url\" content=\"https:\/\/www.vista-pro.com\/de\/real-estate\/umag-center-exclusive-apartment-first-row-to-the-sea-with-garage-and-sea-view\/\" \/>\n\t\t<meta property=\"fb:app_id\" content=\"251215160915905\" \/>\n\t\t<meta property=\"og:image\" content=\"https:\/\/www.vista-pro.com\/wp-content\/uploads\/2023\/10\/umag-center-exclusive-apartment-first-row-to-the-sea-with-garage-and-sea-view-16.jpg\" \/>\n\t\t<meta property=\"og:image:secure_url\" content=\"https:\/\/www.vista-pro.com\/wp-content\/uploads\/2023\/10\/umag-center-exclusive-apartment-first-row-to-the-sea-with-garage-and-sea-view-16.jpg\" \/>\n\t\t<meta property=\"og:image:width\" content=\"2160\" \/>\n\t\t<meta property=\"og:image:height\" content=\"1440\" \/>\n\t\t<meta property=\"article:published_time\" content=\"2023-10-13T16:16:22+00:00\" \/>\n\t\t<meta property=\"article:modified_time\" content=\"2024-06-28T07:21:50+00:00\" \/>\n\t\t<meta property=\"article:publisher\" content=\"https:\/\/facebook.com\/vistapronetwork\" \/>\n\t\t<meta name=\"twitter:card\" content=\"summary_large_image\" \/>\n\t\t<meta name=\"twitter:site\" content=\"@vistapronetwork\" \/>\n\t\t<meta name=\"twitter:title\" content=\"Umag center | Apartment first row with garage and sea view!\" \/>\n\t\t<meta name=\"twitter:description\" content=\"Exclusive sale | Furnished apartment for sale in the center of Umag. The apartment is located first row to the sea and has an open view of the sea and the city.\" \/>\n\t\t<meta name=\"twitter:creator\" content=\"@vistapronetwork\" \/>\n\t\t<meta name=\"twitter:image\" content=\"https:\/\/www.vista-pro.com\/wp-content\/uploads\/2023\/10\/umag-center-exclusive-apartment-first-row-to-the-sea-with-garage-and-sea-view-16.jpg\" \/>\n\t\t<meta name=\"twitter:label1\" content=\"Verfasst von\" \/>\n\t\t<meta name=\"twitter:data1\" content=\"Vista Pro Network\" \/>\n\t\t<meta name=\"twitter:label2\" content=\"Gesch\u00e4tzte Lesedauer\" \/>\n\t\t<meta name=\"twitter:data2\" content=\"1 Minute\" \/>\n\t\t<script type=\"application\/ld+json\" class=\"aioseo-schema\">\n\t\t\t{\"@context\":\"https:\\\/\\\/schema.org\",\"@graph\":[{\"@type\":\"BreadcrumbList\",\"@id\":\"https:\\\/\\\/www.vista-pro.com\\\/de\\\/real-estate\\\/umag-center-exclusive-apartment-first-row-to-the-sea-with-garage-and-sea-view\\\/#breadcrumblist\",\"itemListElement\":[{\"@type\":\"ListItem\",\"@id\":\"https:\\\/\\\/www.vista-pro.com\\\/de#listItem\",\"position\":1,\"name\":\"Home\",\"item\":\"https:\\\/\\\/www.vista-pro.com\\\/de\",\"nextItem\":{\"@type\":\"ListItem\",\"@id\":\"https:\\\/\\\/www.vista-pro.com\\\/de\\\/real-estate\\\/#listItem\",\"name\":\"Eigenschaften\"}},{\"@type\":\"ListItem\",\"@id\":\"https:\\\/\\\/www.vista-pro.com\\\/de\\\/real-estate\\\/#listItem\",\"position\":2,\"name\":\"Eigenschaften\",\"item\":\"https:\\\/\\\/www.vista-pro.com\\\/de\\\/real-estate\\\/\",\"nextItem\":{\"@type\":\"ListItem\",\"@id\":\"https:\\\/\\\/www.vista-pro.com\\\/de\\\/real-estate-type\\\/residential-real-estate\\\/#listItem\",\"name\":\"Residential Real Estate\"},\"previousItem\":{\"@type\":\"ListItem\",\"@id\":\"https:\\\/\\\/www.vista-pro.com\\\/de#listItem\",\"name\":\"Home\"}},{\"@type\":\"ListItem\",\"@id\":\"https:\\\/\\\/www.vista-pro.com\\\/de\\\/real-estate-type\\\/residential-real-estate\\\/#listItem\",\"position\":3,\"name\":\"Residential Real Estate\",\"item\":\"https:\\\/\\\/www.vista-pro.com\\\/de\\\/real-estate-type\\\/residential-real-estate\\\/\",\"nextItem\":{\"@type\":\"ListItem\",\"@id\":\"https:\\\/\\\/www.vista-pro.com\\\/de\\\/real-estate-type\\\/apartment\\\/#listItem\",\"name\":\"Apartment\"},\"previousItem\":{\"@type\":\"ListItem\",\"@id\":\"https:\\\/\\\/www.vista-pro.com\\\/de\\\/real-estate\\\/#listItem\",\"name\":\"Eigenschaften\"}},{\"@type\":\"ListItem\",\"@id\":\"https:\\\/\\\/www.vista-pro.com\\\/de\\\/real-estate-type\\\/apartment\\\/#listItem\",\"position\":4,\"name\":\"Apartment\",\"item\":\"https:\\\/\\\/www.vista-pro.com\\\/de\\\/real-estate-type\\\/apartment\\\/\",\"nextItem\":{\"@type\":\"ListItem\",\"@id\":\"https:\\\/\\\/www.vista-pro.com\\\/de\\\/real-estate\\\/umag-center-exclusive-apartment-first-row-to-the-sea-with-garage-and-sea-view\\\/#listItem\",\"name\":\"Umag center | Exclusive apartment first row to the sea with garage and sea view\"},\"previousItem\":{\"@type\":\"ListItem\",\"@id\":\"https:\\\/\\\/www.vista-pro.com\\\/de\\\/real-estate-type\\\/residential-real-estate\\\/#listItem\",\"name\":\"Residential Real Estate\"}},{\"@type\":\"ListItem\",\"@id\":\"https:\\\/\\\/www.vista-pro.com\\\/de\\\/real-estate\\\/umag-center-exclusive-apartment-first-row-to-the-sea-with-garage-and-sea-view\\\/#listItem\",\"position\":5,\"name\":\"Umag center | Exclusive apartment first row to the sea with garage and sea view\",\"previousItem\":{\"@type\":\"ListItem\",\"@id\":\"https:\\\/\\\/www.vista-pro.com\\\/de\\\/real-estate-type\\\/apartment\\\/#listItem\",\"name\":\"Apartment\"}}]},{\"@type\":\"Organization\",\"@id\":\"https:\\\/\\\/www.vista-pro.com\\\/de\\\/#organization\",\"name\":\"Vista Pro Network | Real Estate | Istria | Umag Buje Novigrad Porec Rovinj\",\"description\":\"Vista Pro Network | Real Estate | Istria | Umag Buje Novigrad Porec Rovinj\",\"url\":\"https:\\\/\\\/www.vista-pro.com\\\/de\\\/\",\"email\":\"info@vista-pro.com\",\"telephone\":\"+385915127282\",\"logo\":{\"@type\":\"ImageObject\",\"url\":\"https:\\\/\\\/vista-pro.com\\\/wp-content\\\/uploads\\\/2022\\\/05\\\/logo-b.png\",\"@id\":\"https:\\\/\\\/www.vista-pro.com\\\/de\\\/real-estate\\\/umag-center-exclusive-apartment-first-row-to-the-sea-with-garage-and-sea-view\\\/#organizationLogo\"},\"image\":{\"@id\":\"https:\\\/\\\/www.vista-pro.com\\\/de\\\/real-estate\\\/umag-center-exclusive-apartment-first-row-to-the-sea-with-garage-and-sea-view\\\/#organizationLogo\"},\"sameAs\":[\"https:\\\/\\\/facebook.com\\\/vistapronetwork\",\"https:\\\/\\\/x.com\\\/vistapronetwork\",\"https:\\\/\\\/instagram.com\\\/vistapronetwork\",\"https:\\\/\\\/pinterest.com\\\/vistapronetwork\",\"https:\\\/\\\/youtube.com\\\/@vistapronetwork\",\"https:\\\/\\\/linkedin.com\\\/in\\\/vistapronetwork\"],\"address\":{\"@id\":\"https:\\\/\\\/www.vista-pro.com\\\/de\\\/#postaladdress\",\"@type\":\"PostalAddress\",\"streetAddress\":\"Vladimir Nazor 5,\",\"postalCode\":\"52470\",\"addressLocality\":\"Umag\",\"addressRegion\":\"Istria\",\"addressCountry\":\"HR\"},\"vatID\":\"HR30117654631\"},{\"@type\":\"Person\",\"@id\":\"https:\\\/\\\/www.vista-pro.com\\\/de\\\/author\\\/agency\\\/#author\",\"url\":\"https:\\\/\\\/www.vista-pro.com\\\/de\\\/author\\\/agency\\\/\",\"name\":\"Vista Pro Network\"},{\"@type\":\"RealEstateListing\",\"@id\":\"https:\\\/\\\/www.vista-pro.com\\\/de\\\/real-estate\\\/umag-center-exclusive-apartment-first-row-to-the-sea-with-garage-and-sea-view\\\/#realestatelisting\",\"url\":\"https:\\\/\\\/www.vista-pro.com\\\/de\\\/real-estate\\\/umag-center-exclusive-apartment-first-row-to-the-sea-with-garage-and-sea-view\\\/\",\"name\":\"Umag center | Apartment first row with garage and sea view!\",\"description\":\"Exclusive sale | Furnished apartment for sale in the center of Umag. The apartment is located first row to the sea and has an open view of the sea and the city.\",\"inLanguage\":\"de-DE\",\"isPartOf\":{\"@id\":\"https:\\\/\\\/www.vista-pro.com\\\/de\\\/#website\"},\"breadcrumb\":{\"@id\":\"https:\\\/\\\/www.vista-pro.com\\\/de\\\/real-estate\\\/umag-center-exclusive-apartment-first-row-to-the-sea-with-garage-and-sea-view\\\/#breadcrumblist\"},\"author\":{\"@id\":\"https:\\\/\\\/www.vista-pro.com\\\/de\\\/author\\\/agency\\\/#author\"},\"creator\":{\"@id\":\"https:\\\/\\\/www.vista-pro.com\\\/de\\\/author\\\/agency\\\/#author\"},\"image\":{\"@type\":\"ImageObject\",\"url\":\"https:\\\/\\\/cdn.vista-pro.com\\\/wp-content\\\/uploads\\\/2023\\\/10\\\/umag-center-exclusive-apartment-first-row-to-the-sea-with-garage-and-sea-view-16.jpg?strip=all&quality=70&webp=70&avif=70&sharp=1\",\"@id\":\"https:\\\/\\\/www.vista-pro.com\\\/de\\\/real-estate\\\/umag-center-exclusive-apartment-first-row-to-the-sea-with-garage-and-sea-view\\\/#mainImage\",\"width\":2160,\"height\":1440,\"caption\":\"umag center exclusive apartment first row to the sea with garage and sea view\"},\"primaryImageOfPage\":{\"@id\":\"https:\\\/\\\/www.vista-pro.com\\\/de\\\/real-estate\\\/umag-center-exclusive-apartment-first-row-to-the-sea-with-garage-and-sea-view\\\/#mainImage\"},\"datePublished\":\"2023-10-13T18:16:22+02:00\",\"dateModified\":\"2024-06-28T09:21:50+02:00\",\"datePosted\":\"2023-10-13T18:16:22+02:00\"},{\"@type\":\"WebPage\",\"@id\":\"https:\\\/\\\/www.vista-pro.com\\\/de\\\/real-estate\\\/umag-center-exclusive-apartment-first-row-to-the-sea-with-garage-and-sea-view\\\/#webpage\",\"url\":\"https:\\\/\\\/www.vista-pro.com\\\/de\\\/real-estate\\\/umag-center-exclusive-apartment-first-row-to-the-sea-with-garage-and-sea-view\\\/\",\"name\":\"Umag center | Apartment first row with garage and sea view!\",\"description\":\"Exclusive sale | Furnished apartment for sale in the center of Umag. The apartment is located first row to the sea and has an open view of the sea and the city.\",\"inLanguage\":\"de-DE\",\"isPartOf\":{\"@id\":\"https:\\\/\\\/www.vista-pro.com\\\/de\\\/#website\"},\"breadcrumb\":{\"@id\":\"https:\\\/\\\/www.vista-pro.com\\\/de\\\/real-estate\\\/umag-center-exclusive-apartment-first-row-to-the-sea-with-garage-and-sea-view\\\/#breadcrumblist\"},\"author\":{\"@id\":\"https:\\\/\\\/www.vista-pro.com\\\/de\\\/author\\\/agency\\\/#author\"},\"creator\":{\"@id\":\"https:\\\/\\\/www.vista-pro.com\\\/de\\\/author\\\/agency\\\/#author\"},\"image\":{\"@type\":\"ImageObject\",\"url\":\"https:\\\/\\\/cdn.vista-pro.com\\\/wp-content\\\/uploads\\\/2023\\\/10\\\/umag-center-exclusive-apartment-first-row-to-the-sea-with-garage-and-sea-view-16.jpg?strip=all&quality=70&webp=70&avif=70&sharp=1\",\"@id\":\"https:\\\/\\\/www.vista-pro.com\\\/de\\\/real-estate\\\/umag-center-exclusive-apartment-first-row-to-the-sea-with-garage-and-sea-view\\\/#mainImage\",\"width\":2160,\"height\":1440,\"caption\":\"umag center exclusive apartment first row to the sea with garage and sea view\"},\"primaryImageOfPage\":{\"@id\":\"https:\\\/\\\/www.vista-pro.com\\\/de\\\/real-estate\\\/umag-center-exclusive-apartment-first-row-to-the-sea-with-garage-and-sea-view\\\/#mainImage\"},\"datePublished\":\"2023-10-13T18:16:22+02:00\",\"dateModified\":\"2024-06-28T09:21:50+02:00\"},{\"@type\":\"WebSite\",\"@id\":\"https:\\\/\\\/www.vista-pro.com\\\/de\\\/#website\",\"url\":\"https:\\\/\\\/www.vista-pro.com\\\/de\\\/\",\"name\":\"Vista Pro | Real Estate Istria\",\"alternateName\":\"Vista Pro Network | Real Estate\",\"description\":\"Vista Pro Network | Real Estate | Istria | Umag Buje Novigrad Porec Rovinj\",\"inLanguage\":\"de-DE\",\"publisher\":{\"@id\":\"https:\\\/\\\/www.vista-pro.com\\\/de\\\/#organization\"}}]}\n\t\t<\/script>\n\t\t<!-- All in One SEO Pro -->\r\n\t\t<title>Umag center | Apartment first row with garage and sea view!<\/title>\n\n","aioseo_head_json":{"title":"Umag Zentrum | Wohnung erste Reihe mit Garage und Meerblick!","description":"Exklusiver Verkauf | M\u00f6blierte Wohnung zum Verkauf im Zentrum von Umag. Die Wohnung liegt in erster Reihe zum Meer und bietet einen freien Blick auf das Meer und die Stadt.","canonical_url":"https:\/\/www.vista-pro.com\/de\/real-estate\/umag-center-exclusive-apartment-first-row-to-the-sea-with-garage-and-sea-view\/","robots":"max-image-preview:large","keywords":"","webmasterTools":{"google-site-verification":"4oFqZzmLWcyWIMy4eA-JPvOMpUyQMlWKGExznAh2ivE","msvalidate.01":"ce086a5b504f44708dc7e1183b682878","yandex-verification":"6797e2747f288a3d","miscellaneous":""},"schema":{"@context":"https:\/\/schema.org","@graph":[{"@type":"BreadcrumbList","@id":"https:\/\/www.vista-pro.com\/de\/real-estate\/umag-center-exclusive-apartment-first-row-to-the-sea-with-garage-and-sea-view\/#breadcrumblist","itemListElement":[{"@type":"ListItem","@id":"https:\/\/www.vista-pro.com\/de#listItem","position":1,"name":"Home","item":"https:\/\/www.vista-pro.com\/de","nextItem":{"@type":"ListItem","@id":"https:\/\/www.vista-pro.com\/de\/real-estate\/#listItem","name":"Eigenschaften"}},{"@type":"ListItem","@id":"https:\/\/www.vista-pro.com\/de\/real-estate\/#listItem","position":2,"name":"Eigenschaften","item":"https:\/\/www.vista-pro.com\/de\/real-estate\/","nextItem":{"@type":"ListItem","@id":"https:\/\/www.vista-pro.com\/de\/real-estate-type\/residential-real-estate\/#listItem","name":"Residential Real Estate"},"previousItem":{"@type":"ListItem","@id":"https:\/\/www.vista-pro.com\/de#listItem","name":"Home"}},{"@type":"ListItem","@id":"https:\/\/www.vista-pro.com\/de\/real-estate-type\/residential-real-estate\/#listItem","position":3,"name":"Residential Real Estate","item":"https:\/\/www.vista-pro.com\/de\/real-estate-type\/residential-real-estate\/","nextItem":{"@type":"ListItem","@id":"https:\/\/www.vista-pro.com\/de\/real-estate-type\/apartment\/#listItem","name":"Apartment"},"previousItem":{"@type":"ListItem","@id":"https:\/\/www.vista-pro.com\/de\/real-estate\/#listItem","name":"Eigenschaften"}},{"@type":"ListItem","@id":"https:\/\/www.vista-pro.com\/de\/real-estate-type\/apartment\/#listItem","position":4,"name":"Apartment","item":"https:\/\/www.vista-pro.com\/de\/real-estate-type\/apartment\/","nextItem":{"@type":"ListItem","@id":"https:\/\/www.vista-pro.com\/de\/real-estate\/umag-center-exclusive-apartment-first-row-to-the-sea-with-garage-and-sea-view\/#listItem","name":"Umag center | Exclusive apartment first row to the sea with garage and sea view"},"previousItem":{"@type":"ListItem","@id":"https:\/\/www.vista-pro.com\/de\/real-estate-type\/residential-real-estate\/#listItem","name":"Residential Real Estate"}},{"@type":"ListItem","@id":"https:\/\/www.vista-pro.com\/de\/real-estate\/umag-center-exclusive-apartment-first-row-to-the-sea-with-garage-and-sea-view\/#listItem","position":5,"name":"Umag center | Exclusive apartment first row to the sea with garage and sea view","previousItem":{"@type":"ListItem","@id":"https:\/\/www.vista-pro.com\/de\/real-estate-type\/apartment\/#listItem","name":"Apartment"}}]},{"@type":"Organization","@id":"https:\/\/www.vista-pro.com\/de\/#organization","name":"Vista Pro Network | Real Estate | Istria | Umag Buje Novigrad Porec Rovinj","description":"Vista Pro Network | Real Estate | Istria | Umag Buje Novigrad Porec Rovinj","url":"https:\/\/www.vista-pro.com\/de\/","email":"info@vista-pro.com","telephone":"+385915127282","logo":{"@type":"ImageObject","url":"https:\/\/vista-pro.com\/wp-content\/uploads\/2022\/05\/logo-b.png","@id":"https:\/\/www.vista-pro.com\/de\/real-estate\/umag-center-exclusive-apartment-first-row-to-the-sea-with-garage-and-sea-view\/#organizationLogo"},"image":{"@id":"https:\/\/www.vista-pro.com\/de\/real-estate\/umag-center-exclusive-apartment-first-row-to-the-sea-with-garage-and-sea-view\/#organizationLogo"},"sameAs":["https:\/\/facebook.com\/vistapronetwork","https:\/\/x.com\/vistapronetwork","https:\/\/instagram.com\/vistapronetwork","https:\/\/pinterest.com\/vistapronetwork","https:\/\/youtube.com\/@vistapronetwork","https:\/\/linkedin.com\/in\/vistapronetwork"],"address":{"@id":"https:\/\/www.vista-pro.com\/de\/#postaladdress","@type":"PostalAddress","streetAddress":"Vladimir Nazor 5,","postalCode":"52470","addressLocality":"Umag","addressRegion":"Istria","addressCountry":"HR"},"vatID":"HR30117654631"},{"@type":"Person","@id":"https:\/\/www.vista-pro.com\/de\/author\/agency\/#author","url":"https:\/\/www.vista-pro.com\/de\/author\/agency\/","name":"Vista Pro Network"},{"@type":"RealEstateListing","@id":"https:\/\/www.vista-pro.com\/de\/real-estate\/umag-center-exclusive-apartment-first-row-to-the-sea-with-garage-and-sea-view\/#realestatelisting","url":"https:\/\/www.vista-pro.com\/de\/real-estate\/umag-center-exclusive-apartment-first-row-to-the-sea-with-garage-and-sea-view\/","name":"Umag center | Apartment first row with garage and sea view!","description":"Exclusive sale | Furnished apartment for sale in the center of Umag. The apartment is located first row to the sea and has an open view of the sea and the city.","inLanguage":"de-DE","isPartOf":{"@id":"https:\/\/www.vista-pro.com\/de\/#website"},"breadcrumb":{"@id":"https:\/\/www.vista-pro.com\/de\/real-estate\/umag-center-exclusive-apartment-first-row-to-the-sea-with-garage-and-sea-view\/#breadcrumblist"},"author":{"@id":"https:\/\/www.vista-pro.com\/de\/author\/agency\/#author"},"creator":{"@id":"https:\/\/www.vista-pro.com\/de\/author\/agency\/#author"},"image":{"@type":"ImageObject","url":"https:\/\/cdn.vista-pro.com\/wp-content\/uploads\/2023\/10\/umag-center-exclusive-apartment-first-row-to-the-sea-with-garage-and-sea-view-16.jpg?strip=all&quality=70&webp=70&avif=70&sharp=1","@id":"https:\/\/www.vista-pro.com\/de\/real-estate\/umag-center-exclusive-apartment-first-row-to-the-sea-with-garage-and-sea-view\/#mainImage","width":2160,"height":1440,"caption":"umag center exclusive apartment first row to the sea with garage and sea view"},"primaryImageOfPage":{"@id":"https:\/\/www.vista-pro.com\/de\/real-estate\/umag-center-exclusive-apartment-first-row-to-the-sea-with-garage-and-sea-view\/#mainImage"},"datePublished":"2023-10-13T18:16:22+02:00","dateModified":"2024-06-28T09:21:50+02:00","datePosted":"2023-10-13T18:16:22+02:00"},{"@type":"WebPage","@id":"https:\/\/www.vista-pro.com\/de\/real-estate\/umag-center-exclusive-apartment-first-row-to-the-sea-with-garage-and-sea-view\/#webpage","url":"https:\/\/www.vista-pro.com\/de\/real-estate\/umag-center-exclusive-apartment-first-row-to-the-sea-with-garage-and-sea-view\/","name":"Umag center | Apartment first row with garage and sea view!","description":"Exclusive sale | Furnished apartment for sale in the center of Umag. The apartment is located first row to the sea and has an open view of the sea and the city.","inLanguage":"de-DE","isPartOf":{"@id":"https:\/\/www.vista-pro.com\/de\/#website"},"breadcrumb":{"@id":"https:\/\/www.vista-pro.com\/de\/real-estate\/umag-center-exclusive-apartment-first-row-to-the-sea-with-garage-and-sea-view\/#breadcrumblist"},"author":{"@id":"https:\/\/www.vista-pro.com\/de\/author\/agency\/#author"},"creator":{"@id":"https:\/\/www.vista-pro.com\/de\/author\/agency\/#author"},"image":{"@type":"ImageObject","url":"https:\/\/cdn.vista-pro.com\/wp-content\/uploads\/2023\/10\/umag-center-exclusive-apartment-first-row-to-the-sea-with-garage-and-sea-view-16.jpg?strip=all&quality=70&webp=70&avif=70&sharp=1","@id":"https:\/\/www.vista-pro.com\/de\/real-estate\/umag-center-exclusive-apartment-first-row-to-the-sea-with-garage-and-sea-view\/#mainImage","width":2160,"height":1440,"caption":"umag center exclusive apartment first row to the sea with garage and sea view"},"primaryImageOfPage":{"@id":"https:\/\/www.vista-pro.com\/de\/real-estate\/umag-center-exclusive-apartment-first-row-to-the-sea-with-garage-and-sea-view\/#mainImage"},"datePublished":"2023-10-13T18:16:22+02:00","dateModified":"2024-06-28T09:21:50+02:00"},{"@type":"WebSite","@id":"https:\/\/www.vista-pro.com\/de\/#website","url":"https:\/\/www.vista-pro.com\/de\/","name":"Vista Pro | Real Estate Istria","alternateName":"Vista Pro Network | Real Estate","description":"Vista Pro Network | Real Estate | Istria | Umag Buje Novigrad Porec Rovinj","inLanguage":"de-DE","publisher":{"@id":"https:\/\/www.vista-pro.com\/de\/#organization"}}]},"og:locale":"de_DE","og:site_name":"Vista Pro | Real Estate Istria","og:type":"article","og:title":"Umag center | Apartment first row with garage and sea view!","og:description":"Exclusive sale | Furnished apartment for sale in the center of Umag. The apartment is located first row to the sea and has an open view of the sea and the city.","og:url":"https:\/\/www.vista-pro.com\/de\/real-estate\/umag-center-exclusive-apartment-first-row-to-the-sea-with-garage-and-sea-view\/","fb:app_id":"251215160915905","og:image":"https:\/\/www.vista-pro.com\/wp-content\/uploads\/2023\/10\/umag-center-exclusive-apartment-first-row-to-the-sea-with-garage-and-sea-view-16.jpg","og:image:secure_url":"https:\/\/www.vista-pro.com\/wp-content\/uploads\/2023\/10\/umag-center-exclusive-apartment-first-row-to-the-sea-with-garage-and-sea-view-16.jpg","og:image:width":2160,"og:image:height":1440,"article:published_time":"2023-10-13T16:16:22+00:00","article:modified_time":"2024-06-28T07:21:50+00:00","article:publisher":"https:\/\/facebook.com\/vistapronetwork","twitter:card":"summary_large_image","twitter:site":"@vistapronetwork","twitter:title":"Umag center | Apartment first row with garage and sea view!","twitter:description":"Exclusive sale | Furnished apartment for sale in the center of Umag. The apartment is located first row to the sea and has an open view of the sea and the city.","twitter:creator":"@vistapronetwork","twitter:image":"https:\/\/www.vista-pro.com\/wp-content\/uploads\/2023\/10\/umag-center-exclusive-apartment-first-row-to-the-sea-with-garage-and-sea-view-16.jpg","twitter:label1":"Verfasst von","twitter:data1":"Vista Pro Network","twitter:label2":"Gesch\u00e4tzte Lesedauer","twitter:data2":"1 Minute"},"aioseo_meta_data":{"post_id":"27121","title":"Umag Zentrum | Wohnung erste Reihe mit Garage und Meerblick!","description":"Exklusiver Verkauf | M\u00f6blierte Wohnung zum Verkauf im Zentrum von Umag. Die Wohnung liegt in erster Reihe zum Meer und bietet einen freien Blick auf das Meer und die Stadt.","keywords":null,"keyphrases":{"focus":{"keyphrase":"Umag","score":90,"analysis":{"keyphraseInTitle":{"score":9,"maxScore":9,"error":0},"keyphraseInDescription":{"score":9,"maxScore":9,"error":0},"keyphraseLength":{"score":9,"maxScore":9,"error":0,"length":1},"keyphraseInURL":{"score":5,"maxScore":5,"error":0},"keyphraseInIntroduction":{"score":3,"maxScore":9,"error":1},"keyphraseInSubHeadings":{"score":9,"maxScore":9,"error":0},"keyphraseInImageAlt":[],"keywordDensity":{"type":"best","score":9,"maxScore":9,"error":0}}},"additional":[{"keyphrase":"apartment","score":58,"analysis":{"keyphraseInDescription":{"score":9,"maxScore":9,"error":0},"keyphraseLength":{"score":9,"maxScore":9,"error":0,"length":1},"keyphraseInIntroduction":{"score":3,"maxScore":9,"error":1},"keyphraseInImageAlt":[],"keywordDensity":{"type":"high","score":0,"maxScore":9,"error":1}}},{"keyphrase":"sea view","score":42,"analysis":{"keyphraseInDescription":{"score":3,"maxScore":9,"error":1},"keyphraseLength":{"score":9,"maxScore":9,"error":0,"length":2},"keyphraseInIntroduction":{"score":3,"maxScore":9,"error":1},"keyphraseInImageAlt":[],"keywordDensity":{"score":0,"type":"low","maxScore":9,"error":1}}}]},"primary_term":null,"canonical_url":null,"og_title":null,"og_description":null,"og_object_type":"default","og_image_type":"default","og_image_url":null,"og_image_width":null,"og_image_height":null,"og_image_custom_url":null,"og_image_custom_fields":null,"og_video":"","og_custom_url":null,"og_article_section":null,"og_article_tags":null,"twitter_use_og":true,"twitter_card":"default","twitter_image_type":"default","twitter_image_url":null,"twitter_image_custom_url":null,"twitter_image_custom_fields":null,"twitter_title":null,"twitter_description":null,"schema":{"blockGraphs":[],"customGraphs":[],"default":{"data":{"Article":[],"Course":[],"Dataset":[],"FAQPage":[],"Movie":[],"Person":[],"Product":[],"ProductReview":[],"Car":[],"Recipe":[],"Service":[],"SoftwareApplication":[],"WebPage":[]},"graphName":"RealEstateListing","isEnabled":true},"graphs":[]},"schema_type":"default","schema_type_options":null,"pillar_content":false,"robots_default":true,"robots_noindex":false,"robots_noarchive":false,"robots_nosnippet":false,"robots_nofollow":false,"robots_noimageindex":false,"robots_noodp":false,"robots_notranslate":false,"robots_max_snippet":"-1","robots_max_videopreview":"-1","robots_max_imagepreview":"large","priority":null,"frequency":"default","local_seo":null,"seo_analyzer_scan_date":"2025-12-19 18:44:44","breadcrumb_settings":null,"limit_modified_date":false,"open_ai":"{\"title\":{\"suggestions\":[],\"usage\":0},\"description\":{\"suggestions\":[],\"usage\":0}}","ai":null,"created":"2023-10-13 14:56:02","updated":"2025-12-19 18:44:44"},"aioseo_breadcrumb":"<div class=\"aioseo-breadcrumbs\"><span class=\"aioseo-breadcrumb\">\n\t<a href=\"https:\/\/www.vista-pro.com\/de\" title=\"Home\">Home<\/a>\n<\/span><span class=\"aioseo-breadcrumb-separator\">|<\/span><span class=\"aioseo-breadcrumb\">\n\t<a href=\"https:\/\/www.vista-pro.com\/de\/real-estate\/\" title=\"Eigenschaften\">Eigenschaften<\/a>\n<\/span><span class=\"aioseo-breadcrumb-separator\">|<\/span><span class=\"aioseo-breadcrumb\">\n\t<a href=\"https:\/\/www.vista-pro.com\/de\/real-estate-type\/residential-real-estate\/\" title=\"Residential Real Estate\">Residential Real Estate<\/a>\n<\/span><span class=\"aioseo-breadcrumb-separator\">|<\/span><span class=\"aioseo-breadcrumb\">\n\t<a href=\"https:\/\/www.vista-pro.com\/de\/real-estate-type\/apartment\/\" title=\"Apartment\">Apartment<\/a>\n<\/span><span class=\"aioseo-breadcrumb-separator\">|<\/span><span class=\"aioseo-breadcrumb\">\n\tUmag center | Exclusive apartment first row to the sea with garage and sea view\n<\/span><\/div>","aioseo_breadcrumb_json":[{"label":"Home","link":"https:\/\/www.vista-pro.com\/de"},{"label":"Eigenschaften","link":"https:\/\/www.vista-pro.com\/de\/real-estate\/"},{"label":"Residential Real Estate","link":"https:\/\/www.vista-pro.com\/de\/real-estate-type\/residential-real-estate\/"},{"label":"Apartment","link":"https:\/\/www.vista-pro.com\/de\/real-estate-type\/apartment\/"},{"label":"Umag center | Exclusive apartment first row to the sea with garage and sea view","link":"https:\/\/www.vista-pro.com\/de\/real-estate\/umag-center-exclusive-apartment-first-row-to-the-sea-with-garage-and-sea-view\/"}],"_links":{"self":[{"href":"https:\/\/www.vista-pro.com\/de\/wp-json\/wp\/v2\/properties\/27121","targetHints":{"allow":["GET"]}}],"collection":[{"href":"https:\/\/www.vista-pro.com\/de\/wp-json\/wp\/v2\/properties"}],"about":[{"href":"https:\/\/www.vista-pro.com\/de\/wp-json\/wp\/v2\/types\/property"}],"author":[{"embeddable":true,"href":"https:\/\/www.vista-pro.com\/de\/wp-json\/wp\/v2\/users\/22"}],"version-history":[{"count":0,"href":"https:\/\/www.vista-pro.com\/de\/wp-json\/wp\/v2\/properties\/27121\/revisions"}],"wp:featuredmedia":[{"embeddable":true,"href":"https:\/\/www.vista-pro.com\/de\/wp-json\/wp\/v2\/media\/27141"}],"wp:attachment":[{"href":"https:\/\/www.vista-pro.com\/de\/wp-json\/wp\/v2\/media?parent=27121"}],"wp:term":[{"taxonomy":"property_type","embeddable":true,"href":"https:\/\/www.vista-pro.com\/de\/wp-json\/wp\/v2\/property_type?post=27121"},{"taxonomy":"property_status","embeddable":true,"href":"https:\/\/www.vista-pro.com\/de\/wp-json\/wp\/v2\/property_status?post=27121"},{"taxonomy":"property_feature","embeddable":true,"href":"https:\/\/www.vista-pro.com\/de\/wp-json\/wp\/v2\/property_feature?post=27121"},{"taxonomy":"property_label","embeddable":true,"href":"https:\/\/www.vista-pro.com\/de\/wp-json\/wp\/v2\/property_label?post=27121"},{"taxonomy":"property_country","embeddable":true,"href":"https:\/\/www.vista-pro.com\/de\/wp-json\/wp\/v2\/property_country?post=27121"},{"taxonomy":"property_state","embeddable":true,"href":"https:\/\/www.vista-pro.com\/de\/wp-json\/wp\/v2\/property_state?post=27121"},{"taxonomy":"property_city","embeddable":true,"href":"https:\/\/www.vista-pro.com\/de\/wp-json\/wp\/v2\/property_city?post=27121"},{"taxonomy":"property_area","embeddable":true,"href":"https:\/\/www.vista-pro.com\/de\/wp-json\/wp\/v2\/property_area?post=27121"},{"taxonomy":"author","embeddable":true,"href":"https:\/\/www.vista-pro.com\/de\/wp-json\/wp\/v2\/ppma_author?post=27121"}],"curies":[{"name":"wp","href":"https:\/\/api.w.org\/{rel}","templated":true}]}}