{"id":30429,"date":"2025-03-19T19:43:59","date_gmt":"2025-03-19T17:43:59","guid":{"rendered":"https:\/\/www.vista-pro.com\/?post_type=property&#038;p=30429"},"modified":"2025-08-19T12:21:08","modified_gmt":"2025-08-19T10:21:08","slug":"novigrad-ground-floor-flat-near-the-center-and-the-sea","status":"publish","type":"property","link":"https:\/\/www.vista-pro.com\/hr\/real-estate\/novigrad-ground-floor-flat-near-the-center-and-the-sea\/","title":{"rendered":"Novigrad | Stan u prizemlju blizu centra i mora"},"content":{"rendered":"<h2 style=\"text-align: center;\">Novigrad | Stan u prizemlju sa vrtom i ljetnom kuhinjom blizu mora<\/h2>\n<p>&nbsp;<\/p>\n<p style=\"text-align: justify;\">Rijetkost na tr\u017ei\u0161tu! Prodaje se prekrasan namje\u0161ten stan u prizemlju sa vlastitom oku\u0107nicom u Novigradu u zgradi drugi red do mora! Ukupna povr\u0161ina stana je 61 m\u00b2. Stan se sastoji od dnevnog boravka s kuhinjom i blagovaonicom, dvije spava\u0107e sobe, kupaonice i ulaznog hodnika. Iz dnevnog boravka se izlazi na ure\u0111enu i ogra\u0111enu oku\u0107nicu od 35 m\u00b2 sa natkrivenom terasom, ljetnom kuhinjom i prostorom za dru\u017eenje. U podrumu zgrade nalazi se i ostava od 2,70 m\u00b2. Stan se grije i hladi klima ure\u0111ajem. Prodaje se kompletno namje\u0161ten i odmah useljiv. Stanu pripada i jedno ogra\u0111eno parkirno mjesto koje se nalazi uz zgradu.<\/p>\n<p style=\"text-align: justify;\">Stan se nalazi na atraktivnoj lokaciji samo 100 metara od mora i marine. U blizini se nalazi centar Novigrada te brojni restorani, kafi\u0107i, \u0161etnice i razni drugi sadr\u017eaji. S obzirom na polo\u017eaj i blizinu svih potrebnih sadr\u017eaja, stan je idealna za odmor, ali i za \u017eivot.<\/p>\n<hr \/>\n<p>&nbsp;<\/p>\n<div class=\"pvc_clear\"><\/div>\n<p id=\"pvc_stats_30429\" class=\"pvc_stats total_only\" data-element-id=\"30429\" style=\"\"><i class=\"pvc-stats-icon small\" aria-hidden=\"true\"><svg aria-hidden=\"true\" focusable=\"false\" data-prefix=\"far\" data-icon=\"chart-bar\" role=\"img\" xmlns=\"http:\/\/www.w3.org\/2000\/svg\" viewbox=\"0 0 512 512\" class=\"svg-inline--fa fa-chart-bar fa-w-16 fa-2x\"><path fill=\"currentColor\" d=\"M396.8 352h22.4c6.4 0 12.8-6.4 12.8-12.8V108.8c0-6.4-6.4-12.8-12.8-12.8h-22.4c-6.4 0-12.8 6.4-12.8 12.8v230.4c0 6.4 6.4 12.8 12.8 12.8zm-192 0h22.4c6.4 0 12.8-6.4 12.8-12.8V140.8c0-6.4-6.4-12.8-12.8-12.8h-22.4c-6.4 0-12.8 6.4-12.8 12.8v198.4c0 6.4 6.4 12.8 12.8 12.8zm96 0h22.4c6.4 0 12.8-6.4 12.8-12.8V204.8c0-6.4-6.4-12.8-12.8-12.8h-22.4c-6.4 0-12.8 6.4-12.8 12.8v134.4c0 6.4 6.4 12.8 12.8 12.8zM496 400H48V80c0-8.84-7.16-16-16-16H16C7.16 64 0 71.16 0 80v336c0 17.67 14.33 32 32 32h464c8.84 0 16-7.16 16-16v-16c0-8.84-7.16-16-16-16zm-387.2-48h22.4c6.4 0 12.8-6.4 12.8-12.8v-70.4c0-6.4-6.4-12.8-12.8-12.8h-22.4c-6.4 0-12.8 6.4-12.8 12.8v70.4c0 6.4 6.4 12.8 12.8 12.8z\" class=\"\"><\/path><\/svg><\/i> <img decoding=\"async\" width=\"16\" height=\"16\" alt=\"U\u010ditavam\" src=\"https:\/\/cdn.vista-pro.com\/wp-content\/plugins\/page-views-count\/ajax-loader-2x.gif?strip=all&quality=70&webp=70&avif=70&sharp=1&resize=16%2C16\" border=\"0\" \/><\/p>\n<div class=\"pvc_clear\"><\/div>","protected":false},"excerpt":{"rendered":"<p>Novigrad | Ground floor flat with garden and summer kitchen near the sea &nbsp; A rarity on the market! A beautiful furnished flat on the ground floor with its own garden in Novigrad is for sale in a building second row to the sea! The total area of \u200b\u200bthe flat is 61 m\u00b2. The apartment [&hellip;]<\/p>\n","protected":false},"author":22,"featured_media":30440,"parent":0,"menu_order":0,"template":"","property_type":[393,1199],"property_status":[30],"property_feature":[411,13,190,1207,192],"property_label":[33],"property_country":[65],"property_state":[22],"property_city":[84],"property_area":[1178],"ppma_author":[200,198,199],"class_list":["post-30429","property","type-property","status-publish","has-post-thumbnail","hentry","property_type-flat","property_type-residential-real-estate","property_status-for-sale","property_feature-5g-coverage","property_feature-air-conditioning","property_feature-arrranged-environment","property_feature-pvc-carpentry","property_feature-security-doors","property_label-hot-offer","property_country-croatia","property_state-istria","property_city-novigrad","property_area-novigrad"],"aioseo_notices":[],"property_meta":{"ppma_authors_name":["Vista Pro Network, Vista Pro, Alen Zubin"],"_edit_lock":["1762991603:1"],"_edit_last":["2"],"_wp_page_template":["default"],"fave_show_price_placeholder":["0"],"fave_property_map":["1"],"fave_property_location":["45.317850722059,13.563168946033,15"],"houzez_geolocation_lat":["45.317850722059"],"houzez_geolocation_long":["13.563168946033"],"fave_property_map_street_view":["hide"],"fave_featured":["0"],"houzez_featured_listing_date":[""],"fave_loggedintoview":["0"],"fave_agent_display_option":["agency_info"],"fave_prop_homeslider":["no"],"fave_single_top_area":["global"],"fave_single_content_area":["global"],"_aioseo_title":["#post_title"],"_aioseo_description":["A furnished flat on the ground floor with its own garden in Novigrad is for sale in a building second row to the sea! The total area of \u200b\u200bthe flat is 61 m\u00b2."],"_aioseo_keywords":["a:0:{}"],"_aioseo_og_title":[""],"_aioseo_og_description":[""],"_aioseo_og_article_section":[""],"_aioseo_og_article_tags":["a:0:{}"],"_aioseo_twitter_title":[""],"_aioseo_twitter_description":[""],"_a3_pvc_activated":["true"],"_ssb_hide":["false"],"ppma_disable_author_box":["0"],"houzez_manual_expire":["0"],"_houzez_expiration_date_status":["saved"],"_thumbnail_id":["30440"],"houzez_total_property_views":["2276"],"houzez_views_by_date":["a:61:{s:10:\"03-02-2026\";i:24;s:10:\"03-03-2026\";i:30;s:10:\"03-04-2026\";i:31;s:10:\"03-05-2026\";i:13;s:10:\"03-06-2026\";i:29;s:10:\"03-07-2026\";i:23;s:10:\"03-08-2026\";i:18;s:10:\"03-09-2026\";i:23;s:10:\"03-10-2026\";i:23;s:10:\"03-11-2026\";i:23;s:10:\"03-12-2026\";i:22;s:10:\"03-13-2026\";i:11;s:10:\"03-14-2026\";i:29;s:10:\"03-15-2026\";i:29;s:10:\"03-16-2026\";i:29;s:10:\"03-17-2026\";i:18;s:10:\"03-18-2026\";i:11;s:10:\"03-19-2026\";i:15;s:10:\"03-20-2026\";i:25;s:10:\"03-21-2026\";i:18;s:10:\"03-22-2026\";i:30;s:10:\"03-23-2026\";i:35;s:10:\"03-24-2026\";i:34;s:10:\"03-25-2026\";i:24;s:10:\"03-26-2026\";i:27;s:10:\"03-27-2026\";i:27;s:10:\"03-28-2026\";i:30;s:10:\"03-29-2026\";i:19;s:10:\"03-30-2026\";i:26;s:10:\"03-31-2026\";i:10;s:10:\"04-01-2026\";i:24;s:10:\"04-02-2026\";i:21;s:10:\"04-03-2026\";i:17;s:10:\"04-04-2026\";i:28;s:10:\"04-05-2026\";i:11;s:10:\"04-06-2026\";i:28;s:10:\"04-07-2026\";i:31;s:10:\"04-08-2026\";i:18;s:10:\"04-09-2026\";i:32;s:10:\"04-10-2026\";i:15;s:10:\"04-11-2026\";i:22;s:10:\"04-12-2026\";i:35;s:10:\"04-13-2026\";i:22;s:10:\"04-14-2026\";i:19;s:10:\"04-15-2026\";i:18;s:10:\"04-16-2026\";i:22;s:10:\"04-17-2026\";i:10;s:10:\"04-18-2026\";i:22;s:10:\"04-19-2026\";i:25;s:10:\"04-20-2026\";i:24;s:10:\"04-21-2026\";i:15;s:10:\"04-22-2026\";i:24;s:10:\"04-23-2026\";i:22;s:10:\"04-24-2026\";i:26;s:10:\"04-25-2026\";i:23;s:10:\"04-26-2026\";i:31;s:10:\"04-27-2026\";i:24;s:10:\"04-28-2026\";i:25;s:10:\"04-29-2026\";i:18;s:10:\"04-30-2026\";i:8;s:10:\"05-01-2026\";i:8;}"],"houzez_recently_viewed":["2026-05-01 03:11:08"],"ssb_old_counts":["a:5:{s:7:\"twitter\";i:0;s:9:\"pinterest\";i:0;s:7:\"fbshare\";i:0;s:6:\"reddit\";i:0;s:6:\"tumblr\";i:0;}"],"ssb_total_counts":["0"],"ssb_cache_timestamp":["493773"],"fave_property_price":["269000"],"fave_property_sec_price":["4409.83"],"fave_property_price_postfix":["m\u00b2"],"fave_property_size":["61"],"fave_property_size_prefix":["m\u00b2"],"fave_property_land":["35"],"fave_property_land_postfix":["m\u00b2"],"fave_property_bedrooms":["2"],"fave_property_rooms":["6"],"fave_property_bathrooms":["1"],"fave_property_year":["2008"],"fave_property_id":["VPN-3231"],"fave_seaview":["No"],"fave_distance-from-center":["0.1 Km"],"fave_distance-from-sea":["0.1 Km"],"fave_number-of-floors":["1"],"fave_parking-slot":["1"],"fave_renovated":["Yes"],"fave_furnished":["Yes"],"fave_basement":["Yes"],"fave_terrace":["1"],"fave_adapted-for-the-disabled":["No"],"fave_price-m":["4409.83"],"fave_documentation":["In Order"],"fave_availability":["Instantly"],"fave_property_map_address":["Novigrad, Croatia"],"fave_property_address":["Novigrad, Croatia"],"fave_property_zip":["52466"],"fave_property_agency":["17629"],"fave_property_images":["30440","30442","30446","30444","30452","30441","30448","30443","30447","30445","30435","30436","30437","30434","30438","30439","30431","30433","30432","30449","30450","30451","30453","30454"],"_wppd_post_disclaimer_disable":["0"],"_wppd_post_disclaimer_position":[""],"_wppd_post_disclaimer_title":[""],"_wppd_post_disclaimer_content":[""],"_wppd_post_disclaimer_title_tag":[""],"_wppd_post_disclaimer_style":[""],"_wppd_post_disclaimer_icon":[""],"_wppd_post_disclaimer_icon_size":[""],"_elementor_page_assets":["a:0:{}"]},"a3_pvc":{"activated":true,"total_views":6840,"today_views":0},"aioseo_head":"\n\t\t<!-- All in One SEO Pro 4.9.6.2 - aioseo.com -->\n\t<meta name=\"description\" content=\"A furnished flat on the ground floor with its own garden in Novigrad is for sale in a building second row to the sea! The total area of \u200b\u200bthe flat is 61 m\u00b2.\" \/>\n\t<meta name=\"robots\" content=\"max-image-preview:large\" \/>\n\t<meta name=\"author\" content=\"Vista Pro Network\"\/>\n\t<meta name=\"google-site-verification\" content=\"4oFqZzmLWcyWIMy4eA-JPvOMpUyQMlWKGExznAh2ivE\" \/>\n\t<meta name=\"msvalidate.01\" content=\"ce086a5b504f44708dc7e1183b682878\" \/>\n\t<meta name=\"yandex-verification\" content=\"6797e2747f288a3d\" \/>\n\t<link rel=\"canonical\" href=\"https:\/\/www.vista-pro.com\/hr\/real-estate\/novigrad-ground-floor-flat-near-the-center-and-the-sea\/\" \/>\n\t<meta name=\"generator\" content=\"All in One SEO Pro (AIOSEO) 4.9.6.2\" \/>\n\t\t<meta property=\"og:locale\" content=\"hr_HR\" \/>\n\t\t<meta property=\"og:site_name\" content=\"Vista Pro | Real Estate Istria\" \/>\n\t\t<meta property=\"og:type\" content=\"article\" \/>\n\t\t<meta property=\"og:title\" content=\"Novigrad | Ground floor flat near the center and the sea\" \/>\n\t\t<meta property=\"og:description\" content=\"A furnished flat on the ground floor with its own garden in Novigrad is for sale in a building second row to the sea! The total area of \u200b\u200bthe flat is 61 m\u00b2.\" \/>\n\t\t<meta property=\"og:url\" content=\"https:\/\/www.vista-pro.com\/hr\/real-estate\/novigrad-ground-floor-flat-near-the-center-and-the-sea\/\" \/>\n\t\t<meta property=\"fb:app_id\" content=\"251215160915905\" \/>\n\t\t<meta property=\"og:image\" content=\"https:\/\/www.vista-pro.com\/wp-content\/uploads\/2025\/03\/novigrad-ground-floor-flat-near-the-center-and-the-sea-10.jpg\" \/>\n\t\t<meta property=\"og:image:secure_url\" content=\"https:\/\/www.vista-pro.com\/wp-content\/uploads\/2025\/03\/novigrad-ground-floor-flat-near-the-center-and-the-sea-10.jpg\" \/>\n\t\t<meta property=\"og:image:width\" content=\"2160\" \/>\n\t\t<meta property=\"og:image:height\" content=\"1440\" \/>\n\t\t<meta property=\"article:published_time\" content=\"2025-03-19T17:43:59+00:00\" \/>\n\t\t<meta property=\"article:modified_time\" content=\"2025-08-19T10:21:08+00:00\" \/>\n\t\t<meta property=\"article:publisher\" content=\"https:\/\/facebook.com\/vistapronetwork\" \/>\n\t\t<meta name=\"twitter:card\" content=\"summary_large_image\" \/>\n\t\t<meta name=\"twitter:site\" content=\"@vistapronetwork\" \/>\n\t\t<meta name=\"twitter:title\" content=\"Novigrad | Ground floor flat near the center and the sea\" \/>\n\t\t<meta name=\"twitter:description\" content=\"A furnished flat on the ground floor with its own garden in Novigrad is for sale in a building second row to the sea! The total area of \u200b\u200bthe flat is 61 m\u00b2.\" \/>\n\t\t<meta name=\"twitter:creator\" content=\"@vistapronetwork\" \/>\n\t\t<meta name=\"twitter:image\" content=\"https:\/\/www.vista-pro.com\/wp-content\/uploads\/2025\/03\/novigrad-ground-floor-flat-near-the-center-and-the-sea-10.jpg\" \/>\n\t\t<meta name=\"twitter:label1\" content=\"Written by\" \/>\n\t\t<meta name=\"twitter:data1\" content=\"Vista Pro Network\" \/>\n\t\t<meta name=\"twitter:label2\" content=\"Est. reading time\" \/>\n\t\t<meta name=\"twitter:data2\" content=\"1 minute\" \/>\n\t\t<script type=\"application\/ld+json\" class=\"aioseo-schema\">\n\t\t\t{\"@context\":\"https:\\\/\\\/schema.org\",\"@graph\":[{\"@type\":\"BreadcrumbList\",\"@id\":\"https:\\\/\\\/www.vista-pro.com\\\/hr\\\/real-estate\\\/novigrad-ground-floor-flat-near-the-center-and-the-sea\\\/#breadcrumblist\",\"itemListElement\":[{\"@type\":\"ListItem\",\"@id\":\"https:\\\/\\\/www.vista-pro.com\\\/hr#listItem\",\"position\":1,\"name\":\"Home\",\"item\":\"https:\\\/\\\/www.vista-pro.com\\\/hr\",\"nextItem\":{\"@type\":\"ListItem\",\"@id\":\"https:\\\/\\\/www.vista-pro.com\\\/hr\\\/real-estate\\\/#listItem\",\"name\":\"Nekretnine\"}},{\"@type\":\"ListItem\",\"@id\":\"https:\\\/\\\/www.vista-pro.com\\\/hr\\\/real-estate\\\/#listItem\",\"position\":2,\"name\":\"Nekretnine\",\"item\":\"https:\\\/\\\/www.vista-pro.com\\\/hr\\\/real-estate\\\/\",\"nextItem\":{\"@type\":\"ListItem\",\"@id\":\"https:\\\/\\\/www.vista-pro.com\\\/hr\\\/real-estate-type\\\/residential-real-estate\\\/#listItem\",\"name\":\"Residential Real Estate\"},\"previousItem\":{\"@type\":\"ListItem\",\"@id\":\"https:\\\/\\\/www.vista-pro.com\\\/hr#listItem\",\"name\":\"Home\"}},{\"@type\":\"ListItem\",\"@id\":\"https:\\\/\\\/www.vista-pro.com\\\/hr\\\/real-estate-type\\\/residential-real-estate\\\/#listItem\",\"position\":3,\"name\":\"Residential Real Estate\",\"item\":\"https:\\\/\\\/www.vista-pro.com\\\/hr\\\/real-estate-type\\\/residential-real-estate\\\/\",\"nextItem\":{\"@type\":\"ListItem\",\"@id\":\"https:\\\/\\\/www.vista-pro.com\\\/hr\\\/real-estate-type\\\/flat\\\/#listItem\",\"name\":\"Flat\"},\"previousItem\":{\"@type\":\"ListItem\",\"@id\":\"https:\\\/\\\/www.vista-pro.com\\\/hr\\\/real-estate\\\/#listItem\",\"name\":\"Nekretnine\"}},{\"@type\":\"ListItem\",\"@id\":\"https:\\\/\\\/www.vista-pro.com\\\/hr\\\/real-estate-type\\\/flat\\\/#listItem\",\"position\":4,\"name\":\"Flat\",\"item\":\"https:\\\/\\\/www.vista-pro.com\\\/hr\\\/real-estate-type\\\/flat\\\/\",\"nextItem\":{\"@type\":\"ListItem\",\"@id\":\"https:\\\/\\\/www.vista-pro.com\\\/hr\\\/real-estate\\\/novigrad-ground-floor-flat-near-the-center-and-the-sea\\\/#listItem\",\"name\":\"Novigrad | Ground floor flat near the center and the sea\"},\"previousItem\":{\"@type\":\"ListItem\",\"@id\":\"https:\\\/\\\/www.vista-pro.com\\\/hr\\\/real-estate-type\\\/residential-real-estate\\\/#listItem\",\"name\":\"Residential Real Estate\"}},{\"@type\":\"ListItem\",\"@id\":\"https:\\\/\\\/www.vista-pro.com\\\/hr\\\/real-estate\\\/novigrad-ground-floor-flat-near-the-center-and-the-sea\\\/#listItem\",\"position\":5,\"name\":\"Novigrad | Ground floor flat near the center and the sea\",\"previousItem\":{\"@type\":\"ListItem\",\"@id\":\"https:\\\/\\\/www.vista-pro.com\\\/hr\\\/real-estate-type\\\/flat\\\/#listItem\",\"name\":\"Flat\"}}]},{\"@type\":\"Organization\",\"@id\":\"https:\\\/\\\/www.vista-pro.com\\\/hr\\\/#organization\",\"name\":\"Vista Pro Network | Real Estate | Istria | Umag Buje Novigrad Porec Rovinj\",\"description\":\"Vista Pro Network | Real Estate | Istria | Umag Buje Novigrad Porec Rovinj\",\"url\":\"https:\\\/\\\/www.vista-pro.com\\\/hr\\\/\",\"email\":\"info@vista-pro.com\",\"telephone\":\"+385915127282\",\"logo\":{\"@type\":\"ImageObject\",\"url\":\"https:\\\/\\\/vista-pro.com\\\/wp-content\\\/uploads\\\/2022\\\/05\\\/logo-b.png\",\"@id\":\"https:\\\/\\\/www.vista-pro.com\\\/hr\\\/real-estate\\\/novigrad-ground-floor-flat-near-the-center-and-the-sea\\\/#organizationLogo\"},\"image\":{\"@id\":\"https:\\\/\\\/www.vista-pro.com\\\/hr\\\/real-estate\\\/novigrad-ground-floor-flat-near-the-center-and-the-sea\\\/#organizationLogo\"},\"sameAs\":[\"https:\\\/\\\/facebook.com\\\/vistapronetwork\",\"https:\\\/\\\/x.com\\\/vistapronetwork\",\"https:\\\/\\\/instagram.com\\\/vistapronetwork\",\"https:\\\/\\\/pinterest.com\\\/vistapronetwork\",\"https:\\\/\\\/youtube.com\\\/@vistapronetwork\",\"https:\\\/\\\/linkedin.com\\\/in\\\/vistapronetwork\"],\"address\":{\"@id\":\"https:\\\/\\\/www.vista-pro.com\\\/hr\\\/#postaladdress\",\"@type\":\"PostalAddress\",\"streetAddress\":\"Vladimir Nazor 5,\",\"postalCode\":\"52470\",\"addressLocality\":\"Umag\",\"addressRegion\":\"Istria\",\"addressCountry\":\"HR\"},\"vatID\":\"HR30117654631\"},{\"@type\":\"Person\",\"@id\":\"https:\\\/\\\/www.vista-pro.com\\\/hr\\\/author\\\/agency\\\/#author\",\"url\":\"https:\\\/\\\/www.vista-pro.com\\\/hr\\\/author\\\/agency\\\/\",\"name\":\"Vista Pro Network\"},{\"@type\":\"RealEstateListing\",\"@id\":\"https:\\\/\\\/www.vista-pro.com\\\/hr\\\/real-estate\\\/novigrad-ground-floor-flat-near-the-center-and-the-sea\\\/#realestatelisting\",\"url\":\"https:\\\/\\\/www.vista-pro.com\\\/hr\\\/real-estate\\\/novigrad-ground-floor-flat-near-the-center-and-the-sea\\\/\",\"name\":\"Novigrad | Ground floor flat near the center and the sea\",\"description\":\"A furnished flat on the ground floor with its own garden in Novigrad is for sale in a building second row to the sea! The total area of \\u200b\\u200bthe flat is 61 m\\u00b2.\",\"inLanguage\":\"hr\",\"isPartOf\":{\"@id\":\"https:\\\/\\\/www.vista-pro.com\\\/hr\\\/#website\"},\"breadcrumb\":{\"@id\":\"https:\\\/\\\/www.vista-pro.com\\\/hr\\\/real-estate\\\/novigrad-ground-floor-flat-near-the-center-and-the-sea\\\/#breadcrumblist\"},\"author\":{\"@id\":\"https:\\\/\\\/www.vista-pro.com\\\/hr\\\/author\\\/agency\\\/#author\"},\"creator\":{\"@id\":\"https:\\\/\\\/www.vista-pro.com\\\/hr\\\/author\\\/agency\\\/#author\"},\"image\":{\"@type\":\"ImageObject\",\"url\":\"https:\\\/\\\/cdn.vista-pro.com\\\/wp-content\\\/uploads\\\/2025\\\/03\\\/novigrad-ground-floor-flat-near-the-center-and-the-sea-10.jpg?strip=all&quality=70&webp=70&avif=70&sharp=1\",\"@id\":\"https:\\\/\\\/www.vista-pro.com\\\/hr\\\/real-estate\\\/novigrad-ground-floor-flat-near-the-center-and-the-sea\\\/#mainImage\",\"width\":2160,\"height\":1440,\"caption\":\"novigrad ground floor flat near the center and the sea\"},\"primaryImageOfPage\":{\"@id\":\"https:\\\/\\\/www.vista-pro.com\\\/hr\\\/real-estate\\\/novigrad-ground-floor-flat-near-the-center-and-the-sea\\\/#mainImage\"},\"datePublished\":\"2025-03-19T19:43:59+02:00\",\"dateModified\":\"2025-08-19T12:21:08+02:00\",\"datePosted\":\"2025-03-19T19:43:59+02:00\"},{\"@type\":\"WebPage\",\"@id\":\"https:\\\/\\\/www.vista-pro.com\\\/hr\\\/real-estate\\\/novigrad-ground-floor-flat-near-the-center-and-the-sea\\\/#webpage\",\"url\":\"https:\\\/\\\/www.vista-pro.com\\\/hr\\\/real-estate\\\/novigrad-ground-floor-flat-near-the-center-and-the-sea\\\/\",\"name\":\"Novigrad | Ground floor flat near the center and the sea\",\"description\":\"A furnished flat on the ground floor with its own garden in Novigrad is for sale in a building second row to the sea! The total area of \\u200b\\u200bthe flat is 61 m\\u00b2.\",\"inLanguage\":\"hr\",\"isPartOf\":{\"@id\":\"https:\\\/\\\/www.vista-pro.com\\\/hr\\\/#website\"},\"breadcrumb\":{\"@id\":\"https:\\\/\\\/www.vista-pro.com\\\/hr\\\/real-estate\\\/novigrad-ground-floor-flat-near-the-center-and-the-sea\\\/#breadcrumblist\"},\"author\":{\"@id\":\"https:\\\/\\\/www.vista-pro.com\\\/hr\\\/author\\\/agency\\\/#author\"},\"creator\":{\"@id\":\"https:\\\/\\\/www.vista-pro.com\\\/hr\\\/author\\\/agency\\\/#author\"},\"image\":{\"@type\":\"ImageObject\",\"url\":\"https:\\\/\\\/cdn.vista-pro.com\\\/wp-content\\\/uploads\\\/2025\\\/03\\\/novigrad-ground-floor-flat-near-the-center-and-the-sea-10.jpg?strip=all&quality=70&webp=70&avif=70&sharp=1\",\"@id\":\"https:\\\/\\\/www.vista-pro.com\\\/hr\\\/real-estate\\\/novigrad-ground-floor-flat-near-the-center-and-the-sea\\\/#mainImage\",\"width\":2160,\"height\":1440,\"caption\":\"novigrad ground floor flat near the center and the sea\"},\"primaryImageOfPage\":{\"@id\":\"https:\\\/\\\/www.vista-pro.com\\\/hr\\\/real-estate\\\/novigrad-ground-floor-flat-near-the-center-and-the-sea\\\/#mainImage\"},\"datePublished\":\"2025-03-19T19:43:59+02:00\",\"dateModified\":\"2025-08-19T12:21:08+02:00\"},{\"@type\":\"WebSite\",\"@id\":\"https:\\\/\\\/www.vista-pro.com\\\/hr\\\/#website\",\"url\":\"https:\\\/\\\/www.vista-pro.com\\\/hr\\\/\",\"name\":\"Vista Pro | Real Estate Istria\",\"alternateName\":\"Vista Pro Network | Real Estate\",\"description\":\"Vista Pro Network | Real Estate | Istria | Umag Buje Novigrad Porec Rovinj\",\"inLanguage\":\"hr\",\"publisher\":{\"@id\":\"https:\\\/\\\/www.vista-pro.com\\\/hr\\\/#organization\"}}]}\n\t\t<\/script>\n\t\t<!-- All in One SEO Pro -->\r\n\t\t<title>Novigrad | Ground floor flat near the center and the sea<\/title>\n\n","aioseo_head_json":{"title":"Novigrad | Stan u prizemlju blizu centra i mora","description":"Prodaje se namje\u0161ten stan u prizemlju sa vlastitom oku\u0107nicom u Novigradu u zgradi drugi red do mora! Ukupna povr\u0161ina stana je 61 m\u00b2.","canonical_url":"https:\/\/www.vista-pro.com\/hr\/real-estate\/novigrad-ground-floor-flat-near-the-center-and-the-sea\/","robots":"max-image-preview:large","keywords":"","webmasterTools":{"google-site-verification":"4oFqZzmLWcyWIMy4eA-JPvOMpUyQMlWKGExznAh2ivE","msvalidate.01":"ce086a5b504f44708dc7e1183b682878","yandex-verification":"6797e2747f288a3d","miscellaneous":""},"schema":{"@context":"https:\/\/schema.org","@graph":[{"@type":"BreadcrumbList","@id":"https:\/\/www.vista-pro.com\/hr\/real-estate\/novigrad-ground-floor-flat-near-the-center-and-the-sea\/#breadcrumblist","itemListElement":[{"@type":"ListItem","@id":"https:\/\/www.vista-pro.com\/hr#listItem","position":1,"name":"Home","item":"https:\/\/www.vista-pro.com\/hr","nextItem":{"@type":"ListItem","@id":"https:\/\/www.vista-pro.com\/hr\/real-estate\/#listItem","name":"Nekretnine"}},{"@type":"ListItem","@id":"https:\/\/www.vista-pro.com\/hr\/real-estate\/#listItem","position":2,"name":"Nekretnine","item":"https:\/\/www.vista-pro.com\/hr\/real-estate\/","nextItem":{"@type":"ListItem","@id":"https:\/\/www.vista-pro.com\/hr\/real-estate-type\/residential-real-estate\/#listItem","name":"Residential Real Estate"},"previousItem":{"@type":"ListItem","@id":"https:\/\/www.vista-pro.com\/hr#listItem","name":"Home"}},{"@type":"ListItem","@id":"https:\/\/www.vista-pro.com\/hr\/real-estate-type\/residential-real-estate\/#listItem","position":3,"name":"Residential Real Estate","item":"https:\/\/www.vista-pro.com\/hr\/real-estate-type\/residential-real-estate\/","nextItem":{"@type":"ListItem","@id":"https:\/\/www.vista-pro.com\/hr\/real-estate-type\/flat\/#listItem","name":"Flat"},"previousItem":{"@type":"ListItem","@id":"https:\/\/www.vista-pro.com\/hr\/real-estate\/#listItem","name":"Nekretnine"}},{"@type":"ListItem","@id":"https:\/\/www.vista-pro.com\/hr\/real-estate-type\/flat\/#listItem","position":4,"name":"Flat","item":"https:\/\/www.vista-pro.com\/hr\/real-estate-type\/flat\/","nextItem":{"@type":"ListItem","@id":"https:\/\/www.vista-pro.com\/hr\/real-estate\/novigrad-ground-floor-flat-near-the-center-and-the-sea\/#listItem","name":"Novigrad | Ground floor flat near the center and the sea"},"previousItem":{"@type":"ListItem","@id":"https:\/\/www.vista-pro.com\/hr\/real-estate-type\/residential-real-estate\/#listItem","name":"Residential Real Estate"}},{"@type":"ListItem","@id":"https:\/\/www.vista-pro.com\/hr\/real-estate\/novigrad-ground-floor-flat-near-the-center-and-the-sea\/#listItem","position":5,"name":"Novigrad | Ground floor flat near the center and the sea","previousItem":{"@type":"ListItem","@id":"https:\/\/www.vista-pro.com\/hr\/real-estate-type\/flat\/#listItem","name":"Flat"}}]},{"@type":"Organization","@id":"https:\/\/www.vista-pro.com\/hr\/#organization","name":"Vista Pro Network | Real Estate | Istria | Umag Buje Novigrad Porec Rovinj","description":"Vista Pro Network | Real Estate | Istria | Umag Buje Novigrad Porec Rovinj","url":"https:\/\/www.vista-pro.com\/hr\/","email":"info@vista-pro.com","telephone":"+385915127282","logo":{"@type":"ImageObject","url":"https:\/\/vista-pro.com\/wp-content\/uploads\/2022\/05\/logo-b.png","@id":"https:\/\/www.vista-pro.com\/hr\/real-estate\/novigrad-ground-floor-flat-near-the-center-and-the-sea\/#organizationLogo"},"image":{"@id":"https:\/\/www.vista-pro.com\/hr\/real-estate\/novigrad-ground-floor-flat-near-the-center-and-the-sea\/#organizationLogo"},"sameAs":["https:\/\/facebook.com\/vistapronetwork","https:\/\/x.com\/vistapronetwork","https:\/\/instagram.com\/vistapronetwork","https:\/\/pinterest.com\/vistapronetwork","https:\/\/youtube.com\/@vistapronetwork","https:\/\/linkedin.com\/in\/vistapronetwork"],"address":{"@id":"https:\/\/www.vista-pro.com\/hr\/#postaladdress","@type":"PostalAddress","streetAddress":"Vladimir Nazor 5,","postalCode":"52470","addressLocality":"Umag","addressRegion":"Istria","addressCountry":"HR"},"vatID":"HR30117654631"},{"@type":"Person","@id":"https:\/\/www.vista-pro.com\/hr\/author\/agency\/#author","url":"https:\/\/www.vista-pro.com\/hr\/author\/agency\/","name":"Vista Pro Network"},{"@type":"RealEstateListing","@id":"https:\/\/www.vista-pro.com\/hr\/real-estate\/novigrad-ground-floor-flat-near-the-center-and-the-sea\/#realestatelisting","url":"https:\/\/www.vista-pro.com\/hr\/real-estate\/novigrad-ground-floor-flat-near-the-center-and-the-sea\/","name":"Novigrad | Ground floor flat near the center and the sea","description":"A furnished flat on the ground floor with its own garden in Novigrad is for sale in a building second row to the sea! The total area of \u200b\u200bthe flat is 61 m\u00b2.","inLanguage":"hr","isPartOf":{"@id":"https:\/\/www.vista-pro.com\/hr\/#website"},"breadcrumb":{"@id":"https:\/\/www.vista-pro.com\/hr\/real-estate\/novigrad-ground-floor-flat-near-the-center-and-the-sea\/#breadcrumblist"},"author":{"@id":"https:\/\/www.vista-pro.com\/hr\/author\/agency\/#author"},"creator":{"@id":"https:\/\/www.vista-pro.com\/hr\/author\/agency\/#author"},"image":{"@type":"ImageObject","url":"https:\/\/cdn.vista-pro.com\/wp-content\/uploads\/2025\/03\/novigrad-ground-floor-flat-near-the-center-and-the-sea-10.jpg?strip=all&quality=70&webp=70&avif=70&sharp=1","@id":"https:\/\/www.vista-pro.com\/hr\/real-estate\/novigrad-ground-floor-flat-near-the-center-and-the-sea\/#mainImage","width":2160,"height":1440,"caption":"novigrad ground floor flat near the center and the sea"},"primaryImageOfPage":{"@id":"https:\/\/www.vista-pro.com\/hr\/real-estate\/novigrad-ground-floor-flat-near-the-center-and-the-sea\/#mainImage"},"datePublished":"2025-03-19T19:43:59+02:00","dateModified":"2025-08-19T12:21:08+02:00","datePosted":"2025-03-19T19:43:59+02:00"},{"@type":"WebPage","@id":"https:\/\/www.vista-pro.com\/hr\/real-estate\/novigrad-ground-floor-flat-near-the-center-and-the-sea\/#webpage","url":"https:\/\/www.vista-pro.com\/hr\/real-estate\/novigrad-ground-floor-flat-near-the-center-and-the-sea\/","name":"Novigrad | Ground floor flat near the center and the sea","description":"A furnished flat on the ground floor with its own garden in Novigrad is for sale in a building second row to the sea! The total area of \u200b\u200bthe flat is 61 m\u00b2.","inLanguage":"hr","isPartOf":{"@id":"https:\/\/www.vista-pro.com\/hr\/#website"},"breadcrumb":{"@id":"https:\/\/www.vista-pro.com\/hr\/real-estate\/novigrad-ground-floor-flat-near-the-center-and-the-sea\/#breadcrumblist"},"author":{"@id":"https:\/\/www.vista-pro.com\/hr\/author\/agency\/#author"},"creator":{"@id":"https:\/\/www.vista-pro.com\/hr\/author\/agency\/#author"},"image":{"@type":"ImageObject","url":"https:\/\/cdn.vista-pro.com\/wp-content\/uploads\/2025\/03\/novigrad-ground-floor-flat-near-the-center-and-the-sea-10.jpg?strip=all&quality=70&webp=70&avif=70&sharp=1","@id":"https:\/\/www.vista-pro.com\/hr\/real-estate\/novigrad-ground-floor-flat-near-the-center-and-the-sea\/#mainImage","width":2160,"height":1440,"caption":"novigrad ground floor flat near the center and the sea"},"primaryImageOfPage":{"@id":"https:\/\/www.vista-pro.com\/hr\/real-estate\/novigrad-ground-floor-flat-near-the-center-and-the-sea\/#mainImage"},"datePublished":"2025-03-19T19:43:59+02:00","dateModified":"2025-08-19T12:21:08+02:00"},{"@type":"WebSite","@id":"https:\/\/www.vista-pro.com\/hr\/#website","url":"https:\/\/www.vista-pro.com\/hr\/","name":"Vista Pro | Real Estate Istria","alternateName":"Vista Pro Network | Real Estate","description":"Vista Pro Network | Real Estate | Istria | Umag Buje Novigrad Porec Rovinj","inLanguage":"hr","publisher":{"@id":"https:\/\/www.vista-pro.com\/hr\/#organization"}}]},"og:locale":"hr_HR","og:site_name":"Vista Pro | Real Estate Istria","og:type":"article","og:title":"Novigrad | Ground floor flat near the center and the sea","og:description":"A furnished flat on the ground floor with its own garden in Novigrad is for sale in a building second row to the sea! The total area of \u200b\u200bthe flat is 61 m\u00b2.","og:url":"https:\/\/www.vista-pro.com\/hr\/real-estate\/novigrad-ground-floor-flat-near-the-center-and-the-sea\/","fb:app_id":"251215160915905","og:image":"https:\/\/www.vista-pro.com\/wp-content\/uploads\/2025\/03\/novigrad-ground-floor-flat-near-the-center-and-the-sea-10.jpg","og:image:secure_url":"https:\/\/www.vista-pro.com\/wp-content\/uploads\/2025\/03\/novigrad-ground-floor-flat-near-the-center-and-the-sea-10.jpg","og:image:width":2160,"og:image:height":1440,"article:published_time":"2025-03-19T17:43:59+00:00","article:modified_time":"2025-08-19T10:21:08+00:00","article:publisher":"https:\/\/facebook.com\/vistapronetwork","twitter:card":"summary_large_image","twitter:site":"@vistapronetwork","twitter:title":"Novigrad | Ground floor flat near the center and the sea","twitter:description":"A furnished flat on the ground floor with its own garden in Novigrad is for sale in a building second row to the sea! The total area of \u200b\u200bthe flat is 61 m\u00b2.","twitter:creator":"@vistapronetwork","twitter:image":"https:\/\/www.vista-pro.com\/wp-content\/uploads\/2025\/03\/novigrad-ground-floor-flat-near-the-center-and-the-sea-10.jpg","twitter:label1":"Written by","twitter:data1":"Vista Pro Network","twitter:label2":"Est. reading time","twitter:data2":"1 minute"},"aioseo_meta_data":{"post_id":"30429","title":"#naslov_objave","description":"Prodaje se namje\u0161ten stan u prizemlju sa vlastitom oku\u0107nicom u Novigradu u zgradi drugi red do mora! Ukupna povr\u0161ina stana je 61 m\u00b2.","keywords":null,"keyphrases":{"focus":{"keyphrase":"Novigrad","score":90,"analysis":{"keyphraseInTitle":{"score":9,"maxScore":9,"error":0},"keyphraseInDescription":{"score":9,"maxScore":9,"error":0},"keyphraseLength":{"score":9,"maxScore":9,"error":0,"length":1},"keyphraseInURL":{"score":5,"maxScore":5,"error":0},"keyphraseInIntroduction":{"score":3,"maxScore":9,"error":1},"keyphraseInSubHeadings":{"score":9,"maxScore":9,"error":0},"keyphraseInImageAlt":[],"keywordDensity":{"type":"best","score":9,"maxScore":9,"error":0}}},"additional":[{"keyphrase":"flat","score":58,"analysis":{"keyphraseInDescription":{"score":9,"maxScore":9,"error":0},"keyphraseLength":{"score":9,"maxScore":9,"error":0,"length":1},"keyphraseInIntroduction":{"score":3,"maxScore":9,"error":1},"keyphraseInImageAlt":[],"keywordDensity":{"type":"high","score":0,"maxScore":9,"error":1}}}]},"primary_term":null,"canonical_url":null,"og_title":null,"og_description":null,"og_object_type":"default","og_image_type":"default","og_image_url":null,"og_image_width":null,"og_image_height":null,"og_image_custom_url":null,"og_image_custom_fields":null,"og_video":"","og_custom_url":null,"og_article_section":null,"og_article_tags":null,"twitter_use_og":true,"twitter_card":"default","twitter_image_type":"default","twitter_image_url":null,"twitter_image_custom_url":null,"twitter_image_custom_fields":null,"twitter_title":null,"twitter_description":null,"schema":{"blockGraphs":[],"customGraphs":[],"default":{"data":{"Article":[],"Course":[],"Dataset":[],"FAQPage":[],"Movie":[],"Person":[],"Product":[],"ProductReview":[],"Car":[],"Recipe":[],"Service":[],"SoftwareApplication":[],"WebPage":[]},"graphName":"RealEstateListing","isEnabled":true},"graphs":[]},"schema_type":"default","schema_type_options":null,"pillar_content":false,"robots_default":true,"robots_noindex":false,"robots_noarchive":false,"robots_nosnippet":false,"robots_nofollow":false,"robots_noimageindex":false,"robots_noodp":false,"robots_notranslate":false,"robots_max_snippet":"-1","robots_max_videopreview":"-1","robots_max_imagepreview":"large","priority":null,"frequency":"default","local_seo":null,"seo_analyzer_scan_date":"2025-12-19 19:08:47","breadcrumb_settings":null,"limit_modified_date":false,"open_ai":"{\"title\":{\"suggestions\":[],\"usage\":0},\"description\":{\"suggestions\":[],\"usage\":0}}","ai":{"faqs":[],"keyPoints":[],"titles":[],"descriptions":[],"socialPosts":{"email":[],"linkedin":[],"twitter":[],"facebook":[],"instagram":[]}},"created":"2025-03-19 14:38:21","updated":"2025-12-19 19:08:47"},"aioseo_breadcrumb":"<div class=\"aioseo-breadcrumbs\"><span class=\"aioseo-breadcrumb\">\n\t<a href=\"https:\/\/www.vista-pro.com\/hr\" title=\"Home\">Home<\/a>\n<\/span><span class=\"aioseo-breadcrumb-separator\">|<\/span><span class=\"aioseo-breadcrumb\">\n\t<a href=\"https:\/\/www.vista-pro.com\/hr\/real-estate\/\" title=\"Nekretnine\">Nekretnine<\/a>\n<\/span><span class=\"aioseo-breadcrumb-separator\">|<\/span><span class=\"aioseo-breadcrumb\">\n\t<a href=\"https:\/\/www.vista-pro.com\/hr\/real-estate-type\/residential-real-estate\/\" title=\"Residential Real Estate\">Residential Real Estate<\/a>\n<\/span><span class=\"aioseo-breadcrumb-separator\">|<\/span><span class=\"aioseo-breadcrumb\">\n\t<a href=\"https:\/\/www.vista-pro.com\/hr\/real-estate-type\/flat\/\" title=\"Flat\">Flat<\/a>\n<\/span><span class=\"aioseo-breadcrumb-separator\">|<\/span><span class=\"aioseo-breadcrumb\">\n\tNovigrad | Ground floor flat near the center and the sea\n<\/span><\/div>","aioseo_breadcrumb_json":[{"label":"Home","link":"https:\/\/www.vista-pro.com\/hr"},{"label":"Nekretnine","link":"https:\/\/www.vista-pro.com\/hr\/real-estate\/"},{"label":"Residential Real Estate","link":"https:\/\/www.vista-pro.com\/hr\/real-estate-type\/residential-real-estate\/"},{"label":"Flat","link":"https:\/\/www.vista-pro.com\/hr\/real-estate-type\/flat\/"},{"label":"Novigrad | Ground floor flat near the center and the sea","link":"https:\/\/www.vista-pro.com\/hr\/real-estate\/novigrad-ground-floor-flat-near-the-center-and-the-sea\/"}],"_links":{"self":[{"href":"https:\/\/www.vista-pro.com\/hr\/wp-json\/wp\/v2\/properties\/30429","targetHints":{"allow":["GET"]}}],"collection":[{"href":"https:\/\/www.vista-pro.com\/hr\/wp-json\/wp\/v2\/properties"}],"about":[{"href":"https:\/\/www.vista-pro.com\/hr\/wp-json\/wp\/v2\/types\/property"}],"author":[{"embeddable":true,"href":"https:\/\/www.vista-pro.com\/hr\/wp-json\/wp\/v2\/users\/22"}],"version-history":[{"count":1,"href":"https:\/\/www.vista-pro.com\/hr\/wp-json\/wp\/v2\/properties\/30429\/revisions"}],"predecessor-version":[{"id":30693,"href":"https:\/\/www.vista-pro.com\/hr\/wp-json\/wp\/v2\/properties\/30429\/revisions\/30693"}],"wp:featuredmedia":[{"embeddable":true,"href":"https:\/\/www.vista-pro.com\/hr\/wp-json\/wp\/v2\/media\/30440"}],"wp:attachment":[{"href":"https:\/\/www.vista-pro.com\/hr\/wp-json\/wp\/v2\/media?parent=30429"}],"wp:term":[{"taxonomy":"property_type","embeddable":true,"href":"https:\/\/www.vista-pro.com\/hr\/wp-json\/wp\/v2\/property_type?post=30429"},{"taxonomy":"property_status","embeddable":true,"href":"https:\/\/www.vista-pro.com\/hr\/wp-json\/wp\/v2\/property_status?post=30429"},{"taxonomy":"property_feature","embeddable":true,"href":"https:\/\/www.vista-pro.com\/hr\/wp-json\/wp\/v2\/property_feature?post=30429"},{"taxonomy":"property_label","embeddable":true,"href":"https:\/\/www.vista-pro.com\/hr\/wp-json\/wp\/v2\/property_label?post=30429"},{"taxonomy":"property_country","embeddable":true,"href":"https:\/\/www.vista-pro.com\/hr\/wp-json\/wp\/v2\/property_country?post=30429"},{"taxonomy":"property_state","embeddable":true,"href":"https:\/\/www.vista-pro.com\/hr\/wp-json\/wp\/v2\/property_state?post=30429"},{"taxonomy":"property_city","embeddable":true,"href":"https:\/\/www.vista-pro.com\/hr\/wp-json\/wp\/v2\/property_city?post=30429"},{"taxonomy":"property_area","embeddable":true,"href":"https:\/\/www.vista-pro.com\/hr\/wp-json\/wp\/v2\/property_area?post=30429"},{"taxonomy":"author","embeddable":true,"href":"https:\/\/www.vista-pro.com\/hr\/wp-json\/wp\/v2\/ppma_author?post=30429"}],"curies":[{"name":"radni list","href":"https:\/\/api.w.org\/{rel}","templated":true}]}}