{"id":30660,"date":"2025-08-07T21:40:52","date_gmt":"2025-08-07T19:40:52","guid":{"rendered":"https:\/\/www.vista-pro.com\/?post_type=property&#038;p=30660"},"modified":"2025-08-08T17:15:18","modified_gmt":"2025-08-08T15:15:18","slug":"mareda-novigrad-flat-with-panoramic-sea-view-200m-from-the-beach","status":"publish","type":"property","link":"https:\/\/www.vista-pro.com\/it\/real-estate\/mareda-novigrad-flat-with-panoramic-sea-view-200m-from-the-beach\/","title":{"rendered":"Mareda | Novigrad | Appartamento con vista panoramica sul mare a 200 metri dalla spiaggia"},"content":{"rendered":"<h2 style=\"text-align: center;\" data-start=\"377\" data-end=\"638\">Mareda | Novigrad | Appartamento con vista panoramica sul mare a 200 metri dalla spiaggia<\/h2>\n<p>&nbsp;<\/p>\n<p style=\"text-align: justify;\">Vi offriamo una rara opportunit\u00e0 di acquistare un immobile in una posizione eccezionale a Mareda, una delle zone pi\u00f9 ambite e curate della costa occidentale dell&#039;Istria, nota per la sua atmosfera tranquilla, le infrastrutture di qualit\u00e0 e la vicinanza al mare cristallino.<\/p>\n<p style=\"text-align: justify;\">L&#039;appartamento di 61,34 m\u00b2 si trova al secondo piano di un piccolo edificio residenziale, a soli 200 metri dalla spiaggia e dal lungomare ben curato, e offre un livello eccezionale di comfort, funzionalit\u00e0 e valore estetico.<\/p>\n<p style=\"text-align: justify;\">Disposizione:<\/p>\n<ul style=\"text-align: justify;\">\n<li>Ingresso<\/li>\n<li>Soggiorno aperto con cucina e zona pranzo<\/li>\n<li>Una camera da letto al piano terra<\/li>\n<li>Seconda camera da letto situata sulla galleria con accesso a una terrazza privata con vista mare<\/li>\n<li>Ampia terrazza in comune aggiuntiva adatta al relax e alla socializzazione<\/li>\n<li>Piccolo deposito esterno<\/li>\n<\/ul>\n<p style=\"text-align: justify;\">Caratteristiche tecniche e dotazioni:<\/p>\n<ul style=\"text-align: justify;\">\n<li>Serramenti in PVC a tre strati con ottimo isolamento termico e acustico<\/li>\n<li>Riscaldamento tramite pannelli a infrarossi ad alta efficienza, stufe a legna e aria condizionata<\/li>\n<li>Porta d&#039;ingresso di sicurezza<\/li>\n<li>Basso consumo energetico e bassi costi di utenza<\/li>\n<\/ul>\n<p style=\"text-align: justify;\">L&#039;appartamento \u00e8 stato completamente ristrutturato 5 anni fa, pronto per essere abitato immediatamente, senza investimenti aggiuntivi.<\/p>\n<p style=\"text-align: justify;\">Ulteriori vantaggi:<\/p>\n<ul style=\"text-align: justify;\">\n<li>Posizione estremamente tranquilla e ordinata, ideale per vivere tutto l&#039;anno o per affitti turistici<\/li>\n<li>Vicino a tutti i servizi: negozi, ristoranti, campeggio, piste ciclabili ed escursionistiche<\/li>\n<li>Documentazione regolamentata, propriet\u00e0 condominiale<\/li>\n<\/ul>\n<p style=\"text-align: justify;\">Informazioni sulla posizione:<\/p>\n<p style=\"text-align: justify;\">Mareda si trova a pochi minuti di auto da Cittanova, citt\u00e0 nota per la sua eccellente offerta enogastronomica, la sua cultura e l&#039;elevata qualit\u00e0 della vita. Questa destinazione rappresenta il perfetto connubio tra bellezze naturali e turismo moderno, il che rende questa propriet\u00e0 estremamente interessante dal punto di vista degli investimenti.<\/p>\n<hr \/>\n<p>&nbsp;<\/p>\n<div class=\"pvc_clear\"><\/div>\n<p id=\"pvc_stats_30660\" class=\"pvc_stats total_only\" data-element-id=\"30660\" style=\"\"><i class=\"pvc-stats-icon small\" aria-hidden=\"true\"><svg aria-hidden=\"true\" focusable=\"false\" data-prefix=\"far\" data-icon=\"chart-bar\" role=\"img\" xmlns=\"http:\/\/www.w3.org\/2000\/svg\" viewbox=\"0 0 512 512\" class=\"svg-inline--fa fa-chart-bar fa-w-16 fa-2x\"><path fill=\"currentColor\" d=\"M396.8 352h22.4c6.4 0 12.8-6.4 12.8-12.8V108.8c0-6.4-6.4-12.8-12.8-12.8h-22.4c-6.4 0-12.8 6.4-12.8 12.8v230.4c0 6.4 6.4 12.8 12.8 12.8zm-192 0h22.4c6.4 0 12.8-6.4 12.8-12.8V140.8c0-6.4-6.4-12.8-12.8-12.8h-22.4c-6.4 0-12.8 6.4-12.8 12.8v198.4c0 6.4 6.4 12.8 12.8 12.8zm96 0h22.4c6.4 0 12.8-6.4 12.8-12.8V204.8c0-6.4-6.4-12.8-12.8-12.8h-22.4c-6.4 0-12.8 6.4-12.8 12.8v134.4c0 6.4 6.4 12.8 12.8 12.8zM496 400H48V80c0-8.84-7.16-16-16-16H16C7.16 64 0 71.16 0 80v336c0 17.67 14.33 32 32 32h464c8.84 0 16-7.16 16-16v-16c0-8.84-7.16-16-16-16zm-387.2-48h22.4c6.4 0 12.8-6.4 12.8-12.8v-70.4c0-6.4-6.4-12.8-12.8-12.8h-22.4c-6.4 0-12.8 6.4-12.8 12.8v70.4c0 6.4 6.4 12.8 12.8 12.8z\" class=\"\"><\/path><\/svg><\/i> <img decoding=\"async\" width=\"16\" height=\"16\" alt=\"Caricamento\" src=\"https:\/\/cdn.vista-pro.com\/wp-content\/plugins\/page-views-count\/ajax-loader-2x.gif?strip=all&quality=70&webp=70&avif=70&sharp=1&resize=16%2C16\" border=\"0\" \/><\/p>\n<div class=\"pvc_clear\"><\/div>","protected":false},"excerpt":{"rendered":"<p>Mareda | Novigrad | Flat with panoramic sea view 200m from the beach &nbsp; We present you with a rare opportunity to purchase a property in an exceptional location in Mareda, one of the most desirable and well-maintained areas of the western coast of Istria, known for its peaceful atmosphere, quality infrastructure and close proximity [&hellip;]<\/p>\n","protected":false},"author":22,"featured_media":30673,"parent":0,"menu_order":0,"template":"","property_type":[393,1199],"property_status":[30],"property_feature":[411,13,415,402,1208,1207],"property_label":[405,33],"property_country":[65],"property_state":[22],"property_city":[84],"property_area":[395,425],"ppma_author":[200,198,199],"class_list":["post-30660","property","type-property","status-publish","has-post-thumbnail","hentry","property_type-flat","property_type-residential-real-estate","property_status-for-sale","property_feature-5g-coverage","property_feature-air-conditioning","property_feature-alarm-system","property_feature-ir-panel","property_feature-mosquito-nets","property_feature-pvc-carpentry","property_label-exclusive","property_label-hot-offer","property_country-croatia","property_state-istria","property_city-novigrad","property_area-mareda","property_area-novigrad-real-estate"],"aioseo_notices":[],"property_meta":{"ppma_authors_name":["Vista Pro Network, Vista Pro, Alen Zubin"],"_edit_lock":["1756221027:2"],"_edit_last":["2"],"_wp_page_template":["default"],"fave_property_price":["225000"],"fave_show_price_placeholder":["0"],"fave_property_size":["61.34"],"fave_property_bedrooms":["2"],"fave_property_rooms":["6"],"fave_property_bathrooms":["1"],"fave_property_id":["VPN-3238"],"fave_seaview":["Yes"],"fave_distance-from-center":["2 Km"],"fave_distance-from-sea":["0.2 Km"],"fave_number-of-floors":["2"],"fave_parking-slot":["1"],"fave_renovated":["Yes"],"fave_furnished":["Yes"],"fave_basement":["Yes"],"fave_terrace":["1"],"fave_adapted-for-the-disabled":["No"],"fave_documentation":["In Order"],"fave_availability":["Instantly"],"fave_property_map":["1"],"fave_property_map_address":["Mareda, Croatia"],"fave_property_location":["45.34535913208,13.5436443979,15"],"houzez_geolocation_lat":["45.34535913208"],"houzez_geolocation_long":["13.5436443979"],"fave_property_map_street_view":["hide"],"fave_featured":["0"],"houzez_featured_listing_date":[""],"fave_loggedintoview":["0"],"fave_agent_display_option":["agency_info"],"fave_prop_homeslider":["no"],"fave_single_top_area":["global"],"fave_single_content_area":["global"],"_aioseo_title":["#post_title"],"_aioseo_description":["We present you with a rare opportunity to purchase a property in an exceptional location in Mareda, one of the most desirable and well-maintained areas of the western coast of Istria"],"_aioseo_keywords":["a:0:{}"],"_aioseo_og_title":[""],"_aioseo_og_description":[""],"_aioseo_og_article_section":[""],"_aioseo_og_article_tags":["a:0:{}"],"_aioseo_twitter_title":[""],"_aioseo_twitter_description":[""],"_a3_pvc_activated":["true"],"_ssb_hide":["false"],"_wppd_post_disclaimer_disable":["0"],"_wppd_post_disclaimer_position":[""],"_wppd_post_disclaimer_title":[""],"_wppd_post_disclaimer_content":[""],"_wppd_post_disclaimer_title_tag":[""],"_wppd_post_disclaimer_style":[""],"_wppd_post_disclaimer_icon":[""],"_wppd_post_disclaimer_icon_size":[""],"ppma_disable_author_box":["0"],"houzez_manual_expire":["0"],"_houzez_expiration_date_status":["saved"],"houzez_total_property_views":["1430"],"houzez_views_by_date":["a:61:{s:10:\"02-28-2026\";i:15;s:10:\"03-01-2026\";i:28;s:10:\"03-02-2026\";i:8;s:10:\"03-03-2026\";i:21;s:10:\"03-04-2026\";i:22;s:10:\"03-05-2026\";i:29;s:10:\"03-06-2026\";i:21;s:10:\"03-07-2026\";i:29;s:10:\"03-08-2026\";i:14;s:10:\"03-09-2026\";i:21;s:10:\"03-10-2026\";i:7;s:10:\"03-11-2026\";i:22;s:10:\"03-12-2026\";i:15;s:10:\"03-13-2026\";i:10;s:10:\"03-14-2026\";i:8;s:10:\"03-15-2026\";i:21;s:10:\"03-16-2026\";i:14;s:10:\"03-17-2026\";i:22;s:10:\"03-18-2026\";i:19;s:10:\"03-19-2026\";i:14;s:10:\"03-20-2026\";i:14;s:10:\"03-21-2026\";i:14;s:10:\"03-22-2026\";i:22;s:10:\"03-23-2026\";i:16;s:10:\"03-24-2026\";i:8;s:10:\"03-25-2026\";i:14;s:10:\"03-26-2026\";i:29;s:10:\"03-27-2026\";i:23;s:10:\"03-28-2026\";i:16;s:10:\"03-29-2026\";i:16;s:10:\"03-30-2026\";i:22;s:10:\"03-31-2026\";i:28;s:10:\"04-01-2026\";i:16;s:10:\"04-02-2026\";i:21;s:10:\"04-03-2026\";i:27;s:10:\"04-04-2026\";i:21;s:10:\"04-05-2026\";i:21;s:10:\"04-06-2026\";i:28;s:10:\"04-07-2026\";i:1;s:10:\"04-08-2026\";i:22;s:10:\"04-09-2026\";i:7;s:10:\"04-10-2026\";i:7;s:10:\"04-11-2026\";i:14;s:10:\"04-12-2026\";i:3;s:10:\"04-13-2026\";i:21;s:10:\"04-14-2026\";i:29;s:10:\"04-15-2026\";i:15;s:10:\"04-16-2026\";i:14;s:10:\"04-17-2026\";i:21;s:10:\"04-18-2026\";i:20;s:10:\"04-19-2026\";i:21;s:10:\"04-20-2026\";i:14;s:10:\"04-21-2026\";i:15;s:10:\"04-22-2026\";i:15;s:10:\"04-23-2026\";i:21;s:10:\"04-24-2026\";i:22;s:10:\"04-25-2026\";i:7;s:10:\"04-26-2026\";i:21;s:10:\"04-27-2026\";i:17;s:10:\"04-28-2026\";i:16;s:10:\"04-29-2026\";i:15;}"],"houzez_recently_viewed":["2026-04-30 01:07:22"],"ssb_old_counts":["a:4:{s:7:\"twitter\";i:0;s:9:\"pinterest\";i:0;s:6:\"reddit\";i:0;s:6:\"tumblr\";N;}"],"ssb_total_counts":["0"],"ssb_cache_timestamp":["493668"],"_thumbnail_id":["30673"],"fave_property_sec_price":["3668.08"],"fave_property_price_postfix":["m\u00b2"],"fave_property_size_prefix":["m\u00b2"],"fave_price-m":["3668.08"],"fave_property_address":["Mareda, Croatia"],"fave_property_zip":["52466"],"fave_property_agency":["17629"],"fave_property_images":["30671","30673","30675","30663","30670","30665","30662","30666","30667","30668","30669","30674","30676","30677","30678","30679","30680","30664"],"fave_attachments":["30661"],"_elementor_page_assets":["a:0:{}"]},"a3_pvc":{"activated":true,"total_views":4181,"today_views":0},"aioseo_head":"\n\t\t<!-- All in One SEO Pro 4.9.6.2 - aioseo.com -->\n\t<meta name=\"description\" content=\"We present you with a rare opportunity to purchase a property in an exceptional location in Mareda, one of the most desirable and well-maintained areas of the western coast of Istria\" \/>\n\t<meta name=\"robots\" content=\"max-image-preview:large\" \/>\n\t<meta name=\"author\" content=\"Vista Pro Network\"\/>\n\t<meta name=\"google-site-verification\" content=\"4oFqZzmLWcyWIMy4eA-JPvOMpUyQMlWKGExznAh2ivE\" \/>\n\t<meta name=\"msvalidate.01\" content=\"ce086a5b504f44708dc7e1183b682878\" \/>\n\t<meta name=\"yandex-verification\" content=\"6797e2747f288a3d\" \/>\n\t<link rel=\"canonical\" href=\"https:\/\/www.vista-pro.com\/it\/real-estate\/mareda-novigrad-flat-with-panoramic-sea-view-200m-from-the-beach\/\" \/>\n\t<meta name=\"generator\" content=\"All in One SEO Pro (AIOSEO) 4.9.6.2\" \/>\n\t\t<meta property=\"og:locale\" content=\"it_IT\" \/>\n\t\t<meta property=\"og:site_name\" content=\"Vista Pro | Real Estate Istria\" \/>\n\t\t<meta property=\"og:type\" content=\"article\" \/>\n\t\t<meta property=\"og:title\" content=\"Mareda | Novigrad | Flat with panoramic sea view 200m from the beach\" \/>\n\t\t<meta property=\"og:description\" content=\"We present you with a rare opportunity to purchase a property in an exceptional location in Mareda, one of the most desirable and well-maintained areas of the western coast of Istria\" \/>\n\t\t<meta property=\"og:url\" content=\"https:\/\/www.vista-pro.com\/it\/real-estate\/mareda-novigrad-flat-with-panoramic-sea-view-200m-from-the-beach\/\" \/>\n\t\t<meta property=\"fb:app_id\" content=\"251215160915905\" \/>\n\t\t<meta property=\"og:image\" content=\"https:\/\/www.vista-pro.com\/wp-content\/uploads\/2025\/08\/apartmen-buje-for-sale-17.jpg\" \/>\n\t\t<meta property=\"og:image:secure_url\" content=\"https:\/\/www.vista-pro.com\/wp-content\/uploads\/2025\/08\/apartmen-buje-for-sale-17.jpg\" \/>\n\t\t<meta property=\"og:image:width\" content=\"2160\" \/>\n\t\t<meta property=\"og:image:height\" content=\"1436\" \/>\n\t\t<meta property=\"article:published_time\" content=\"2025-08-07T19:40:52+00:00\" \/>\n\t\t<meta property=\"article:modified_time\" content=\"2025-08-08T15:15:18+00:00\" \/>\n\t\t<meta property=\"article:publisher\" content=\"https:\/\/facebook.com\/vistapronetwork\" \/>\n\t\t<meta name=\"twitter:card\" content=\"summary_large_image\" \/>\n\t\t<meta name=\"twitter:site\" content=\"@vistapronetwork\" \/>\n\t\t<meta name=\"twitter:title\" content=\"Mareda | Novigrad | Flat with panoramic sea view 200m from the beach\" \/>\n\t\t<meta name=\"twitter:description\" content=\"We present you with a rare opportunity to purchase a property in an exceptional location in Mareda, one of the most desirable and well-maintained areas of the western coast of Istria\" \/>\n\t\t<meta name=\"twitter:creator\" content=\"@vistapronetwork\" \/>\n\t\t<meta name=\"twitter:image\" content=\"https:\/\/www.vista-pro.com\/wp-content\/uploads\/2025\/08\/apartmen-buje-for-sale-17.jpg\" \/>\n\t\t<meta name=\"twitter:label1\" content=\"Scritto da\" \/>\n\t\t<meta name=\"twitter:data1\" content=\"Vista Pro Network\" \/>\n\t\t<meta name=\"twitter:label2\" content=\"Tempo di lettura stimato\" \/>\n\t\t<meta name=\"twitter:data2\" content=\"1 minuto\" \/>\n\t\t<script type=\"application\/ld+json\" class=\"aioseo-schema\">\n\t\t\t{\"@context\":\"https:\\\/\\\/schema.org\",\"@graph\":[{\"@type\":\"BreadcrumbList\",\"@id\":\"https:\\\/\\\/www.vista-pro.com\\\/it\\\/real-estate\\\/mareda-novigrad-flat-with-panoramic-sea-view-200m-from-the-beach\\\/#breadcrumblist\",\"itemListElement\":[{\"@type\":\"ListItem\",\"@id\":\"https:\\\/\\\/www.vista-pro.com\\\/it#listItem\",\"position\":1,\"name\":\"Home\",\"item\":\"https:\\\/\\\/www.vista-pro.com\\\/it\",\"nextItem\":{\"@type\":\"ListItem\",\"@id\":\"https:\\\/\\\/www.vista-pro.com\\\/it\\\/real-estate\\\/#listItem\",\"name\":\"Propriet\\u00e0\"}},{\"@type\":\"ListItem\",\"@id\":\"https:\\\/\\\/www.vista-pro.com\\\/it\\\/real-estate\\\/#listItem\",\"position\":2,\"name\":\"Propriet\\u00e0\",\"item\":\"https:\\\/\\\/www.vista-pro.com\\\/it\\\/real-estate\\\/\",\"nextItem\":{\"@type\":\"ListItem\",\"@id\":\"https:\\\/\\\/www.vista-pro.com\\\/it\\\/real-estate-type\\\/residential-real-estate\\\/#listItem\",\"name\":\"Residential Real Estate\"},\"previousItem\":{\"@type\":\"ListItem\",\"@id\":\"https:\\\/\\\/www.vista-pro.com\\\/it#listItem\",\"name\":\"Home\"}},{\"@type\":\"ListItem\",\"@id\":\"https:\\\/\\\/www.vista-pro.com\\\/it\\\/real-estate-type\\\/residential-real-estate\\\/#listItem\",\"position\":3,\"name\":\"Residential Real Estate\",\"item\":\"https:\\\/\\\/www.vista-pro.com\\\/it\\\/real-estate-type\\\/residential-real-estate\\\/\",\"nextItem\":{\"@type\":\"ListItem\",\"@id\":\"https:\\\/\\\/www.vista-pro.com\\\/it\\\/real-estate-type\\\/flat\\\/#listItem\",\"name\":\"Flat\"},\"previousItem\":{\"@type\":\"ListItem\",\"@id\":\"https:\\\/\\\/www.vista-pro.com\\\/it\\\/real-estate\\\/#listItem\",\"name\":\"Propriet\\u00e0\"}},{\"@type\":\"ListItem\",\"@id\":\"https:\\\/\\\/www.vista-pro.com\\\/it\\\/real-estate-type\\\/flat\\\/#listItem\",\"position\":4,\"name\":\"Flat\",\"item\":\"https:\\\/\\\/www.vista-pro.com\\\/it\\\/real-estate-type\\\/flat\\\/\",\"nextItem\":{\"@type\":\"ListItem\",\"@id\":\"https:\\\/\\\/www.vista-pro.com\\\/it\\\/real-estate\\\/mareda-novigrad-flat-with-panoramic-sea-view-200m-from-the-beach\\\/#listItem\",\"name\":\"Mareda | Novigrad | Flat with panoramic sea view 200m from the beach\"},\"previousItem\":{\"@type\":\"ListItem\",\"@id\":\"https:\\\/\\\/www.vista-pro.com\\\/it\\\/real-estate-type\\\/residential-real-estate\\\/#listItem\",\"name\":\"Residential Real Estate\"}},{\"@type\":\"ListItem\",\"@id\":\"https:\\\/\\\/www.vista-pro.com\\\/it\\\/real-estate\\\/mareda-novigrad-flat-with-panoramic-sea-view-200m-from-the-beach\\\/#listItem\",\"position\":5,\"name\":\"Mareda | Novigrad | Flat with panoramic sea view 200m from the beach\",\"previousItem\":{\"@type\":\"ListItem\",\"@id\":\"https:\\\/\\\/www.vista-pro.com\\\/it\\\/real-estate-type\\\/flat\\\/#listItem\",\"name\":\"Flat\"}}]},{\"@type\":\"Organization\",\"@id\":\"https:\\\/\\\/www.vista-pro.com\\\/it\\\/#organization\",\"name\":\"Vista Pro Network | Real Estate | Istria | Umag Buje Novigrad Porec Rovinj\",\"description\":\"Vista Pro Network | Real Estate | Istria | Umag Buje Novigrad Porec Rovinj\",\"url\":\"https:\\\/\\\/www.vista-pro.com\\\/it\\\/\",\"email\":\"info@vista-pro.com\",\"telephone\":\"+385915127282\",\"logo\":{\"@type\":\"ImageObject\",\"url\":\"https:\\\/\\\/vista-pro.com\\\/wp-content\\\/uploads\\\/2022\\\/05\\\/logo-b.png\",\"@id\":\"https:\\\/\\\/www.vista-pro.com\\\/it\\\/real-estate\\\/mareda-novigrad-flat-with-panoramic-sea-view-200m-from-the-beach\\\/#organizationLogo\"},\"image\":{\"@id\":\"https:\\\/\\\/www.vista-pro.com\\\/it\\\/real-estate\\\/mareda-novigrad-flat-with-panoramic-sea-view-200m-from-the-beach\\\/#organizationLogo\"},\"sameAs\":[\"https:\\\/\\\/facebook.com\\\/vistapronetwork\",\"https:\\\/\\\/x.com\\\/vistapronetwork\",\"https:\\\/\\\/instagram.com\\\/vistapronetwork\",\"https:\\\/\\\/pinterest.com\\\/vistapronetwork\",\"https:\\\/\\\/youtube.com\\\/@vistapronetwork\",\"https:\\\/\\\/linkedin.com\\\/in\\\/vistapronetwork\"],\"address\":{\"@id\":\"https:\\\/\\\/www.vista-pro.com\\\/it\\\/#postaladdress\",\"@type\":\"PostalAddress\",\"streetAddress\":\"Vladimir Nazor 5,\",\"postalCode\":\"52470\",\"addressLocality\":\"Umag\",\"addressRegion\":\"Istria\",\"addressCountry\":\"HR\"},\"vatID\":\"HR30117654631\"},{\"@type\":\"Person\",\"@id\":\"https:\\\/\\\/www.vista-pro.com\\\/it\\\/author\\\/agency\\\/#author\",\"url\":\"https:\\\/\\\/www.vista-pro.com\\\/it\\\/author\\\/agency\\\/\",\"name\":\"Vista Pro Network\"},{\"@type\":\"RealEstateListing\",\"@id\":\"https:\\\/\\\/www.vista-pro.com\\\/it\\\/real-estate\\\/mareda-novigrad-flat-with-panoramic-sea-view-200m-from-the-beach\\\/#realestatelisting\",\"url\":\"https:\\\/\\\/www.vista-pro.com\\\/it\\\/real-estate\\\/mareda-novigrad-flat-with-panoramic-sea-view-200m-from-the-beach\\\/\",\"name\":\"Mareda | Novigrad | Flat with panoramic sea view 200m from the beach\",\"description\":\"We present you with a rare opportunity to purchase a property in an exceptional location in Mareda, one of the most desirable and well-maintained areas of the western coast of Istria\",\"inLanguage\":\"it-IT\",\"isPartOf\":{\"@id\":\"https:\\\/\\\/www.vista-pro.com\\\/it\\\/#website\"},\"breadcrumb\":{\"@id\":\"https:\\\/\\\/www.vista-pro.com\\\/it\\\/real-estate\\\/mareda-novigrad-flat-with-panoramic-sea-view-200m-from-the-beach\\\/#breadcrumblist\"},\"author\":{\"@id\":\"https:\\\/\\\/www.vista-pro.com\\\/it\\\/author\\\/agency\\\/#author\"},\"creator\":{\"@id\":\"https:\\\/\\\/www.vista-pro.com\\\/it\\\/author\\\/agency\\\/#author\"},\"image\":{\"@type\":\"ImageObject\",\"url\":\"https:\\\/\\\/cdn.vista-pro.com\\\/wp-content\\\/uploads\\\/2025\\\/08\\\/apartmen-buje-for-sale-17.jpg?strip=all&quality=70&webp=70&avif=70&sharp=1\",\"@id\":\"https:\\\/\\\/www.vista-pro.com\\\/it\\\/real-estate\\\/mareda-novigrad-flat-with-panoramic-sea-view-200m-from-the-beach\\\/#mainImage\",\"width\":2160,\"height\":1436,\"caption\":\"apartmen buje for sale\"},\"primaryImageOfPage\":{\"@id\":\"https:\\\/\\\/www.vista-pro.com\\\/it\\\/real-estate\\\/mareda-novigrad-flat-with-panoramic-sea-view-200m-from-the-beach\\\/#mainImage\"},\"datePublished\":\"2025-08-07T21:40:52+02:00\",\"dateModified\":\"2025-08-08T17:15:18+02:00\",\"datePosted\":\"2025-08-07T21:40:52+02:00\"},{\"@type\":\"WebPage\",\"@id\":\"https:\\\/\\\/www.vista-pro.com\\\/it\\\/real-estate\\\/mareda-novigrad-flat-with-panoramic-sea-view-200m-from-the-beach\\\/#webpage\",\"url\":\"https:\\\/\\\/www.vista-pro.com\\\/it\\\/real-estate\\\/mareda-novigrad-flat-with-panoramic-sea-view-200m-from-the-beach\\\/\",\"name\":\"Mareda | Novigrad | Flat with panoramic sea view 200m from the beach\",\"description\":\"We present you with a rare opportunity to purchase a property in an exceptional location in Mareda, one of the most desirable and well-maintained areas of the western coast of Istria\",\"inLanguage\":\"it-IT\",\"isPartOf\":{\"@id\":\"https:\\\/\\\/www.vista-pro.com\\\/it\\\/#website\"},\"breadcrumb\":{\"@id\":\"https:\\\/\\\/www.vista-pro.com\\\/it\\\/real-estate\\\/mareda-novigrad-flat-with-panoramic-sea-view-200m-from-the-beach\\\/#breadcrumblist\"},\"author\":{\"@id\":\"https:\\\/\\\/www.vista-pro.com\\\/it\\\/author\\\/agency\\\/#author\"},\"creator\":{\"@id\":\"https:\\\/\\\/www.vista-pro.com\\\/it\\\/author\\\/agency\\\/#author\"},\"image\":{\"@type\":\"ImageObject\",\"url\":\"https:\\\/\\\/cdn.vista-pro.com\\\/wp-content\\\/uploads\\\/2025\\\/08\\\/apartmen-buje-for-sale-17.jpg?strip=all&quality=70&webp=70&avif=70&sharp=1\",\"@id\":\"https:\\\/\\\/www.vista-pro.com\\\/it\\\/real-estate\\\/mareda-novigrad-flat-with-panoramic-sea-view-200m-from-the-beach\\\/#mainImage\",\"width\":2160,\"height\":1436,\"caption\":\"apartmen buje for sale\"},\"primaryImageOfPage\":{\"@id\":\"https:\\\/\\\/www.vista-pro.com\\\/it\\\/real-estate\\\/mareda-novigrad-flat-with-panoramic-sea-view-200m-from-the-beach\\\/#mainImage\"},\"datePublished\":\"2025-08-07T21:40:52+02:00\",\"dateModified\":\"2025-08-08T17:15:18+02:00\"},{\"@type\":\"WebSite\",\"@id\":\"https:\\\/\\\/www.vista-pro.com\\\/it\\\/#website\",\"url\":\"https:\\\/\\\/www.vista-pro.com\\\/it\\\/\",\"name\":\"Vista Pro | Real Estate Istria\",\"alternateName\":\"Vista Pro Network | Real Estate\",\"description\":\"Vista Pro Network | Real Estate | Istria | Umag Buje Novigrad Porec Rovinj\",\"inLanguage\":\"it-IT\",\"publisher\":{\"@id\":\"https:\\\/\\\/www.vista-pro.com\\\/it\\\/#organization\"}}]}\n\t\t<\/script>\n\t\t<!-- All in One SEO Pro -->\r\n\t\t<title>Mareda | Novigrad | Flat with panoramic sea view 200m from the beach<\/title>\n\n","aioseo_head_json":{"title":"Mareda | Novigrad | Appartamento con vista panoramica sul mare a 200 metri dalla spiaggia","description":"Vi presentiamo una rara opportunit\u00e0 di acquistare una propriet\u00e0 in una posizione eccezionale a Mareda, una delle zone pi\u00f9 ambite e ben tenute della costa occidentale dell&#039;Istria.","canonical_url":"https:\/\/www.vista-pro.com\/it\/real-estate\/mareda-novigrad-flat-with-panoramic-sea-view-200m-from-the-beach\/","robots":"max-image-preview:large","keywords":"","webmasterTools":{"google-site-verification":"4oFqZzmLWcyWIMy4eA-JPvOMpUyQMlWKGExznAh2ivE","msvalidate.01":"ce086a5b504f44708dc7e1183b682878","yandex-verification":"6797e2747f288a3d","miscellaneous":""},"schema":{"@context":"https:\/\/schema.org","@graph":[{"@type":"BreadcrumbList","@id":"https:\/\/www.vista-pro.com\/it\/real-estate\/mareda-novigrad-flat-with-panoramic-sea-view-200m-from-the-beach\/#breadcrumblist","itemListElement":[{"@type":"ListItem","@id":"https:\/\/www.vista-pro.com\/it#listItem","position":1,"name":"Home","item":"https:\/\/www.vista-pro.com\/it","nextItem":{"@type":"ListItem","@id":"https:\/\/www.vista-pro.com\/it\/real-estate\/#listItem","name":"Propriet\u00e0"}},{"@type":"ListItem","@id":"https:\/\/www.vista-pro.com\/it\/real-estate\/#listItem","position":2,"name":"Propriet\u00e0","item":"https:\/\/www.vista-pro.com\/it\/real-estate\/","nextItem":{"@type":"ListItem","@id":"https:\/\/www.vista-pro.com\/it\/real-estate-type\/residential-real-estate\/#listItem","name":"Residential Real Estate"},"previousItem":{"@type":"ListItem","@id":"https:\/\/www.vista-pro.com\/it#listItem","name":"Home"}},{"@type":"ListItem","@id":"https:\/\/www.vista-pro.com\/it\/real-estate-type\/residential-real-estate\/#listItem","position":3,"name":"Residential Real Estate","item":"https:\/\/www.vista-pro.com\/it\/real-estate-type\/residential-real-estate\/","nextItem":{"@type":"ListItem","@id":"https:\/\/www.vista-pro.com\/it\/real-estate-type\/flat\/#listItem","name":"Flat"},"previousItem":{"@type":"ListItem","@id":"https:\/\/www.vista-pro.com\/it\/real-estate\/#listItem","name":"Propriet\u00e0"}},{"@type":"ListItem","@id":"https:\/\/www.vista-pro.com\/it\/real-estate-type\/flat\/#listItem","position":4,"name":"Flat","item":"https:\/\/www.vista-pro.com\/it\/real-estate-type\/flat\/","nextItem":{"@type":"ListItem","@id":"https:\/\/www.vista-pro.com\/it\/real-estate\/mareda-novigrad-flat-with-panoramic-sea-view-200m-from-the-beach\/#listItem","name":"Mareda | Novigrad | Flat with panoramic sea view 200m from the beach"},"previousItem":{"@type":"ListItem","@id":"https:\/\/www.vista-pro.com\/it\/real-estate-type\/residential-real-estate\/#listItem","name":"Residential Real Estate"}},{"@type":"ListItem","@id":"https:\/\/www.vista-pro.com\/it\/real-estate\/mareda-novigrad-flat-with-panoramic-sea-view-200m-from-the-beach\/#listItem","position":5,"name":"Mareda | Novigrad | Flat with panoramic sea view 200m from the beach","previousItem":{"@type":"ListItem","@id":"https:\/\/www.vista-pro.com\/it\/real-estate-type\/flat\/#listItem","name":"Flat"}}]},{"@type":"Organization","@id":"https:\/\/www.vista-pro.com\/it\/#organization","name":"Vista Pro Network | Real Estate | Istria | Umag Buje Novigrad Porec Rovinj","description":"Vista Pro Network | Real Estate | Istria | Umag Buje Novigrad Porec Rovinj","url":"https:\/\/www.vista-pro.com\/it\/","email":"info@vista-pro.com","telephone":"+385915127282","logo":{"@type":"ImageObject","url":"https:\/\/vista-pro.com\/wp-content\/uploads\/2022\/05\/logo-b.png","@id":"https:\/\/www.vista-pro.com\/it\/real-estate\/mareda-novigrad-flat-with-panoramic-sea-view-200m-from-the-beach\/#organizationLogo"},"image":{"@id":"https:\/\/www.vista-pro.com\/it\/real-estate\/mareda-novigrad-flat-with-panoramic-sea-view-200m-from-the-beach\/#organizationLogo"},"sameAs":["https:\/\/facebook.com\/vistapronetwork","https:\/\/x.com\/vistapronetwork","https:\/\/instagram.com\/vistapronetwork","https:\/\/pinterest.com\/vistapronetwork","https:\/\/youtube.com\/@vistapronetwork","https:\/\/linkedin.com\/in\/vistapronetwork"],"address":{"@id":"https:\/\/www.vista-pro.com\/it\/#postaladdress","@type":"PostalAddress","streetAddress":"Vladimir Nazor 5,","postalCode":"52470","addressLocality":"Umag","addressRegion":"Istria","addressCountry":"HR"},"vatID":"HR30117654631"},{"@type":"Person","@id":"https:\/\/www.vista-pro.com\/it\/author\/agency\/#author","url":"https:\/\/www.vista-pro.com\/it\/author\/agency\/","name":"Vista Pro Network"},{"@type":"RealEstateListing","@id":"https:\/\/www.vista-pro.com\/it\/real-estate\/mareda-novigrad-flat-with-panoramic-sea-view-200m-from-the-beach\/#realestatelisting","url":"https:\/\/www.vista-pro.com\/it\/real-estate\/mareda-novigrad-flat-with-panoramic-sea-view-200m-from-the-beach\/","name":"Mareda | Novigrad | Flat with panoramic sea view 200m from the beach","description":"We present you with a rare opportunity to purchase a property in an exceptional location in Mareda, one of the most desirable and well-maintained areas of the western coast of Istria","inLanguage":"it-IT","isPartOf":{"@id":"https:\/\/www.vista-pro.com\/it\/#website"},"breadcrumb":{"@id":"https:\/\/www.vista-pro.com\/it\/real-estate\/mareda-novigrad-flat-with-panoramic-sea-view-200m-from-the-beach\/#breadcrumblist"},"author":{"@id":"https:\/\/www.vista-pro.com\/it\/author\/agency\/#author"},"creator":{"@id":"https:\/\/www.vista-pro.com\/it\/author\/agency\/#author"},"image":{"@type":"ImageObject","url":"https:\/\/cdn.vista-pro.com\/wp-content\/uploads\/2025\/08\/apartmen-buje-for-sale-17.jpg?strip=all&quality=70&webp=70&avif=70&sharp=1","@id":"https:\/\/www.vista-pro.com\/it\/real-estate\/mareda-novigrad-flat-with-panoramic-sea-view-200m-from-the-beach\/#mainImage","width":2160,"height":1436,"caption":"apartmen buje for sale"},"primaryImageOfPage":{"@id":"https:\/\/www.vista-pro.com\/it\/real-estate\/mareda-novigrad-flat-with-panoramic-sea-view-200m-from-the-beach\/#mainImage"},"datePublished":"2025-08-07T21:40:52+02:00","dateModified":"2025-08-08T17:15:18+02:00","datePosted":"2025-08-07T21:40:52+02:00"},{"@type":"WebPage","@id":"https:\/\/www.vista-pro.com\/it\/real-estate\/mareda-novigrad-flat-with-panoramic-sea-view-200m-from-the-beach\/#webpage","url":"https:\/\/www.vista-pro.com\/it\/real-estate\/mareda-novigrad-flat-with-panoramic-sea-view-200m-from-the-beach\/","name":"Mareda | Novigrad | Flat with panoramic sea view 200m from the beach","description":"We present you with a rare opportunity to purchase a property in an exceptional location in Mareda, one of the most desirable and well-maintained areas of the western coast of Istria","inLanguage":"it-IT","isPartOf":{"@id":"https:\/\/www.vista-pro.com\/it\/#website"},"breadcrumb":{"@id":"https:\/\/www.vista-pro.com\/it\/real-estate\/mareda-novigrad-flat-with-panoramic-sea-view-200m-from-the-beach\/#breadcrumblist"},"author":{"@id":"https:\/\/www.vista-pro.com\/it\/author\/agency\/#author"},"creator":{"@id":"https:\/\/www.vista-pro.com\/it\/author\/agency\/#author"},"image":{"@type":"ImageObject","url":"https:\/\/cdn.vista-pro.com\/wp-content\/uploads\/2025\/08\/apartmen-buje-for-sale-17.jpg?strip=all&quality=70&webp=70&avif=70&sharp=1","@id":"https:\/\/www.vista-pro.com\/it\/real-estate\/mareda-novigrad-flat-with-panoramic-sea-view-200m-from-the-beach\/#mainImage","width":2160,"height":1436,"caption":"apartmen buje for sale"},"primaryImageOfPage":{"@id":"https:\/\/www.vista-pro.com\/it\/real-estate\/mareda-novigrad-flat-with-panoramic-sea-view-200m-from-the-beach\/#mainImage"},"datePublished":"2025-08-07T21:40:52+02:00","dateModified":"2025-08-08T17:15:18+02:00"},{"@type":"WebSite","@id":"https:\/\/www.vista-pro.com\/it\/#website","url":"https:\/\/www.vista-pro.com\/it\/","name":"Vista Pro | Real Estate Istria","alternateName":"Vista Pro Network | Real Estate","description":"Vista Pro Network | Real Estate | Istria | Umag Buje Novigrad Porec Rovinj","inLanguage":"it-IT","publisher":{"@id":"https:\/\/www.vista-pro.com\/it\/#organization"}}]},"og:locale":"it_IT","og:site_name":"Vista Pro | Real Estate Istria","og:type":"article","og:title":"Mareda | Novigrad | Flat with panoramic sea view 200m from the beach","og:description":"We present you with a rare opportunity to purchase a property in an exceptional location in Mareda, one of the most desirable and well-maintained areas of the western coast of Istria","og:url":"https:\/\/www.vista-pro.com\/it\/real-estate\/mareda-novigrad-flat-with-panoramic-sea-view-200m-from-the-beach\/","fb:app_id":"251215160915905","og:image":"https:\/\/www.vista-pro.com\/wp-content\/uploads\/2025\/08\/apartmen-buje-for-sale-17.jpg","og:image:secure_url":"https:\/\/www.vista-pro.com\/wp-content\/uploads\/2025\/08\/apartmen-buje-for-sale-17.jpg","og:image:width":2160,"og:image:height":1436,"article:published_time":"2025-08-07T19:40:52+00:00","article:modified_time":"2025-08-08T15:15:18+00:00","article:publisher":"https:\/\/facebook.com\/vistapronetwork","twitter:card":"summary_large_image","twitter:site":"@vistapronetwork","twitter:title":"Mareda | Novigrad | Flat with panoramic sea view 200m from the beach","twitter:description":"We present you with a rare opportunity to purchase a property in an exceptional location in Mareda, one of the most desirable and well-maintained areas of the western coast of Istria","twitter:creator":"@vistapronetwork","twitter:image":"https:\/\/www.vista-pro.com\/wp-content\/uploads\/2025\/08\/apartmen-buje-for-sale-17.jpg","twitter:label1":"Scritto da","twitter:data1":"Vista Pro Network","twitter:label2":"Tempo di lettura stimato","twitter:data2":"1 minuto"},"aioseo_meta_data":{"post_id":"30660","title":"#post_title","description":"Vi presentiamo una rara opportunit\u00e0 di acquistare una propriet\u00e0 in una posizione eccezionale a Mareda, una delle zone pi\u00f9 ambite e ben tenute della costa occidentale dell&#039;Istria.","keywords":null,"keyphrases":{"focus":{"keyphrase":"Mareda","score":90,"analysis":{"keyphraseInTitle":{"score":9,"maxScore":9,"error":0},"keyphraseInDescription":{"score":9,"maxScore":9,"error":0},"keyphraseLength":{"score":9,"maxScore":9,"error":0,"length":1},"keyphraseInURL":{"score":5,"maxScore":5,"error":0},"keyphraseInIntroduction":{"score":3,"maxScore":9,"error":1},"keyphraseInSubHeadings":{"score":9,"maxScore":9,"error":0},"keyphraseInImageAlt":[],"keywordDensity":{"type":"best","score":9,"maxScore":9,"error":0}}},"additional":[{"keyphrase":"flat","score":42,"analysis":{"keyphraseInDescription":{"score":3,"maxScore":9,"error":1},"keyphraseLength":{"score":9,"maxScore":9,"error":0,"length":1},"keyphraseInIntroduction":{"score":3,"maxScore":9,"error":1},"keyphraseInImageAlt":[],"keywordDensity":{"score":0,"type":"low","maxScore":9,"error":1}}}]},"primary_term":null,"canonical_url":null,"og_title":null,"og_description":null,"og_object_type":"default","og_image_type":"custom_image","og_image_url":"https:\/\/www.vista-pro.com\/wp-content\/uploads\/2025\/08\/apartmen-buje-for-sale-17.jpg","og_image_width":"2160","og_image_height":"1436","og_image_custom_url":"https:\/\/www.vista-pro.com\/wp-content\/uploads\/2025\/08\/apartmen-buje-for-sale-17.jpg","og_image_custom_fields":null,"og_video":"","og_custom_url":null,"og_article_section":null,"og_article_tags":null,"twitter_use_og":true,"twitter_card":"default","twitter_image_type":"default","twitter_image_url":null,"twitter_image_custom_url":null,"twitter_image_custom_fields":null,"twitter_title":null,"twitter_description":null,"schema":{"blockGraphs":[],"customGraphs":[],"default":{"data":{"Article":[],"Course":[],"Dataset":[],"FAQPage":[],"Movie":[],"Person":[],"Product":[],"ProductReview":[],"Car":[],"Recipe":[],"Service":[],"SoftwareApplication":[],"WebPage":[]},"graphName":"RealEstateListing","isEnabled":true},"graphs":[]},"schema_type":"default","schema_type_options":null,"pillar_content":false,"robots_default":true,"robots_noindex":false,"robots_noarchive":false,"robots_nosnippet":false,"robots_nofollow":false,"robots_noimageindex":false,"robots_noodp":false,"robots_notranslate":false,"robots_max_snippet":"-1","robots_max_videopreview":"-1","robots_max_imagepreview":"large","priority":null,"frequency":"default","local_seo":null,"seo_analyzer_scan_date":"2025-12-19 19:12:51","breadcrumb_settings":null,"limit_modified_date":false,"open_ai":null,"ai":{"faqs":[],"keyPoints":[],"titles":[],"descriptions":[],"socialPosts":{"email":[],"linkedin":[],"twitter":[],"facebook":[],"instagram":[]}},"created":"2025-08-07 14:36:15","updated":"2025-12-19 19:12:51"},"aioseo_breadcrumb":"<div class=\"aioseo-breadcrumbs\"><span class=\"aioseo-breadcrumb\">\n\t<a href=\"https:\/\/www.vista-pro.com\/it\" title=\"Home\">Home<\/a>\n<\/span><span class=\"aioseo-breadcrumb-separator\">|<\/span><span class=\"aioseo-breadcrumb\">\n\t<a href=\"https:\/\/www.vista-pro.com\/it\/real-estate\/\" title=\"Propriet\u00e0\">Propriet\u00e0<\/a>\n<\/span><span class=\"aioseo-breadcrumb-separator\">|<\/span><span class=\"aioseo-breadcrumb\">\n\t<a href=\"https:\/\/www.vista-pro.com\/it\/real-estate-type\/residential-real-estate\/\" title=\"Residential Real Estate\">Residential Real Estate<\/a>\n<\/span><span class=\"aioseo-breadcrumb-separator\">|<\/span><span class=\"aioseo-breadcrumb\">\n\t<a href=\"https:\/\/www.vista-pro.com\/it\/real-estate-type\/flat\/\" title=\"Flat\">Flat<\/a>\n<\/span><span class=\"aioseo-breadcrumb-separator\">|<\/span><span class=\"aioseo-breadcrumb\">\n\tMareda | Novigrad | Flat with panoramic sea view 200m from the beach\n<\/span><\/div>","aioseo_breadcrumb_json":[{"label":"Home","link":"https:\/\/www.vista-pro.com\/it"},{"label":"Propriet\u00e0","link":"https:\/\/www.vista-pro.com\/it\/real-estate\/"},{"label":"Residential Real Estate","link":"https:\/\/www.vista-pro.com\/it\/real-estate-type\/residential-real-estate\/"},{"label":"Flat","link":"https:\/\/www.vista-pro.com\/it\/real-estate-type\/flat\/"},{"label":"Mareda | Novigrad | Flat with panoramic sea view 200m from the beach","link":"https:\/\/www.vista-pro.com\/it\/real-estate\/mareda-novigrad-flat-with-panoramic-sea-view-200m-from-the-beach\/"}],"_links":{"self":[{"href":"https:\/\/www.vista-pro.com\/it\/wp-json\/wp\/v2\/properties\/30660","targetHints":{"allow":["GET"]}}],"collection":[{"href":"https:\/\/www.vista-pro.com\/it\/wp-json\/wp\/v2\/properties"}],"about":[{"href":"https:\/\/www.vista-pro.com\/it\/wp-json\/wp\/v2\/types\/property"}],"author":[{"embeddable":true,"href":"https:\/\/www.vista-pro.com\/it\/wp-json\/wp\/v2\/users\/22"}],"version-history":[{"count":3,"href":"https:\/\/www.vista-pro.com\/it\/wp-json\/wp\/v2\/properties\/30660\/revisions"}],"predecessor-version":[{"id":30686,"href":"https:\/\/www.vista-pro.com\/it\/wp-json\/wp\/v2\/properties\/30660\/revisions\/30686"}],"wp:featuredmedia":[{"embeddable":true,"href":"https:\/\/www.vista-pro.com\/it\/wp-json\/wp\/v2\/media\/30673"}],"wp:attachment":[{"href":"https:\/\/www.vista-pro.com\/it\/wp-json\/wp\/v2\/media?parent=30660"}],"wp:term":[{"taxonomy":"property_type","embeddable":true,"href":"https:\/\/www.vista-pro.com\/it\/wp-json\/wp\/v2\/property_type?post=30660"},{"taxonomy":"property_status","embeddable":true,"href":"https:\/\/www.vista-pro.com\/it\/wp-json\/wp\/v2\/property_status?post=30660"},{"taxonomy":"property_feature","embeddable":true,"href":"https:\/\/www.vista-pro.com\/it\/wp-json\/wp\/v2\/property_feature?post=30660"},{"taxonomy":"property_label","embeddable":true,"href":"https:\/\/www.vista-pro.com\/it\/wp-json\/wp\/v2\/property_label?post=30660"},{"taxonomy":"property_country","embeddable":true,"href":"https:\/\/www.vista-pro.com\/it\/wp-json\/wp\/v2\/property_country?post=30660"},{"taxonomy":"property_state","embeddable":true,"href":"https:\/\/www.vista-pro.com\/it\/wp-json\/wp\/v2\/property_state?post=30660"},{"taxonomy":"property_city","embeddable":true,"href":"https:\/\/www.vista-pro.com\/it\/wp-json\/wp\/v2\/property_city?post=30660"},{"taxonomy":"property_area","embeddable":true,"href":"https:\/\/www.vista-pro.com\/it\/wp-json\/wp\/v2\/property_area?post=30660"},{"taxonomy":"author","embeddable":true,"href":"https:\/\/www.vista-pro.com\/it\/wp-json\/wp\/v2\/ppma_author?post=30660"}],"curies":[{"name":"parola chiave","href":"https:\/\/api.w.org\/{rel}","templated":true}]}}