{"id":26541,"date":"2023-08-26T02:25:40","date_gmt":"2023-08-26T00:25:40","guid":{"rendered":"https:\/\/vista-pro.com\/?page_id=26541"},"modified":"2023-09-02T00:20:20","modified_gmt":"2023-09-01T22:20:20","slug":"istria-cadastral-areas","status":"publish","type":"page","link":"https:\/\/www.vista-pro.com\/sl\/istria-cadastral-areas\/","title":{"rendered":"Katastrska obmo\u010dja | Istra"},"content":{"rendered":"<div data-elementor-type=\"wp-page\" data-elementor-id=\"26541\" class=\"elementor elementor-26541\">\n\t\t\t\t<div class=\"elementor-element elementor-element-cd26cef e-con-full e-flex e-con e-parent\" data-id=\"cd26cef\" data-element_type=\"container\" data-e-type=\"container\">\n\t\t<div class=\"elementor-element elementor-element-d009458 e-flex e-con-boxed e-con e-parent\" data-id=\"d009458\" data-element_type=\"container\" data-e-type=\"container\">\n\t\t\t\t\t<div class=\"e-con-inner\">\n\t\t\t\t<div class=\"elementor-element elementor-element-9f6ef31 elementor-widget elementor-widget-text-editor\" data-id=\"9f6ef31\" data-element_type=\"widget\" data-e-type=\"widget\" data-widget_type=\"text-editor.default\">\n\t\t\t\t<div class=\"elementor-widget-container\">\n\t\t\t\t\t\t\t\t\t<h2 style=\"text-align: center;\">Katastrska obmo\u010dja | Istra<\/h2><p style=\"text-align: center;\"><div id=\"mapsvg-44\" data-id=\"44\" class=\"mapsvg\" data-autoload=\"true\" data-load-db=\"true\" data-loading-text=\"Loading map...\" style=\"width: 100%; height: 0; padding-bottom: 125%\"><\/div><\/p><hr \/>\t\t\t\t\t\t\t\t<\/div>\n\t\t\t\t<\/div>\n\t\t\t\t\t<\/div>\n\t\t\t\t<\/div>\n\t\t\t\t<\/div>\n\t\t<div class=\"elementor-element elementor-element-d41b89a e-flex e-con-boxed e-con e-parent\" data-id=\"d41b89a\" data-element_type=\"container\" data-e-type=\"container\">\n\t\t\t\t\t<div class=\"e-con-inner\">\n\t\t\t\t<div class=\"elementor-element elementor-element-0dbef70 elementor-widget elementor-widget-text-editor\" data-id=\"0dbef70\" data-element_type=\"widget\" data-e-type=\"widget\" data-widget_type=\"text-editor.default\">\n\t\t\t\t<div class=\"elementor-widget-container\">\n\t\t\t\t\t\t\t\t\t<p style=\"text-align: justify;\"><strong>Istra<\/strong> je ve\u010detni\u010dna, ve\u010dkulturna in ve\u010djezi\u010dna skupnost, ki priznava in \u0161\u010diti svobodo govora dr\u017eavljanov ter \u0161\u010diti dostojanstvo posameznika. Regija v Istri je obmo\u010dje, v katerem ima vsak dr\u017eavljan in skupnost popolno pravico do izra\u017eanja, spo\u0161tovanja, varnosti in razvoja socialne, etni\u010dne, verske, kulturne, politi\u010dne in jezikovne svobode in zavesti, Istra je obmo\u010dje, ki ob spo\u0161tovanju edinstvenost in celovitost Republike Hrva\u0161ke, predvsem pa celovitost njenih meja, te\u017ei k regionalni samoupravi in \u010dezmejnemu sodelovanju.<\/p><p style=\"text-align: center;\"><strong>Upravno je Istrska \u017eupanija razdeljena na 41 teritorialnih enot lokalne samouprave: 10 mest in 31 ob\u010din.<\/strong><\/p><p style=\"text-align: justify;\"><strong>Mesta so: <\/strong><em>Buje, Buzet, Labin, Novigrad-Cittanova, Pazin, Pore\u010d, Pula, Rovinj, Umag, Vodnjan.<\/em> <strong>Ob\u010dine so:\u00a0<\/strong><em>Bale, Barban, Brtonigla, Cerovlje, Fa\u017eana, Funtana, Gra\u010di\u0161\u010de, Gro\u017enjan, Kanfanar, Karojba, Ka\u0161telir \u2013 Labinci, Kr\u0161an, Lani\u0161\u0107e, Li\u017enjan, Lupoglav, Mar\u010dana, Medulin, Motovun, Oprtalj, Pi\u0107an, Ra\u0161a, Sveti Lovre\u010d, Sveta Nedelja, Sveti Petar u \u0161umi, Svetvin\u010denat, Tar-Vabriga, Tinjan, Vi\u0161njan, Vi\u017einada, Vrsar, \u017dminj.<\/em><\/p><p>Istrsko regijo sestavlja 10 mest:<\/p><table style=\"width: 100%;\"><tbody><tr><td style=\"width: 50%;\"><ul><li><a href=\"https:\/\/www.vista-pro.com\/sl\/city\/umag\/\">Umag<\/a><\/li><li><a href=\"https:\/\/www.vista-pro.com\/sl\/city\/buje\/\">Buje<\/a><\/li><li><a href=\"https:\/\/www.vista-pro.com\/sl\/city\/buzet\/\">Buzet<\/a><\/li><li><a href=\"https:\/\/www.vista-pro.com\/sl\/city\/novigrad\/\">Novigrad<\/a><\/li><li><a href=\"https:\/\/www.vista-pro.com\/sl\/city\/pazin\/\">Pazin<\/a><\/li><\/ul><\/td><td style=\"width: 50%;\"><ul><li><a href=\"https:\/\/www.vista-pro.com\/sl\/city\/porec\/\">Pore\u010d<\/a><\/li><li><a href=\"https:\/\/www.vista-pro.com\/sl\/city\/rovinj\/\">Rovinj<\/a><\/li><li><a href=\"https:\/\/www.vista-pro.com\/sl\/city\/vodnjan\/\">Vodnjan<\/a><\/li><li><a href=\"https:\/\/www.vista-pro.com\/sl\/city\/pula\/\">Pulj<\/a><\/li><li><a href=\"https:\/\/www.vista-pro.com\/sl\/city\/labin\/\">Labin<\/a><\/li><\/ul><\/td><\/tr><\/tbody><\/table><hr \/><p style=\"text-align: justify;\">Istrsko \u017eupanijo sestavlja 31 ob\u010din:<\/p><table style=\"width: 100%;\"><tbody><tr><td style=\"width: 50%;\"><ul><li><a class=\"mw-redirect\" title=\"\" href=\"https:\/\/en.wikipedia.org\/wiki\/Bale_(town)\">Bale<\/a> \/ Valle<\/li><li><a title=\"Barban\" href=\"https:\/\/en.wikipedia.org\/wiki\/Barban\">Barban<\/a>\/ Barbana<\/li><li><a title=\"Brtonigla\" href=\"https:\/\/en.wikipedia.org\/wiki\/Brtonigla\">Brtonigla<\/a> \/ Verteneglio<\/li><li><a title=\"Cerovlje\" href=\"https:\/\/en.wikipedia.org\/wiki\/Cerovlje\">Cerovlje<\/a> \/ Cerreto<\/li><li><a title=\"Fa\u017eana\" href=\"https:\/\/en.wikipedia.org\/wiki\/Fa%C5%BEana\">Fa\u017eana<\/a> \/ Fasana<\/li><li><a title=\"Gra\u010di\u0161\u0107e\" href=\"https:\/\/en.wikipedia.org\/wiki\/Gra%C4%8Di%C5%A1%C4%87e\">Gra\u010di\u0161\u0107e<\/a> \/ Gallignana<\/li><li><a title=\"Gro\u017enjan\" href=\"https:\/\/en.wikipedia.org\/wiki\/Gro%C5%BEnjan\">Gro\u017enjan<\/a> \/ Grisignana<\/li><li><a title=\"Kanfanar\" href=\"https:\/\/en.wikipedia.org\/wiki\/Kanfanar\">Kanfanar<\/a> \/ Canfanaro<\/li><li><a title=\"Karojba\" href=\"https:\/\/en.wikipedia.org\/wiki\/Karojba\">Karojba<\/a> \/ Caroiba<\/li><li><a title=\"Ka\u0161telir-Labinci\" href=\"https:\/\/en.wikipedia.org\/wiki\/Ka%C5%A1telir-Labinci\">Ka\u0161telir-Labinci<\/a> \/ Castellier-Santa Domenica<\/li><li><a title=\"Kr\u0161an\" href=\"https:\/\/en.wikipedia.org\/wiki\/Kr%C5%A1an\">Kr\u0161an<\/a> \/ Chersano<\/li><li><a title=\"Lani\u0161\u0107e\" href=\"https:\/\/en.wikipedia.org\/wiki\/Lani%C5%A1%C4%87e\">Lani\u0161\u0107e<\/a> \/ Lanischie<\/li><li><a title=\"Li\u017enjan\" href=\"https:\/\/en.wikipedia.org\/wiki\/Li%C5%BEnjan\">Li\u017enjan<\/a> \/ Lisignano<\/li><li><a title=\"Lupoglav, Istrska \u017eupanija\" href=\"https:\/\/en.wikipedia.org\/wiki\/Lupoglav,_Istria_County\">Lupoglav<\/a> \/ Lupogliano<\/li><li><a title=\"Mar\u010dana\" href=\"https:\/\/en.wikipedia.org\/wiki\/Mar%C4%8Dana\">Mar\u010dana<\/a> \/ Mar\u017eana<\/li><li><a title=\"Medulin\" href=\"https:\/\/en.wikipedia.org\/wiki\/Medulin\">Medulin<\/a> \/ Medolino<\/li><\/ul><\/td><td style=\"width: 50%;\"><ul><li><a title=\"Motovun\" href=\"https:\/\/en.wikipedia.org\/wiki\/Motovun\">Motovun<\/a> \/ Montona<\/li><li><a title=\"Oprtalj\" href=\"https:\/\/en.wikipedia.org\/wiki\/Oprtalj\">Oprtalj<\/a> \/ Portole<\/li><li><a title=\"Pi\u0107an\" href=\"https:\/\/en.wikipedia.org\/wiki\/Pi%C4%87an\">Pi\u0107an<\/a> \/ Pedena<\/li><li><a title=\"Ra\u0161a, Istrska \u017eupanija\" href=\"https:\/\/en.wikipedia.org\/wiki\/Ra%C5%A1a,_Istria_County\">Ra\u0161a<\/a> \/ Arsia<\/li><li><a title=\"Sveta Nedelja, Istra\" href=\"https:\/\/en.wikipedia.org\/wiki\/Sveta_Nedelja,_Istria\">Sveta Nedelja<\/a> \/ Santa Domenica d&#039;Albona<\/li><li><a title=\"Sveti Lovre\u010d\" href=\"https:\/\/en.wikipedia.org\/wiki\/Sveti_Lovre%C4%8D\">Sveti Lovre\u010d<\/a> \/ San Lorenzo di Pesenatico<\/li><li><a title=\"Sveti Petar u \u0160umi\" href=\"https:\/\/en.wikipedia.org\/wiki\/Sveti_Petar_u_%C5%A0umi\">Sveti Petar u \u0160umi<\/a> \/ San Pietro di Selve<\/li><li><a title=\"Svetvin\u010denat\" href=\"https:\/\/en.wikipedia.org\/wiki\/Svetvin%C4%8Denat\">Svetvin\u010denat<\/a> \/ Sanvincenti<\/li><li><a title=\"Tar-Vabriga\" href=\"https:\/\/en.wikipedia.org\/wiki\/Tar-Vabriga\">Tar-Vabriga<\/a> \/ Torre-Abrega<\/li><li><a title=\"Tinjan\" href=\"https:\/\/en.wikipedia.org\/wiki\/Tinjan\">Tinjan<\/a> \/ Antignana<\/li><li><a title=\"Vi\u0161njan\" href=\"https:\/\/en.wikipedia.org\/wiki\/Vi%C5%A1njan\">Vi\u0161njan<\/a> \/ Visignano<\/li><li><a title=\"Vi\u017einada\" href=\"https:\/\/en.wikipedia.org\/wiki\/Vi%C5%BEinada\">Vi\u017einada<\/a> \/ Visinada<\/li><li><a title=\"Vrsar\" href=\"https:\/\/en.wikipedia.org\/wiki\/Vrsar\">Vrsar<\/a> \/ Orsera<\/li><li><a title=\"\u017dminj\" href=\"https:\/\/en.wikipedia.org\/wiki\/%C5%BDminj\">\u017dminj<\/a> \/ Gimino<\/li><li><a title=\"Funtana\" href=\"https:\/\/en.wikipedia.org\/wiki\/Funtana\">Funtana<\/a> \/ Fontane<\/li><\/ul><\/td><\/tr><\/tbody><\/table><hr \/>\t\t\t\t\t\t\t\t<\/div>\n\t\t\t\t<\/div>\n\t\t\t\t\t<\/div>\n\t\t\t\t<\/div>\n\t\t\t\t<\/div>","protected":false},"excerpt":{"rendered":"<p>Cadastral Areas | Istria Istria is a multi-ethnic, multi-cultural, and multi-lingual community which recognizes and protects the free speech of the citizens and protects the dignity of the individual. The region in Istria is an area in which every citizen and community hold the complete right of expression, respect, security, and development of social, ethnic, [&hellip;]<\/p>\n","protected":false},"author":1,"featured_media":0,"parent":0,"menu_order":0,"comment_status":"closed","ping_status":"closed","template":"elementor_header_footer","meta":{"footnotes":""},"class_list":["post-26541","page","type-page","status-publish","hentry"],"aioseo_notices":[],"a3_pvc":{"activated":false,"total_views":0,"today_views":0},"aioseo_head":"\n\t\t<!-- All in One SEO Pro 4.9.6.2 - aioseo.com -->\n\t<meta name=\"description\" content=\"Cadastral Areas | Istria Istria is a multi-ethnic, multi-cultural, and multi-lingual community which recognizes and protects the free speech of the citizens and protects the dignity of the individual. The region in Istria is an area in which every citizen and community hold the complete right of expression, respect, security, and development of social, ethnic,\" \/>\n\t<meta name=\"robots\" content=\"max-image-preview:large\" \/>\n\t<meta name=\"google-site-verification\" content=\"4oFqZzmLWcyWIMy4eA-JPvOMpUyQMlWKGExznAh2ivE\" \/>\n\t<meta name=\"msvalidate.01\" content=\"ce086a5b504f44708dc7e1183b682878\" \/>\n\t<meta name=\"yandex-verification\" content=\"6797e2747f288a3d\" \/>\n\t<link rel=\"canonical\" href=\"https:\/\/www.vista-pro.com\/sl\/istria-cadastral-areas\/\" \/>\n\t<meta name=\"generator\" content=\"All in One SEO Pro (AIOSEO) 4.9.6.2\" \/>\n\t\t<meta property=\"og:locale\" content=\"sl_SI\" \/>\n\t\t<meta property=\"og:site_name\" content=\"Vista Pro | Real Estate Istria\" \/>\n\t\t<meta property=\"og:type\" content=\"article\" \/>\n\t\t<meta property=\"og:title\" content=\"Cadastral Areas | Istria | Vista Pro | Real Estate Istria\" \/>\n\t\t<meta property=\"og:description\" content=\"Cadastral Areas | Istria Istria is a multi-ethnic, multi-cultural, and multi-lingual community which recognizes and protects the free speech of the citizens and protects the dignity of the individual. The region in Istria is an area in which every citizen and community hold the complete right of expression, respect, security, and development of social, ethnic,\" \/>\n\t\t<meta property=\"og:url\" content=\"https:\/\/www.vista-pro.com\/sl\/istria-cadastral-areas\/\" \/>\n\t\t<meta property=\"fb:app_id\" content=\"251215160915905\" \/>\n\t\t<meta property=\"article:published_time\" content=\"2023-08-26T00:25:40+00:00\" \/>\n\t\t<meta property=\"article:modified_time\" content=\"2023-09-01T22:20:20+00:00\" \/>\n\t\t<meta property=\"article:publisher\" content=\"https:\/\/facebook.com\/vistapronetwork\" \/>\n\t\t<meta name=\"twitter:card\" content=\"summary_large_image\" \/>\n\t\t<meta name=\"twitter:site\" content=\"@vistapronetwork\" \/>\n\t\t<meta name=\"twitter:title\" content=\"Cadastral Areas | Istria | Vista Pro | Real Estate Istria\" \/>\n\t\t<meta name=\"twitter:description\" content=\"Cadastral Areas | Istria Istria is a multi-ethnic, multi-cultural, and multi-lingual community which recognizes and protects the free speech of the citizens and protects the dignity of the individual. The region in Istria is an area in which every citizen and community hold the complete right of expression, respect, security, and development of social, ethnic,\" \/>\n\t\t<meta name=\"twitter:creator\" content=\"@vistapronetwork\" \/>\n\t\t<meta name=\"twitter:label1\" content=\"Avtor\" \/>\n\t\t<meta name=\"twitter:data1\" content=\"Vista Pro\" \/>\n\t\t<meta name=\"twitter:label2\" content=\"Predviden \u010das branja\" \/>\n\t\t<meta name=\"twitter:data2\" content=\"1 minuta\" \/>\n\t\t<script type=\"application\/ld+json\" class=\"aioseo-schema\">\n\t\t\t{\"@context\":\"https:\\\/\\\/schema.org\",\"@graph\":[{\"@type\":\"BreadcrumbList\",\"@id\":\"https:\\\/\\\/www.vista-pro.com\\\/sl\\\/istria-cadastral-areas\\\/#breadcrumblist\",\"itemListElement\":[{\"@type\":\"ListItem\",\"@id\":\"https:\\\/\\\/www.vista-pro.com\\\/sl#listItem\",\"position\":1,\"name\":\"Home\",\"item\":\"https:\\\/\\\/www.vista-pro.com\\\/sl\",\"nextItem\":{\"@type\":\"ListItem\",\"@id\":\"https:\\\/\\\/www.vista-pro.com\\\/sl\\\/istria-cadastral-areas\\\/#listItem\",\"name\":\"Cadastral Areas | Istria\"}},{\"@type\":\"ListItem\",\"@id\":\"https:\\\/\\\/www.vista-pro.com\\\/sl\\\/istria-cadastral-areas\\\/#listItem\",\"position\":2,\"name\":\"Cadastral Areas | Istria\",\"previousItem\":{\"@type\":\"ListItem\",\"@id\":\"https:\\\/\\\/www.vista-pro.com\\\/sl#listItem\",\"name\":\"Home\"}}]},{\"@type\":\"Organization\",\"@id\":\"https:\\\/\\\/www.vista-pro.com\\\/sl\\\/#organization\",\"name\":\"Vista Pro Network | Real Estate | Istria | Umag Buje Novigrad Porec Rovinj\",\"description\":\"Vista Pro Network | Real Estate | Istria | Umag Buje Novigrad Porec Rovinj\",\"url\":\"https:\\\/\\\/www.vista-pro.com\\\/sl\\\/\",\"email\":\"info@vista-pro.com\",\"telephone\":\"+385915127282\",\"logo\":{\"@type\":\"ImageObject\",\"url\":\"https:\\\/\\\/vista-pro.com\\\/wp-content\\\/uploads\\\/2022\\\/05\\\/logo-b.png\",\"@id\":\"https:\\\/\\\/www.vista-pro.com\\\/sl\\\/istria-cadastral-areas\\\/#organizationLogo\"},\"image\":{\"@id\":\"https:\\\/\\\/www.vista-pro.com\\\/sl\\\/istria-cadastral-areas\\\/#organizationLogo\"},\"sameAs\":[\"https:\\\/\\\/facebook.com\\\/vistapronetwork\",\"https:\\\/\\\/x.com\\\/vistapronetwork\",\"https:\\\/\\\/instagram.com\\\/vistapronetwork\",\"https:\\\/\\\/pinterest.com\\\/vistapronetwork\",\"https:\\\/\\\/youtube.com\\\/@vistapronetwork\",\"https:\\\/\\\/linkedin.com\\\/in\\\/vistapronetwork\"],\"address\":{\"@id\":\"https:\\\/\\\/www.vista-pro.com\\\/sl\\\/#postaladdress\",\"@type\":\"PostalAddress\",\"streetAddress\":\"Vladimir Nazor 5,\",\"postalCode\":\"52470\",\"addressLocality\":\"Umag\",\"addressRegion\":\"Istria\",\"addressCountry\":\"HR\"},\"vatID\":\"HR30117654631\"},{\"@type\":\"RealEstateListing\",\"@id\":\"https:\\\/\\\/www.vista-pro.com\\\/sl\\\/istria-cadastral-areas\\\/#realestatelisting\",\"url\":\"https:\\\/\\\/www.vista-pro.com\\\/sl\\\/istria-cadastral-areas\\\/\",\"name\":\"Cadastral Areas | Istria | Vista Pro | Real Estate Istria\",\"description\":\"Cadastral Areas | Istria Istria is a multi-ethnic, multi-cultural, and multi-lingual community which recognizes and protects the free speech of the citizens and protects the dignity of the individual. The region in Istria is an area in which every citizen and community hold the complete right of expression, respect, security, and development of social, ethnic,\",\"inLanguage\":\"sl-SI\",\"isPartOf\":{\"@id\":\"https:\\\/\\\/www.vista-pro.com\\\/sl\\\/#website\"},\"breadcrumb\":{\"@id\":\"https:\\\/\\\/www.vista-pro.com\\\/sl\\\/istria-cadastral-areas\\\/#breadcrumblist\"},\"datePublished\":\"2023-08-26T02:25:40+02:00\",\"dateModified\":\"2023-09-02T00:20:20+02:00\",\"datePosted\":\"2023-08-26T02:25:40+02:00\"},{\"@type\":\"WebPage\",\"@id\":\"https:\\\/\\\/www.vista-pro.com\\\/sl\\\/istria-cadastral-areas\\\/#webpage\",\"url\":\"https:\\\/\\\/www.vista-pro.com\\\/sl\\\/istria-cadastral-areas\\\/\",\"name\":\"Cadastral Areas | Istria | Vista Pro | Real Estate Istria\",\"description\":\"Cadastral Areas | Istria Istria is a multi-ethnic, multi-cultural, and multi-lingual community which recognizes and protects the free speech of the citizens and protects the dignity of the individual. The region in Istria is an area in which every citizen and community hold the complete right of expression, respect, security, and development of social, ethnic,\",\"inLanguage\":\"sl-SI\",\"isPartOf\":{\"@id\":\"https:\\\/\\\/www.vista-pro.com\\\/sl\\\/#website\"},\"breadcrumb\":{\"@id\":\"https:\\\/\\\/www.vista-pro.com\\\/sl\\\/istria-cadastral-areas\\\/#breadcrumblist\"},\"datePublished\":\"2023-08-26T02:25:40+02:00\",\"dateModified\":\"2023-09-02T00:20:20+02:00\"},{\"@type\":\"WebSite\",\"@id\":\"https:\\\/\\\/www.vista-pro.com\\\/sl\\\/#website\",\"url\":\"https:\\\/\\\/www.vista-pro.com\\\/sl\\\/\",\"name\":\"Vista Pro | Real Estate Istria\",\"alternateName\":\"Vista Pro Network | Real Estate\",\"description\":\"Vista Pro Network | Real Estate | Istria | Umag Buje Novigrad Porec Rovinj\",\"inLanguage\":\"sl-SI\",\"publisher\":{\"@id\":\"https:\\\/\\\/www.vista-pro.com\\\/sl\\\/#organization\"}}]}\n\t\t<\/script>\n\t\t<!-- All in One SEO Pro -->\r\n\t\t<title>Cadastral Areas | Istria | Vista Pro | Real Estate Istria<\/title>\n\n","aioseo_head_json":{"title":"Katastrska obmo\u010dja | Istra | Vista Pro | Nepremi\u010dnine Istra","description":"Katastrska obmo\u010dja | Istra Istra je ve\u010detni\u010dna, ve\u010dkulturna in ve\u010djezi\u010dna skupnost, ki priznava in \u0161\u010diti svobodo govora dr\u017eavljanov ter \u0161\u010diti dostojanstvo posameznika. Regija v Istri je obmo\u010dje, kjer ima vsak dr\u017eavljan in skupnost popolno pravico do izra\u017eanja, spo\u0161tovanja, varnosti in razvoja dru\u017ebene, etni\u010dne,","canonical_url":"https:\/\/www.vista-pro.com\/sl\/istria-cadastral-areas\/","robots":"max-image-preview:large","keywords":"","webmasterTools":{"google-site-verification":"4oFqZzmLWcyWIMy4eA-JPvOMpUyQMlWKGExznAh2ivE","msvalidate.01":"ce086a5b504f44708dc7e1183b682878","yandex-verification":"6797e2747f288a3d","miscellaneous":""},"schema":{"@context":"https:\/\/schema.org","@graph":[{"@type":"BreadcrumbList","@id":"https:\/\/www.vista-pro.com\/sl\/istria-cadastral-areas\/#breadcrumblist","itemListElement":[{"@type":"ListItem","@id":"https:\/\/www.vista-pro.com\/sl#listItem","position":1,"name":"Home","item":"https:\/\/www.vista-pro.com\/sl","nextItem":{"@type":"ListItem","@id":"https:\/\/www.vista-pro.com\/sl\/istria-cadastral-areas\/#listItem","name":"Cadastral Areas | Istria"}},{"@type":"ListItem","@id":"https:\/\/www.vista-pro.com\/sl\/istria-cadastral-areas\/#listItem","position":2,"name":"Cadastral Areas | Istria","previousItem":{"@type":"ListItem","@id":"https:\/\/www.vista-pro.com\/sl#listItem","name":"Home"}}]},{"@type":"Organization","@id":"https:\/\/www.vista-pro.com\/sl\/#organization","name":"Vista Pro Network | Real Estate | Istria | Umag Buje Novigrad Porec Rovinj","description":"Vista Pro Network | Real Estate | Istria | Umag Buje Novigrad Porec Rovinj","url":"https:\/\/www.vista-pro.com\/sl\/","email":"info@vista-pro.com","telephone":"+385915127282","logo":{"@type":"ImageObject","url":"https:\/\/vista-pro.com\/wp-content\/uploads\/2022\/05\/logo-b.png","@id":"https:\/\/www.vista-pro.com\/sl\/istria-cadastral-areas\/#organizationLogo"},"image":{"@id":"https:\/\/www.vista-pro.com\/sl\/istria-cadastral-areas\/#organizationLogo"},"sameAs":["https:\/\/facebook.com\/vistapronetwork","https:\/\/x.com\/vistapronetwork","https:\/\/instagram.com\/vistapronetwork","https:\/\/pinterest.com\/vistapronetwork","https:\/\/youtube.com\/@vistapronetwork","https:\/\/linkedin.com\/in\/vistapronetwork"],"address":{"@id":"https:\/\/www.vista-pro.com\/sl\/#postaladdress","@type":"PostalAddress","streetAddress":"Vladimir Nazor 5,","postalCode":"52470","addressLocality":"Umag","addressRegion":"Istria","addressCountry":"HR"},"vatID":"HR30117654631"},{"@type":"RealEstateListing","@id":"https:\/\/www.vista-pro.com\/sl\/istria-cadastral-areas\/#realestatelisting","url":"https:\/\/www.vista-pro.com\/sl\/istria-cadastral-areas\/","name":"Cadastral Areas | Istria | Vista Pro | Real Estate Istria","description":"Cadastral Areas | Istria Istria is a multi-ethnic, multi-cultural, and multi-lingual community which recognizes and protects the free speech of the citizens and protects the dignity of the individual. The region in Istria is an area in which every citizen and community hold the complete right of expression, respect, security, and development of social, ethnic,","inLanguage":"sl-SI","isPartOf":{"@id":"https:\/\/www.vista-pro.com\/sl\/#website"},"breadcrumb":{"@id":"https:\/\/www.vista-pro.com\/sl\/istria-cadastral-areas\/#breadcrumblist"},"datePublished":"2023-08-26T02:25:40+02:00","dateModified":"2023-09-02T00:20:20+02:00","datePosted":"2023-08-26T02:25:40+02:00"},{"@type":"WebPage","@id":"https:\/\/www.vista-pro.com\/sl\/istria-cadastral-areas\/#webpage","url":"https:\/\/www.vista-pro.com\/sl\/istria-cadastral-areas\/","name":"Cadastral Areas | Istria | Vista Pro | Real Estate Istria","description":"Cadastral Areas | Istria Istria is a multi-ethnic, multi-cultural, and multi-lingual community which recognizes and protects the free speech of the citizens and protects the dignity of the individual. The region in Istria is an area in which every citizen and community hold the complete right of expression, respect, security, and development of social, ethnic,","inLanguage":"sl-SI","isPartOf":{"@id":"https:\/\/www.vista-pro.com\/sl\/#website"},"breadcrumb":{"@id":"https:\/\/www.vista-pro.com\/sl\/istria-cadastral-areas\/#breadcrumblist"},"datePublished":"2023-08-26T02:25:40+02:00","dateModified":"2023-09-02T00:20:20+02:00"},{"@type":"WebSite","@id":"https:\/\/www.vista-pro.com\/sl\/#website","url":"https:\/\/www.vista-pro.com\/sl\/","name":"Vista Pro | Real Estate Istria","alternateName":"Vista Pro Network | Real Estate","description":"Vista Pro Network | Real Estate | Istria | Umag Buje Novigrad Porec Rovinj","inLanguage":"sl-SI","publisher":{"@id":"https:\/\/www.vista-pro.com\/sl\/#organization"}}]},"og:locale":"sl_SI","og:site_name":"Vista Pro | Real Estate Istria","og:type":"article","og:title":"Cadastral Areas | Istria | Vista Pro | Real Estate Istria","og:description":"Cadastral Areas | Istria Istria is a multi-ethnic, multi-cultural, and multi-lingual community which recognizes and protects the free speech of the citizens and protects the dignity of the individual. The region in Istria is an area in which every citizen and community hold the complete right of expression, respect, security, and development of social, ethnic,","og:url":"https:\/\/www.vista-pro.com\/sl\/istria-cadastral-areas\/","fb:app_id":"251215160915905","article:published_time":"2023-08-26T00:25:40+00:00","article:modified_time":"2023-09-01T22:20:20+00:00","article:publisher":"https:\/\/facebook.com\/vistapronetwork","twitter:card":"summary_large_image","twitter:site":"@vistapronetwork","twitter:title":"Cadastral Areas | Istria | Vista Pro | Real Estate Istria","twitter:description":"Cadastral Areas | Istria Istria is a multi-ethnic, multi-cultural, and multi-lingual community which recognizes and protects the free speech of the citizens and protects the dignity of the individual. The region in Istria is an area in which every citizen and community hold the complete right of expression, respect, security, and development of social, ethnic,","twitter:creator":"@vistapronetwork","twitter:label1":"Avtor","twitter:data1":"Vista Pro","twitter:label2":"Predviden \u010das branja","twitter:data2":"1 minuta"},"aioseo_meta_data":{"post_id":"26541","title":null,"description":null,"keywords":[],"keyphrases":{"focus":{"keyphrase":"","score":0,"analysis":{"keyphraseInTitle":{"score":0,"maxScore":9,"error":1}}},"additional":[]},"primary_term":null,"canonical_url":null,"og_title":null,"og_description":null,"og_object_type":"default","og_image_type":"default","og_image_url":null,"og_image_width":null,"og_image_height":null,"og_image_custom_url":null,"og_image_custom_fields":null,"og_video":"","og_custom_url":null,"og_article_section":null,"og_article_tags":[],"twitter_use_og":true,"twitter_card":"default","twitter_image_type":"default","twitter_image_url":null,"twitter_image_custom_url":null,"twitter_image_custom_fields":null,"twitter_title":null,"twitter_description":null,"schema":{"blockGraphs":[],"customGraphs":[],"default":{"data":{"Article":[],"Course":[],"Dataset":[],"FAQPage":[],"Movie":[],"Person":[],"Product":[],"ProductReview":[],"Car":[],"Recipe":[],"Service":[],"SoftwareApplication":[],"WebPage":[]},"graphName":"WebPage","isEnabled":true},"graphs":[]},"schema_type":"default","schema_type_options":null,"pillar_content":false,"robots_default":true,"robots_noindex":false,"robots_noarchive":false,"robots_nosnippet":false,"robots_nofollow":false,"robots_noimageindex":false,"robots_noodp":false,"robots_notranslate":false,"robots_max_snippet":"-1","robots_max_videopreview":"-1","robots_max_imagepreview":"large","priority":null,"frequency":"default","local_seo":null,"seo_analyzer_scan_date":"2025-12-19 17:18:37","breadcrumb_settings":null,"limit_modified_date":false,"open_ai":"{\"title\":{\"suggestions\":[],\"usage\":0},\"description\":{\"suggestions\":[],\"usage\":0}}","ai":null,"created":"2023-08-26 00:14:26","updated":"2025-12-19 17:18:37"},"aioseo_breadcrumb":"<div class=\"aioseo-breadcrumbs\"><span class=\"aioseo-breadcrumb\">\n\t<a href=\"https:\/\/www.vista-pro.com\/sl\" title=\"Home\">Home<\/a>\n<\/span><span class=\"aioseo-breadcrumb-separator\">|<\/span><span class=\"aioseo-breadcrumb\">\n\tCadastral Areas | Istria\n<\/span><\/div>","aioseo_breadcrumb_json":[{"label":"Home","link":"https:\/\/www.vista-pro.com\/sl"},{"label":"Cadastral Areas | Istria","link":"https:\/\/www.vista-pro.com\/sl\/istria-cadastral-areas\/"}],"_links":{"self":[{"href":"https:\/\/www.vista-pro.com\/sl\/wp-json\/wp\/v2\/pages\/26541","targetHints":{"allow":["GET"]}}],"collection":[{"href":"https:\/\/www.vista-pro.com\/sl\/wp-json\/wp\/v2\/pages"}],"about":[{"href":"https:\/\/www.vista-pro.com\/sl\/wp-json\/wp\/v2\/types\/page"}],"author":[{"embeddable":true,"href":"https:\/\/www.vista-pro.com\/sl\/wp-json\/wp\/v2\/users\/1"}],"replies":[{"embeddable":true,"href":"https:\/\/www.vista-pro.com\/sl\/wp-json\/wp\/v2\/comments?post=26541"}],"version-history":[{"count":0,"href":"https:\/\/www.vista-pro.com\/sl\/wp-json\/wp\/v2\/pages\/26541\/revisions"}],"wp:attachment":[{"href":"https:\/\/www.vista-pro.com\/sl\/wp-json\/wp\/v2\/media?parent=26541"}],"curies":[{"name":"delovni list","href":"https:\/\/api.w.org\/{rel}","templated":true}]}}