{"id":28548,"date":"2024-02-21T01:40:53","date_gmt":"2024-02-20T23:40:53","guid":{"rendered":"https:\/\/www.vista-pro.com\/?post_type=property&#038;p=28548"},"modified":"2024-02-21T01:40:53","modified_gmt":"2024-02-20T23:40:53","slug":"porec-flat-with-sea-view-in-a-great-location","status":"publish","type":"property","link":"https:\/\/www.vista-pro.com\/sl\/real-estate\/porec-flat-with-sea-view-in-a-great-location\/","title":{"rendered":"Pore\u010d | Stanovanje s pogledom na morje na odli\u010dni lokaciji"},"content":{"rendered":"<h2 style=\"text-align: center;\">Pore\u010d | Stanovanje s pogledom na morje na odli\u010dni lokaciji<\/h2>\n<p>&nbsp;<\/p>\n<p style=\"text-align: justify;\">Prodamo stanovanje v Pore\u010du na odli\u010dni lokaciji s pogledom na morje. Skupna povr\u0161ina nepremi\u010dnine je 84 m\u00b2. Stanovanje meri 58 m\u00b2 in se nahaja v prvem nadstropju manj\u0161ega stanovanjskega objekta. Sestoji iz dnevne sobe, kuhinje, 2 spalnici, kopalnice, terase, hodnika in shrambe. Nahaja se na son\u010dni strani in je zelo dobro osvetljena. Ogrevanje je na pe\u010d na drva, hlajenje pa na klimatske naprave. Stanovanju pripada tudi 22 m\u00b2 velik zasebni vrt v pritli\u010dju stavbe.<\/p>\n<p style=\"text-align: justify;\">Stanovanje se nahaja na atraktivni lokaciji le nekaj minut od centra Pore\u010da in 1,4 km od morja ter lepih in urejenih pla\u017e. V bli\u017eini so \u0161tevilne restavracije, kavarne, promenade in razni drugi objekti. Glede na lokacijo in bli\u017eino vseh potrebnih vsebin je apartma idealen za dopust, pa tudi za turisti\u010dne namene.<\/p>\n<hr \/>\n<p>&nbsp;<\/p>\n<div class=\"pvc_clear\"><\/div>\n<p id=\"pvc_stats_28548\" class=\"pvc_stats total_only\" data-element-id=\"28548\" style=\"\"><i class=\"pvc-stats-icon small\" aria-hidden=\"true\"><svg aria-hidden=\"true\" focusable=\"false\" data-prefix=\"far\" data-icon=\"chart-bar\" role=\"img\" xmlns=\"http:\/\/www.w3.org\/2000\/svg\" viewbox=\"0 0 512 512\" class=\"svg-inline--fa fa-chart-bar fa-w-16 fa-2x\"><path fill=\"currentColor\" d=\"M396.8 352h22.4c6.4 0 12.8-6.4 12.8-12.8V108.8c0-6.4-6.4-12.8-12.8-12.8h-22.4c-6.4 0-12.8 6.4-12.8 12.8v230.4c0 6.4 6.4 12.8 12.8 12.8zm-192 0h22.4c6.4 0 12.8-6.4 12.8-12.8V140.8c0-6.4-6.4-12.8-12.8-12.8h-22.4c-6.4 0-12.8 6.4-12.8 12.8v198.4c0 6.4 6.4 12.8 12.8 12.8zm96 0h22.4c6.4 0 12.8-6.4 12.8-12.8V204.8c0-6.4-6.4-12.8-12.8-12.8h-22.4c-6.4 0-12.8 6.4-12.8 12.8v134.4c0 6.4 6.4 12.8 12.8 12.8zM496 400H48V80c0-8.84-7.16-16-16-16H16C7.16 64 0 71.16 0 80v336c0 17.67 14.33 32 32 32h464c8.84 0 16-7.16 16-16v-16c0-8.84-7.16-16-16-16zm-387.2-48h22.4c6.4 0 12.8-6.4 12.8-12.8v-70.4c0-6.4-6.4-12.8-12.8-12.8h-22.4c-6.4 0-12.8 6.4-12.8 12.8v70.4c0 6.4 6.4 12.8 12.8 12.8z\" class=\"\"><\/path><\/svg><\/i> <img decoding=\"async\" width=\"16\" height=\"16\" alt=\"nalaganje\" src=\"https:\/\/cdn.vista-pro.com\/wp-content\/plugins\/page-views-count\/ajax-loader-2x.gif?strip=all&quality=70&webp=70&avif=70&sharp=1&resize=16%2C16\" border=\"0\" \/><\/p>\n<div class=\"pvc_clear\"><\/div>","protected":false},"excerpt":{"rendered":"<p>Pore\u010d | Flat with sea view in a great location &nbsp; An flat for sale in Pore\u010d in an excellent position with a view of the sea. The total area of the property is 84 m\u00b2. The flat has an area of 58 m\u00b2 and is located on the first floor of a smaller residential [&hellip;]<\/p>\n","protected":false},"author":22,"featured_media":28595,"parent":0,"menu_order":0,"template":"","property_type":[393,1199],"property_status":[30],"property_feature":[411,13,37,1214],"property_label":[33],"property_country":[65],"property_state":[22],"property_city":[24],"property_area":[1190],"ppma_author":[200,198,199,1216],"class_list":["post-28548","property","type-property","status-publish","has-post-thumbnail","hentry","property_type-flat","property_type-residential-real-estate","property_status-for-sale","property_feature-5g-coverage","property_feature-air-conditioning","property_feature-lawn","property_feature-wooden-carpentry","property_label-hot-offer","property_country-croatia","property_state-istria","property_city-porec","property_area-porec-surroundings"],"aioseo_notices":[],"property_meta":{"ppma_authors_name":["Vista Pro Network, Vista Pro, Alen Zubin, Franko Agent"],"_edit_lock":["1708849749:1"],"_edit_last":["1"],"_wp_page_template":["default"],"fave_property_price":["190000"],"fave_show_price_placeholder":["0"],"fave_property_size":["58"],"fave_property_land":["22"],"fave_property_bedrooms":["2"],"fave_property_rooms":["7"],"fave_property_bathrooms":["1"],"fave_property_id":["VPF-2183"],"fave_seaview":["Yes"],"fave_distance-from-center":["1 Km"],"fave_distance-from-sea":["1.4 Km"],"fave_number-of-floors":["1"],"fave_parking-slot":["1"],"fave_renovated":["Yes"],"fave_furnished":["Yes"],"fave_basement":["No"],"fave_terrace":["0"],"fave_documentation":["In Order"],"fave_availability":["Instantly"],"fave_property_map":["1"],"fave_property_map_address":["Pore\u010d, Croatia"],"fave_property_location":["45.230385180921,13.603629099011,15"],"fave_property_map_street_view":["hide"],"fave_featured":["0"],"houzez_featured_listing_date":[""],"houzez_geolocation_lat":["45.230385180921"],"houzez_geolocation_long":["13.603629099011"],"fave_loggedintoview":["0"],"fave_agent_display_option":["agent_info"],"fave_prop_homeslider":["no"],"fave_single_top_area":["global"],"fave_single_content_area":["global"],"_aioseo_title":["#post_title"],"_aioseo_description":["An flat for sale in Pore\u010d in an excellent position with a view of the sea. The total area of the property is 84 m\u00b2. The flat has an area of 58 m\u00b2..."],"_aioseo_keywords":[""],"_aioseo_og_title":[null],"_aioseo_og_description":[null],"_aioseo_og_article_section":[""],"_aioseo_og_article_tags":[""],"_aioseo_twitter_title":[null],"_aioseo_twitter_description":[null],"_a3_pvc_activated":["true"],"_ssb_hide":["false"],"ppma_disable_author_box":["0"],"houzez_manual_expire":["0"],"_houzez_expiration_date_status":["saved"],"houzez_total_property_views":["2033"],"houzez_views_by_date":["a:61:{s:10:\"02-27-2026\";i:7;s:10:\"02-28-2026\";i:15;s:10:\"03-01-2026\";i:21;s:10:\"03-02-2026\";i:21;s:10:\"03-03-2026\";i:14;s:10:\"03-04-2026\";i:21;s:10:\"03-05-2026\";i:7;s:10:\"03-06-2026\";i:14;s:10:\"03-07-2026\";i:15;s:10:\"03-08-2026\";i:8;s:10:\"03-09-2026\";i:28;s:10:\"03-10-2026\";i:14;s:10:\"03-11-2026\";i:21;s:10:\"03-12-2026\";i:22;s:10:\"03-13-2026\";i:15;s:10:\"03-14-2026\";i:15;s:10:\"03-15-2026\";i:1;s:10:\"03-16-2026\";i:14;s:10:\"03-17-2026\";i:14;s:10:\"03-18-2026\";i:1;s:10:\"03-19-2026\";i:14;s:10:\"03-20-2026\";i:8;s:10:\"03-21-2026\";i:14;s:10:\"03-22-2026\";i:27;s:10:\"03-23-2026\";i:9;s:10:\"03-24-2026\";i:21;s:10:\"03-25-2026\";i:14;s:10:\"03-26-2026\";i:14;s:10:\"03-27-2026\";i:14;s:10:\"03-28-2026\";i:8;s:10:\"03-29-2026\";i:15;s:10:\"03-30-2026\";i:16;s:10:\"03-31-2026\";i:7;s:10:\"04-01-2026\";i:22;s:10:\"04-03-2026\";i:15;s:10:\"04-04-2026\";i:14;s:10:\"04-05-2026\";i:7;s:10:\"04-06-2026\";i:21;s:10:\"04-08-2026\";i:28;s:10:\"04-09-2026\";i:21;s:10:\"04-10-2026\";i:28;s:10:\"04-11-2026\";i:14;s:10:\"04-12-2026\";i:28;s:10:\"04-13-2026\";i:14;s:10:\"04-15-2026\";i:7;s:10:\"04-16-2026\";i:21;s:10:\"04-17-2026\";i:21;s:10:\"04-18-2026\";i:14;s:10:\"04-19-2026\";i:7;s:10:\"04-20-2026\";i:20;s:10:\"04-21-2026\";i:21;s:10:\"04-22-2026\";i:7;s:10:\"04-23-2026\";i:21;s:10:\"04-24-2026\";i:23;s:10:\"04-25-2026\";i:26;s:10:\"04-26-2026\";i:28;s:10:\"04-27-2026\";i:14;s:10:\"04-28-2026\";i:15;s:10:\"04-29-2026\";i:14;s:10:\"04-30-2026\";i:7;s:10:\"05-01-2026\";i:7;}"],"houzez_recently_viewed":["2026-05-01 02:09:51"],"ssb_old_counts":["a:5:{s:7:\"twitter\";i:0;s:9:\"pinterest\";i:0;s:7:\"fbshare\";i:0;s:6:\"reddit\";i:0;s:6:\"tumblr\";N;}"],"ssb_total_counts":["0"],"ssb_cache_timestamp":["493748"],"fave_property_sec_price":["3275.86"],"fave_property_price_postfix":["m\u00b2"],"fave_property_size_prefix":["m\u00b2"],"fave_property_land_postfix":["m\u00b2"],"fave_price-m":["3275.86"],"fave_property_address":["Pore\u010d, Croatia"],"fave_property_zip":["52440"],"_thumbnail_id":["28595"],"fave_property_images":["28595","28596","28590","28589","28593","28588","28591","28592","28594"],"fave_agents":["28578"],"fave_attachments":["28549"],"_elementor_page_assets":["a:0:{}"]},"a3_pvc":{"activated":true,"total_views":2294,"today_views":0},"aioseo_head":"\n\t\t<!-- All in One SEO Pro 4.9.6.2 - aioseo.com -->\n\t<meta name=\"description\" content=\"An flat for sale in Pore\u010d in an excellent position with a view of the sea. The total area of the property is 84 m\u00b2. The flat has an area of 58 m\u00b2...\" \/>\n\t<meta name=\"robots\" content=\"max-image-preview:large\" \/>\n\t<meta name=\"author\" content=\"Vista Pro Network\"\/>\n\t<meta name=\"google-site-verification\" content=\"4oFqZzmLWcyWIMy4eA-JPvOMpUyQMlWKGExznAh2ivE\" \/>\n\t<meta name=\"msvalidate.01\" content=\"ce086a5b504f44708dc7e1183b682878\" \/>\n\t<meta name=\"yandex-verification\" content=\"6797e2747f288a3d\" \/>\n\t<link rel=\"canonical\" href=\"https:\/\/www.vista-pro.com\/sl\/real-estate\/porec-flat-with-sea-view-in-a-great-location\/\" \/>\n\t<meta name=\"generator\" content=\"All in One SEO Pro (AIOSEO) 4.9.6.2\" \/>\n\t\t<meta property=\"og:locale\" content=\"sl_SI\" \/>\n\t\t<meta property=\"og:site_name\" content=\"Vista Pro | Real Estate Istria\" \/>\n\t\t<meta property=\"og:type\" content=\"article\" \/>\n\t\t<meta property=\"og:title\" content=\"Pore\u010d | Flat with sea view in a great location\" \/>\n\t\t<meta property=\"og:description\" content=\"An flat for sale in Pore\u010d in an excellent position with a view of the sea. The total area of the property is 84 m\u00b2. The flat has an area of 58 m\u00b2...\" \/>\n\t\t<meta property=\"og:url\" content=\"https:\/\/www.vista-pro.com\/sl\/real-estate\/porec-flat-with-sea-view-in-a-great-location\/\" \/>\n\t\t<meta property=\"fb:app_id\" content=\"251215160915905\" \/>\n\t\t<meta property=\"og:image\" content=\"https:\/\/www.vista-pro.com\/wp-content\/uploads\/2024\/02\/porec-flat-with-sea-view-in-a-great-location-8.jpg\" \/>\n\t\t<meta property=\"og:image:secure_url\" content=\"https:\/\/www.vista-pro.com\/wp-content\/uploads\/2024\/02\/porec-flat-with-sea-view-in-a-great-location-8.jpg\" \/>\n\t\t<meta property=\"og:image:width\" content=\"2160\" \/>\n\t\t<meta property=\"og:image:height\" content=\"1440\" \/>\n\t\t<meta property=\"article:published_time\" content=\"2024-02-20T23:40:53+00:00\" \/>\n\t\t<meta property=\"article:modified_time\" content=\"2024-02-20T23:40:53+00:00\" \/>\n\t\t<meta property=\"article:publisher\" content=\"https:\/\/facebook.com\/vistapronetwork\" \/>\n\t\t<meta name=\"twitter:card\" content=\"summary_large_image\" \/>\n\t\t<meta name=\"twitter:site\" content=\"@vistapronetwork\" \/>\n\t\t<meta name=\"twitter:title\" content=\"Pore\u010d | Flat with sea view in a great location\" \/>\n\t\t<meta name=\"twitter:description\" content=\"An flat for sale in Pore\u010d in an excellent position with a view of the sea. The total area of the property is 84 m\u00b2. The flat has an area of 58 m\u00b2...\" \/>\n\t\t<meta name=\"twitter:creator\" content=\"@vistapronetwork\" \/>\n\t\t<meta name=\"twitter:image\" content=\"https:\/\/www.vista-pro.com\/wp-content\/uploads\/2024\/02\/porec-flat-with-sea-view-in-a-great-location-8.jpg\" \/>\n\t\t<meta name=\"twitter:label1\" content=\"Avtor\" \/>\n\t\t<meta name=\"twitter:data1\" content=\"Vista Pro Network\" \/>\n\t\t<meta name=\"twitter:label2\" content=\"Predviden \u010das branja\" \/>\n\t\t<meta name=\"twitter:data2\" content=\"1 minuta\" \/>\n\t\t<script type=\"application\/ld+json\" class=\"aioseo-schema\">\n\t\t\t{\"@context\":\"https:\\\/\\\/schema.org\",\"@graph\":[{\"@type\":\"BreadcrumbList\",\"@id\":\"https:\\\/\\\/www.vista-pro.com\\\/sl\\\/real-estate\\\/porec-flat-with-sea-view-in-a-great-location\\\/#breadcrumblist\",\"itemListElement\":[{\"@type\":\"ListItem\",\"@id\":\"https:\\\/\\\/www.vista-pro.com\\\/sl#listItem\",\"position\":1,\"name\":\"Home\",\"item\":\"https:\\\/\\\/www.vista-pro.com\\\/sl\",\"nextItem\":{\"@type\":\"ListItem\",\"@id\":\"https:\\\/\\\/www.vista-pro.com\\\/sl\\\/real-estate\\\/#listItem\",\"name\":\"Properties\"}},{\"@type\":\"ListItem\",\"@id\":\"https:\\\/\\\/www.vista-pro.com\\\/sl\\\/real-estate\\\/#listItem\",\"position\":2,\"name\":\"Properties\",\"item\":\"https:\\\/\\\/www.vista-pro.com\\\/sl\\\/real-estate\\\/\",\"nextItem\":{\"@type\":\"ListItem\",\"@id\":\"https:\\\/\\\/www.vista-pro.com\\\/sl\\\/real-estate-type\\\/residential-real-estate\\\/#listItem\",\"name\":\"Residential Real Estate\"},\"previousItem\":{\"@type\":\"ListItem\",\"@id\":\"https:\\\/\\\/www.vista-pro.com\\\/sl#listItem\",\"name\":\"Home\"}},{\"@type\":\"ListItem\",\"@id\":\"https:\\\/\\\/www.vista-pro.com\\\/sl\\\/real-estate-type\\\/residential-real-estate\\\/#listItem\",\"position\":3,\"name\":\"Residential Real Estate\",\"item\":\"https:\\\/\\\/www.vista-pro.com\\\/sl\\\/real-estate-type\\\/residential-real-estate\\\/\",\"nextItem\":{\"@type\":\"ListItem\",\"@id\":\"https:\\\/\\\/www.vista-pro.com\\\/sl\\\/real-estate-type\\\/flat\\\/#listItem\",\"name\":\"Flat\"},\"previousItem\":{\"@type\":\"ListItem\",\"@id\":\"https:\\\/\\\/www.vista-pro.com\\\/sl\\\/real-estate\\\/#listItem\",\"name\":\"Properties\"}},{\"@type\":\"ListItem\",\"@id\":\"https:\\\/\\\/www.vista-pro.com\\\/sl\\\/real-estate-type\\\/flat\\\/#listItem\",\"position\":4,\"name\":\"Flat\",\"item\":\"https:\\\/\\\/www.vista-pro.com\\\/sl\\\/real-estate-type\\\/flat\\\/\",\"nextItem\":{\"@type\":\"ListItem\",\"@id\":\"https:\\\/\\\/www.vista-pro.com\\\/sl\\\/real-estate\\\/porec-flat-with-sea-view-in-a-great-location\\\/#listItem\",\"name\":\"Pore\\u010d | Flat with sea view in a great location\"},\"previousItem\":{\"@type\":\"ListItem\",\"@id\":\"https:\\\/\\\/www.vista-pro.com\\\/sl\\\/real-estate-type\\\/residential-real-estate\\\/#listItem\",\"name\":\"Residential Real Estate\"}},{\"@type\":\"ListItem\",\"@id\":\"https:\\\/\\\/www.vista-pro.com\\\/sl\\\/real-estate\\\/porec-flat-with-sea-view-in-a-great-location\\\/#listItem\",\"position\":5,\"name\":\"Pore\\u010d | Flat with sea view in a great location\",\"previousItem\":{\"@type\":\"ListItem\",\"@id\":\"https:\\\/\\\/www.vista-pro.com\\\/sl\\\/real-estate-type\\\/flat\\\/#listItem\",\"name\":\"Flat\"}}]},{\"@type\":\"Organization\",\"@id\":\"https:\\\/\\\/www.vista-pro.com\\\/sl\\\/#organization\",\"name\":\"Vista Pro Network | Real Estate | Istria | Umag Buje Novigrad Porec Rovinj\",\"description\":\"Vista Pro Network | Real Estate | Istria | Umag Buje Novigrad Porec Rovinj\",\"url\":\"https:\\\/\\\/www.vista-pro.com\\\/sl\\\/\",\"email\":\"info@vista-pro.com\",\"telephone\":\"+385915127282\",\"logo\":{\"@type\":\"ImageObject\",\"url\":\"https:\\\/\\\/vista-pro.com\\\/wp-content\\\/uploads\\\/2022\\\/05\\\/logo-b.png\",\"@id\":\"https:\\\/\\\/www.vista-pro.com\\\/sl\\\/real-estate\\\/porec-flat-with-sea-view-in-a-great-location\\\/#organizationLogo\"},\"image\":{\"@id\":\"https:\\\/\\\/www.vista-pro.com\\\/sl\\\/real-estate\\\/porec-flat-with-sea-view-in-a-great-location\\\/#organizationLogo\"},\"sameAs\":[\"https:\\\/\\\/facebook.com\\\/vistapronetwork\",\"https:\\\/\\\/x.com\\\/vistapronetwork\",\"https:\\\/\\\/instagram.com\\\/vistapronetwork\",\"https:\\\/\\\/pinterest.com\\\/vistapronetwork\",\"https:\\\/\\\/youtube.com\\\/@vistapronetwork\",\"https:\\\/\\\/linkedin.com\\\/in\\\/vistapronetwork\"],\"address\":{\"@id\":\"https:\\\/\\\/www.vista-pro.com\\\/sl\\\/#postaladdress\",\"@type\":\"PostalAddress\",\"streetAddress\":\"Vladimir Nazor 5,\",\"postalCode\":\"52470\",\"addressLocality\":\"Umag\",\"addressRegion\":\"Istria\",\"addressCountry\":\"HR\"},\"vatID\":\"HR30117654631\"},{\"@type\":\"Person\",\"@id\":\"https:\\\/\\\/www.vista-pro.com\\\/sl\\\/author\\\/agency\\\/#author\",\"url\":\"https:\\\/\\\/www.vista-pro.com\\\/sl\\\/author\\\/agency\\\/\",\"name\":\"Vista Pro Network\"},{\"@type\":\"RealEstateListing\",\"@id\":\"https:\\\/\\\/www.vista-pro.com\\\/sl\\\/real-estate\\\/porec-flat-with-sea-view-in-a-great-location\\\/#realestatelisting\",\"url\":\"https:\\\/\\\/www.vista-pro.com\\\/sl\\\/real-estate\\\/porec-flat-with-sea-view-in-a-great-location\\\/\",\"name\":\"Pore\\u010d | Flat with sea view in a great location\",\"description\":\"An flat for sale in Pore\\u010d in an excellent position with a view of the sea. The total area of the property is 84 m\\u00b2. The flat has an area of 58 m\\u00b2...\",\"inLanguage\":\"sl-SI\",\"isPartOf\":{\"@id\":\"https:\\\/\\\/www.vista-pro.com\\\/sl\\\/#website\"},\"breadcrumb\":{\"@id\":\"https:\\\/\\\/www.vista-pro.com\\\/sl\\\/real-estate\\\/porec-flat-with-sea-view-in-a-great-location\\\/#breadcrumblist\"},\"author\":{\"@id\":\"https:\\\/\\\/www.vista-pro.com\\\/sl\\\/author\\\/agency\\\/#author\"},\"creator\":{\"@id\":\"https:\\\/\\\/www.vista-pro.com\\\/sl\\\/author\\\/agency\\\/#author\"},\"image\":{\"@type\":\"ImageObject\",\"url\":\"https:\\\/\\\/cdn.vista-pro.com\\\/wp-content\\\/uploads\\\/2024\\\/02\\\/porec-flat-with-sea-view-in-a-great-location-8.jpg?strip=all&quality=70&webp=70&avif=70&sharp=1\",\"@id\":\"https:\\\/\\\/www.vista-pro.com\\\/sl\\\/real-estate\\\/porec-flat-with-sea-view-in-a-great-location\\\/#mainImage\",\"width\":2160,\"height\":1440,\"caption\":\"porec flat with sea view in a great location\"},\"primaryImageOfPage\":{\"@id\":\"https:\\\/\\\/www.vista-pro.com\\\/sl\\\/real-estate\\\/porec-flat-with-sea-view-in-a-great-location\\\/#mainImage\"},\"datePublished\":\"2024-02-21T01:40:53+02:00\",\"dateModified\":\"2024-02-21T01:40:53+02:00\",\"datePosted\":\"2024-02-21T01:40:53+02:00\"},{\"@type\":\"WebPage\",\"@id\":\"https:\\\/\\\/www.vista-pro.com\\\/sl\\\/real-estate\\\/porec-flat-with-sea-view-in-a-great-location\\\/#webpage\",\"url\":\"https:\\\/\\\/www.vista-pro.com\\\/sl\\\/real-estate\\\/porec-flat-with-sea-view-in-a-great-location\\\/\",\"name\":\"Pore\\u010d | Flat with sea view in a great location\",\"description\":\"An flat for sale in Pore\\u010d in an excellent position with a view of the sea. The total area of the property is 84 m\\u00b2. The flat has an area of 58 m\\u00b2...\",\"inLanguage\":\"sl-SI\",\"isPartOf\":{\"@id\":\"https:\\\/\\\/www.vista-pro.com\\\/sl\\\/#website\"},\"breadcrumb\":{\"@id\":\"https:\\\/\\\/www.vista-pro.com\\\/sl\\\/real-estate\\\/porec-flat-with-sea-view-in-a-great-location\\\/#breadcrumblist\"},\"author\":{\"@id\":\"https:\\\/\\\/www.vista-pro.com\\\/sl\\\/author\\\/agency\\\/#author\"},\"creator\":{\"@id\":\"https:\\\/\\\/www.vista-pro.com\\\/sl\\\/author\\\/agency\\\/#author\"},\"image\":{\"@type\":\"ImageObject\",\"url\":\"https:\\\/\\\/cdn.vista-pro.com\\\/wp-content\\\/uploads\\\/2024\\\/02\\\/porec-flat-with-sea-view-in-a-great-location-8.jpg?strip=all&quality=70&webp=70&avif=70&sharp=1\",\"@id\":\"https:\\\/\\\/www.vista-pro.com\\\/sl\\\/real-estate\\\/porec-flat-with-sea-view-in-a-great-location\\\/#mainImage\",\"width\":2160,\"height\":1440,\"caption\":\"porec flat with sea view in a great location\"},\"primaryImageOfPage\":{\"@id\":\"https:\\\/\\\/www.vista-pro.com\\\/sl\\\/real-estate\\\/porec-flat-with-sea-view-in-a-great-location\\\/#mainImage\"},\"datePublished\":\"2024-02-21T01:40:53+02:00\",\"dateModified\":\"2024-02-21T01:40:53+02:00\"},{\"@type\":\"WebSite\",\"@id\":\"https:\\\/\\\/www.vista-pro.com\\\/sl\\\/#website\",\"url\":\"https:\\\/\\\/www.vista-pro.com\\\/sl\\\/\",\"name\":\"Vista Pro | Real Estate Istria\",\"alternateName\":\"Vista Pro Network | Real Estate\",\"description\":\"Vista Pro Network | Real Estate | Istria | Umag Buje Novigrad Porec Rovinj\",\"inLanguage\":\"sl-SI\",\"publisher\":{\"@id\":\"https:\\\/\\\/www.vista-pro.com\\\/sl\\\/#organization\"}}]}\n\t\t<\/script>\n\t\t<!-- All in One SEO Pro -->\r\n\t\t<title>Pore\u010d | Flat with sea view in a great location<\/title>\n\n","aioseo_head_json":{"title":"Pore\u010d | Stanovanje s pogledom na morje na odli\u010dni lokaciji","description":"Prodamo stanovanje v Pore\u010du na odli\u010dni lokaciji s pogledom na morje. Skupna povr\u0161ina nepremi\u010dnine je 84 m\u00b2. Stanovanje meri 58 m\u00b2...","canonical_url":"https:\/\/www.vista-pro.com\/sl\/real-estate\/porec-flat-with-sea-view-in-a-great-location\/","robots":"max-image-preview:large","keywords":"","webmasterTools":{"google-site-verification":"4oFqZzmLWcyWIMy4eA-JPvOMpUyQMlWKGExznAh2ivE","msvalidate.01":"ce086a5b504f44708dc7e1183b682878","yandex-verification":"6797e2747f288a3d","miscellaneous":""},"schema":{"@context":"https:\/\/schema.org","@graph":[{"@type":"BreadcrumbList","@id":"https:\/\/www.vista-pro.com\/sl\/real-estate\/porec-flat-with-sea-view-in-a-great-location\/#breadcrumblist","itemListElement":[{"@type":"ListItem","@id":"https:\/\/www.vista-pro.com\/sl#listItem","position":1,"name":"Home","item":"https:\/\/www.vista-pro.com\/sl","nextItem":{"@type":"ListItem","@id":"https:\/\/www.vista-pro.com\/sl\/real-estate\/#listItem","name":"Properties"}},{"@type":"ListItem","@id":"https:\/\/www.vista-pro.com\/sl\/real-estate\/#listItem","position":2,"name":"Properties","item":"https:\/\/www.vista-pro.com\/sl\/real-estate\/","nextItem":{"@type":"ListItem","@id":"https:\/\/www.vista-pro.com\/sl\/real-estate-type\/residential-real-estate\/#listItem","name":"Residential Real Estate"},"previousItem":{"@type":"ListItem","@id":"https:\/\/www.vista-pro.com\/sl#listItem","name":"Home"}},{"@type":"ListItem","@id":"https:\/\/www.vista-pro.com\/sl\/real-estate-type\/residential-real-estate\/#listItem","position":3,"name":"Residential Real Estate","item":"https:\/\/www.vista-pro.com\/sl\/real-estate-type\/residential-real-estate\/","nextItem":{"@type":"ListItem","@id":"https:\/\/www.vista-pro.com\/sl\/real-estate-type\/flat\/#listItem","name":"Flat"},"previousItem":{"@type":"ListItem","@id":"https:\/\/www.vista-pro.com\/sl\/real-estate\/#listItem","name":"Properties"}},{"@type":"ListItem","@id":"https:\/\/www.vista-pro.com\/sl\/real-estate-type\/flat\/#listItem","position":4,"name":"Flat","item":"https:\/\/www.vista-pro.com\/sl\/real-estate-type\/flat\/","nextItem":{"@type":"ListItem","@id":"https:\/\/www.vista-pro.com\/sl\/real-estate\/porec-flat-with-sea-view-in-a-great-location\/#listItem","name":"Pore\u010d | Flat with sea view in a great location"},"previousItem":{"@type":"ListItem","@id":"https:\/\/www.vista-pro.com\/sl\/real-estate-type\/residential-real-estate\/#listItem","name":"Residential Real Estate"}},{"@type":"ListItem","@id":"https:\/\/www.vista-pro.com\/sl\/real-estate\/porec-flat-with-sea-view-in-a-great-location\/#listItem","position":5,"name":"Pore\u010d | Flat with sea view in a great location","previousItem":{"@type":"ListItem","@id":"https:\/\/www.vista-pro.com\/sl\/real-estate-type\/flat\/#listItem","name":"Flat"}}]},{"@type":"Organization","@id":"https:\/\/www.vista-pro.com\/sl\/#organization","name":"Vista Pro Network | Real Estate | Istria | Umag Buje Novigrad Porec Rovinj","description":"Vista Pro Network | Real Estate | Istria | Umag Buje Novigrad Porec Rovinj","url":"https:\/\/www.vista-pro.com\/sl\/","email":"info@vista-pro.com","telephone":"+385915127282","logo":{"@type":"ImageObject","url":"https:\/\/vista-pro.com\/wp-content\/uploads\/2022\/05\/logo-b.png","@id":"https:\/\/www.vista-pro.com\/sl\/real-estate\/porec-flat-with-sea-view-in-a-great-location\/#organizationLogo"},"image":{"@id":"https:\/\/www.vista-pro.com\/sl\/real-estate\/porec-flat-with-sea-view-in-a-great-location\/#organizationLogo"},"sameAs":["https:\/\/facebook.com\/vistapronetwork","https:\/\/x.com\/vistapronetwork","https:\/\/instagram.com\/vistapronetwork","https:\/\/pinterest.com\/vistapronetwork","https:\/\/youtube.com\/@vistapronetwork","https:\/\/linkedin.com\/in\/vistapronetwork"],"address":{"@id":"https:\/\/www.vista-pro.com\/sl\/#postaladdress","@type":"PostalAddress","streetAddress":"Vladimir Nazor 5,","postalCode":"52470","addressLocality":"Umag","addressRegion":"Istria","addressCountry":"HR"},"vatID":"HR30117654631"},{"@type":"Person","@id":"https:\/\/www.vista-pro.com\/sl\/author\/agency\/#author","url":"https:\/\/www.vista-pro.com\/sl\/author\/agency\/","name":"Vista Pro Network"},{"@type":"RealEstateListing","@id":"https:\/\/www.vista-pro.com\/sl\/real-estate\/porec-flat-with-sea-view-in-a-great-location\/#realestatelisting","url":"https:\/\/www.vista-pro.com\/sl\/real-estate\/porec-flat-with-sea-view-in-a-great-location\/","name":"Pore\u010d | Flat with sea view in a great location","description":"An flat for sale in Pore\u010d in an excellent position with a view of the sea. The total area of the property is 84 m\u00b2. The flat has an area of 58 m\u00b2...","inLanguage":"sl-SI","isPartOf":{"@id":"https:\/\/www.vista-pro.com\/sl\/#website"},"breadcrumb":{"@id":"https:\/\/www.vista-pro.com\/sl\/real-estate\/porec-flat-with-sea-view-in-a-great-location\/#breadcrumblist"},"author":{"@id":"https:\/\/www.vista-pro.com\/sl\/author\/agency\/#author"},"creator":{"@id":"https:\/\/www.vista-pro.com\/sl\/author\/agency\/#author"},"image":{"@type":"ImageObject","url":"https:\/\/cdn.vista-pro.com\/wp-content\/uploads\/2024\/02\/porec-flat-with-sea-view-in-a-great-location-8.jpg?strip=all&quality=70&webp=70&avif=70&sharp=1","@id":"https:\/\/www.vista-pro.com\/sl\/real-estate\/porec-flat-with-sea-view-in-a-great-location\/#mainImage","width":2160,"height":1440,"caption":"porec flat with sea view in a great location"},"primaryImageOfPage":{"@id":"https:\/\/www.vista-pro.com\/sl\/real-estate\/porec-flat-with-sea-view-in-a-great-location\/#mainImage"},"datePublished":"2024-02-21T01:40:53+02:00","dateModified":"2024-02-21T01:40:53+02:00","datePosted":"2024-02-21T01:40:53+02:00"},{"@type":"WebPage","@id":"https:\/\/www.vista-pro.com\/sl\/real-estate\/porec-flat-with-sea-view-in-a-great-location\/#webpage","url":"https:\/\/www.vista-pro.com\/sl\/real-estate\/porec-flat-with-sea-view-in-a-great-location\/","name":"Pore\u010d | Flat with sea view in a great location","description":"An flat for sale in Pore\u010d in an excellent position with a view of the sea. The total area of the property is 84 m\u00b2. The flat has an area of 58 m\u00b2...","inLanguage":"sl-SI","isPartOf":{"@id":"https:\/\/www.vista-pro.com\/sl\/#website"},"breadcrumb":{"@id":"https:\/\/www.vista-pro.com\/sl\/real-estate\/porec-flat-with-sea-view-in-a-great-location\/#breadcrumblist"},"author":{"@id":"https:\/\/www.vista-pro.com\/sl\/author\/agency\/#author"},"creator":{"@id":"https:\/\/www.vista-pro.com\/sl\/author\/agency\/#author"},"image":{"@type":"ImageObject","url":"https:\/\/cdn.vista-pro.com\/wp-content\/uploads\/2024\/02\/porec-flat-with-sea-view-in-a-great-location-8.jpg?strip=all&quality=70&webp=70&avif=70&sharp=1","@id":"https:\/\/www.vista-pro.com\/sl\/real-estate\/porec-flat-with-sea-view-in-a-great-location\/#mainImage","width":2160,"height":1440,"caption":"porec flat with sea view in a great location"},"primaryImageOfPage":{"@id":"https:\/\/www.vista-pro.com\/sl\/real-estate\/porec-flat-with-sea-view-in-a-great-location\/#mainImage"},"datePublished":"2024-02-21T01:40:53+02:00","dateModified":"2024-02-21T01:40:53+02:00"},{"@type":"WebSite","@id":"https:\/\/www.vista-pro.com\/sl\/#website","url":"https:\/\/www.vista-pro.com\/sl\/","name":"Vista Pro | Real Estate Istria","alternateName":"Vista Pro Network | Real Estate","description":"Vista Pro Network | Real Estate | Istria | Umag Buje Novigrad Porec Rovinj","inLanguage":"sl-SI","publisher":{"@id":"https:\/\/www.vista-pro.com\/sl\/#organization"}}]},"og:locale":"sl_SI","og:site_name":"Vista Pro | Real Estate Istria","og:type":"article","og:title":"Pore\u010d | Flat with sea view in a great location","og:description":"An flat for sale in Pore\u010d in an excellent position with a view of the sea. The total area of the property is 84 m\u00b2. The flat has an area of 58 m\u00b2...","og:url":"https:\/\/www.vista-pro.com\/sl\/real-estate\/porec-flat-with-sea-view-in-a-great-location\/","fb:app_id":"251215160915905","og:image":"https:\/\/www.vista-pro.com\/wp-content\/uploads\/2024\/02\/porec-flat-with-sea-view-in-a-great-location-8.jpg","og:image:secure_url":"https:\/\/www.vista-pro.com\/wp-content\/uploads\/2024\/02\/porec-flat-with-sea-view-in-a-great-location-8.jpg","og:image:width":2160,"og:image:height":1440,"article:published_time":"2024-02-20T23:40:53+00:00","article:modified_time":"2024-02-20T23:40:53+00:00","article:publisher":"https:\/\/facebook.com\/vistapronetwork","twitter:card":"summary_large_image","twitter:site":"@vistapronetwork","twitter:title":"Pore\u010d | Flat with sea view in a great location","twitter:description":"An flat for sale in Pore\u010d in an excellent position with a view of the sea. The total area of the property is 84 m\u00b2. The flat has an area of 58 m\u00b2...","twitter:creator":"@vistapronetwork","twitter:image":"https:\/\/www.vista-pro.com\/wp-content\/uploads\/2024\/02\/porec-flat-with-sea-view-in-a-great-location-8.jpg","twitter:label1":"Avtor","twitter:data1":"Vista Pro Network","twitter:label2":"Predviden \u010das branja","twitter:data2":"1 minuta"},"aioseo_meta_data":{"post_id":"28548","title":"#naslov_objave","description":"Prodamo stanovanje v Pore\u010du na odli\u010dni lokaciji s pogledom na morje. Skupna povr\u0161ina nepremi\u010dnine je 84 m\u00b2. Stanovanje meri 58 m\u00b2...","keywords":[],"keyphrases":{"focus":{"keyphrase":"Pore\u010d","score":83,"analysis":{"keyphraseInTitle":{"score":9,"maxScore":9,"error":0},"keyphraseInDescription":{"score":9,"maxScore":9,"error":0},"keyphraseLength":{"score":9,"maxScore":9,"error":0,"length":1},"keyphraseInURL":{"score":1,"maxScore":5,"error":1},"keyphraseInIntroduction":{"score":3,"maxScore":9,"error":1},"keyphraseInSubHeadings":{"score":9,"maxScore":9,"error":0},"keyphraseInImageAlt":[],"keywordDensity":{"type":"best","score":9,"maxScore":9,"error":0}}},"additional":[{"keyphrase":"flat","score":58,"analysis":{"keyphraseInDescription":{"score":9,"maxScore":9,"error":0},"keyphraseLength":{"score":9,"maxScore":9,"error":0,"length":1},"keyphraseInIntroduction":{"score":3,"maxScore":9,"error":1},"keyphraseInImageAlt":[],"keywordDensity":{"type":"high","score":0,"maxScore":9,"error":1}}}]},"primary_term":null,"canonical_url":null,"og_title":null,"og_description":null,"og_object_type":"default","og_image_type":"default","og_image_url":null,"og_image_width":null,"og_image_height":null,"og_image_custom_url":null,"og_image_custom_fields":null,"og_video":"","og_custom_url":null,"og_article_section":null,"og_article_tags":[],"twitter_use_og":true,"twitter_card":"default","twitter_image_type":"default","twitter_image_url":null,"twitter_image_custom_url":null,"twitter_image_custom_fields":null,"twitter_title":null,"twitter_description":null,"schema":{"blockGraphs":[],"customGraphs":[],"default":{"data":{"Article":[],"Course":[],"Dataset":[],"FAQPage":[],"Movie":[],"Person":[],"Product":[],"ProductReview":[],"Car":[],"Recipe":[],"Service":[],"SoftwareApplication":[],"WebPage":[]},"graphName":"RealEstateListing","isEnabled":true},"graphs":[]},"schema_type":"default","schema_type_options":null,"pillar_content":false,"robots_default":true,"robots_noindex":false,"robots_noarchive":false,"robots_nosnippet":false,"robots_nofollow":false,"robots_noimageindex":false,"robots_noodp":false,"robots_notranslate":false,"robots_max_snippet":"-1","robots_max_videopreview":"-1","robots_max_imagepreview":"large","priority":null,"frequency":"default","local_seo":null,"seo_analyzer_scan_date":"2025-12-19 18:54:16","breadcrumb_settings":null,"limit_modified_date":false,"open_ai":"{\"title\":{\"suggestions\":[],\"usage\":0},\"description\":{\"suggestions\":[],\"usage\":0}}","ai":null,"created":"2024-02-20 16:21:26","updated":"2025-12-19 18:54:16"},"aioseo_breadcrumb":"<div class=\"aioseo-breadcrumbs\"><span class=\"aioseo-breadcrumb\">\n\t<a href=\"https:\/\/www.vista-pro.com\/sl\" title=\"Home\">Home<\/a>\n<\/span><span class=\"aioseo-breadcrumb-separator\">|<\/span><span class=\"aioseo-breadcrumb\">\n\t<a href=\"https:\/\/www.vista-pro.com\/sl\/real-estate\/\" title=\"Properties\">Properties<\/a>\n<\/span><span class=\"aioseo-breadcrumb-separator\">|<\/span><span class=\"aioseo-breadcrumb\">\n\t<a href=\"https:\/\/www.vista-pro.com\/sl\/real-estate-type\/residential-real-estate\/\" title=\"Residential Real Estate\">Residential Real Estate<\/a>\n<\/span><span class=\"aioseo-breadcrumb-separator\">|<\/span><span class=\"aioseo-breadcrumb\">\n\t<a href=\"https:\/\/www.vista-pro.com\/sl\/real-estate-type\/flat\/\" title=\"Flat\">Flat<\/a>\n<\/span><span class=\"aioseo-breadcrumb-separator\">|<\/span><span class=\"aioseo-breadcrumb\">\n\tPore\u010d | Flat with sea view in a great location\n<\/span><\/div>","aioseo_breadcrumb_json":[{"label":"Home","link":"https:\/\/www.vista-pro.com\/sl"},{"label":"Properties","link":"https:\/\/www.vista-pro.com\/sl\/real-estate\/"},{"label":"Residential Real Estate","link":"https:\/\/www.vista-pro.com\/sl\/real-estate-type\/residential-real-estate\/"},{"label":"Flat","link":"https:\/\/www.vista-pro.com\/sl\/real-estate-type\/flat\/"},{"label":"Pore\u010d | Flat with sea view in a great location","link":"https:\/\/www.vista-pro.com\/sl\/real-estate\/porec-flat-with-sea-view-in-a-great-location\/"}],"_links":{"self":[{"href":"https:\/\/www.vista-pro.com\/sl\/wp-json\/wp\/v2\/properties\/28548","targetHints":{"allow":["GET"]}}],"collection":[{"href":"https:\/\/www.vista-pro.com\/sl\/wp-json\/wp\/v2\/properties"}],"about":[{"href":"https:\/\/www.vista-pro.com\/sl\/wp-json\/wp\/v2\/types\/property"}],"author":[{"embeddable":true,"href":"https:\/\/www.vista-pro.com\/sl\/wp-json\/wp\/v2\/users\/22"}],"version-history":[{"count":0,"href":"https:\/\/www.vista-pro.com\/sl\/wp-json\/wp\/v2\/properties\/28548\/revisions"}],"wp:featuredmedia":[{"embeddable":true,"href":"https:\/\/www.vista-pro.com\/sl\/wp-json\/wp\/v2\/media\/28595"}],"wp:attachment":[{"href":"https:\/\/www.vista-pro.com\/sl\/wp-json\/wp\/v2\/media?parent=28548"}],"wp:term":[{"taxonomy":"property_type","embeddable":true,"href":"https:\/\/www.vista-pro.com\/sl\/wp-json\/wp\/v2\/property_type?post=28548"},{"taxonomy":"property_status","embeddable":true,"href":"https:\/\/www.vista-pro.com\/sl\/wp-json\/wp\/v2\/property_status?post=28548"},{"taxonomy":"property_feature","embeddable":true,"href":"https:\/\/www.vista-pro.com\/sl\/wp-json\/wp\/v2\/property_feature?post=28548"},{"taxonomy":"property_label","embeddable":true,"href":"https:\/\/www.vista-pro.com\/sl\/wp-json\/wp\/v2\/property_label?post=28548"},{"taxonomy":"property_country","embeddable":true,"href":"https:\/\/www.vista-pro.com\/sl\/wp-json\/wp\/v2\/property_country?post=28548"},{"taxonomy":"property_state","embeddable":true,"href":"https:\/\/www.vista-pro.com\/sl\/wp-json\/wp\/v2\/property_state?post=28548"},{"taxonomy":"property_city","embeddable":true,"href":"https:\/\/www.vista-pro.com\/sl\/wp-json\/wp\/v2\/property_city?post=28548"},{"taxonomy":"property_area","embeddable":true,"href":"https:\/\/www.vista-pro.com\/sl\/wp-json\/wp\/v2\/property_area?post=28548"},{"taxonomy":"author","embeddable":true,"href":"https:\/\/www.vista-pro.com\/sl\/wp-json\/wp\/v2\/ppma_author?post=28548"}],"curies":[{"name":"delovni list","href":"https:\/\/api.w.org\/{rel}","templated":true}]}}